{"id":1176,"date":"2023-09-28T11:28:24","date_gmt":"2023-09-28T09:28:24","guid":{"rendered":"https:\/\/www.camping-eleovic.com\/surroundings-pornic\/"},"modified":"2025-10-30T16:16:19","modified_gmt":"2025-10-30T15:16:19","slug":"surroundings-pornic","status":"publish","type":"page","link":"https:\/\/www.camping-eleovic.com\/en\/surroundings-pornic\/","title":{"rendered":"Tourism"},"content":{"rendered":"\n<div class=\"wp-block-cover alignfull is-light\"><span aria-hidden=\"true\" class=\"wp-block-cover__background has-background-dim\"><\/span><img decoding=\"async\" width=\"1870\" height=\"560\" class=\"wp-block-cover__image-background wp-image-549\" alt=\"\" src=\"https:\/\/www.camping-eleovic.com\/wp-content\/uploads\/2023\/08\/pornic-2095556_1920-1870x560-1.jpg\" data-object-fit=\"cover\" srcset=\"https:\/\/www.camping-eleovic.com\/wp-content\/uploads\/2023\/08\/pornic-2095556_1920-1870x560-1.jpg 1870w, https:\/\/www.camping-eleovic.com\/wp-content\/uploads\/2023\/08\/pornic-2095556_1920-1870x560-1-300x90.jpg 300w, https:\/\/www.camping-eleovic.com\/wp-content\/uploads\/2023\/08\/pornic-2095556_1920-1870x560-1-1024x307.jpg 1024w, https:\/\/www.camping-eleovic.com\/wp-content\/uploads\/2023\/08\/pornic-2095556_1920-1870x560-1-768x230.jpg 768w, https:\/\/www.camping-eleovic.com\/wp-content\/uploads\/2023\/08\/pornic-2095556_1920-1870x560-1-1536x460.jpg 1536w\" sizes=\"(max-width: 1870px) 100vw, 1870px\" title=\"\"><div class=\"wp-block-cover__inner-container\">\n<p class=\"has-text-align-center\"><\/p>\n<\/div><\/div>\n\n\n\n<div class=\"is-layout-constrained wp-block-group\">  <div class=\"sc-searchbar wp-block-buttons\">\r\n    <div class=\"wp-block-button btn_resa show-mob\">\r\n      <a class=\"wp-block-button__link wp-element-button\"><span class=\"fc-icon\" style=\"width:30px; height:30px\"><svg xmlns=\"http:\/\/www.w3.org\/2000\/svg\" viewBox=\"0 0 512 512\"><!--! Font Awesome Pro 6.4.0 by @fontawesome - https:\/\/fontawesome.com License - https:\/\/fontawesome.com\/license (Commercial License) Copyright 2023 Fonticons, Inc. --><path d=\"M384 208A176 176 0 1 0 32 208a176 176 0 1 0 352 0zM343.3 366C307 397.2 259.7 416 208 416C93.1 416 0 322.9 0 208S93.1 0 208 0S416 93.1 416 208c0 51.7-18.8 99-50 135.3L507.3 484.7c6.2 6.2 6.2 16.4 0 22.6s-16.4 6.2-22.6 0L343.3 366z\"><\/path><\/svg><\/span> Book your stay<\/a>\r\n    <\/div>\r\n  <\/div>\r\n  \n<\/div>\n\n\n\n<div class=\"is-layout-flex wp-container-3 wp-block-columns\">\n<div class=\"is-layout-flow wp-block-column deco--family\">\n<h1 class=\"has-text-align-center\">Visit Pr\u00e9failles and the surrounding area <span class=\"fc-span\">in Loire-Atlantique<\/span><\/h1>\n\n\n\n<ul class=\"pictos centre\">\n<li><span class=\"fc-icon\" style=\"width:30px; height:30px\"><svg xmlns=\"http:\/\/www.w3.org\/2000\/svg\" viewBox=\"0 0 576 512\"><!--! Font Awesome Pro 6.4.0 by @fontawesome - https:\/\/fontawesome.com License - https:\/\/fontawesome.com\/license (Commercial License) Copyright 2023 Fonticons, Inc. --><path d=\"M471.6 99.4c46.8 45.1 72.2 109 68.3 174.7l-86.3-31.4c15.2-43.2 21.6-89 18.9-134.8c-.2-2.9-.5-5.7-.9-8.5zM402.8 54.3c21.7 10.1 36.3 31.4 37.7 55.6c2.5 41.4-3.3 82.8-17 121.9l-167.6-61c14.6-38.8 36.9-74.2 65.3-104.3c17.5-18.5 44.1-25.2 68.2-17.3c1.1 .4 2.2 .8 3.3 1.2c3.4 1.2 6.7 2.5 10 3.9zm-3.1-35.4c-109.8-38-228.4 3.2-292.6 94c-11.1 15.7-2.8 36.8 15.3 43.4l92.4 33.6 0 0L245 200.9l167.6 61 30.1 10.9 0 0 89.1 32.4c18.1 6.6 38-4.2 39.6-23.4c9-108.1-52-213.2-155.6-256.9c-2.4-1.1-4.9-2.1-7.4-3l-5.9-2.1c-.9-.3-1.8-.6-2.7-.9zM305.9 37c-2.7 2.3-5.4 4.8-7.9 7.5c-31.5 33.3-56 72.5-72.2 115.4l-89.6-32.6C176.5 73 239.2 40.1 305.9 37zM16 480c-8.8 0-16 7.2-16 16s7.2 16 16 16H560c8.8 0 16-7.2 16-16s-7.2-16-16-16H253.4l77.8-213.7-30.1-10.9L219.4 480H16z\"\/><\/svg><\/span> <a href=\"#plages\">Beaches<\/a><\/li>\n\n\n\n<li><span class=\"fc-icon\" style=\"width:30px; height:30px\"><svg xmlns=\"http:\/\/www.w3.org\/2000\/svg\" viewBox=\"0 0 640 512\"><!--! Font Awesome Pro 6.4.0 by @fontawesome - https:\/\/fontawesome.com License - https:\/\/fontawesome.com\/license (Commercial License) Copyright 2023 Fonticons, Inc. --><path d=\"M392 32a24 24 0 1 1 0 48 24 24 0 1 1 0-48zm0 80A56 56 0 1 0 392 0a56 56 0 1 0 0 112zM224 384A96 96 0 1 1 32 384a96 96 0 1 1 192 0zM128 256a128 128 0 1 0 0 256 128 128 0 1 0 0-256zM608 384a96 96 0 1 1 -192 0 96 96 0 1 1 192 0zM512 256a128 128 0 1 0 0 256 128 128 0 1 0 0-256zM309.1 166.4c6.1-5.2 15.1-5.1 21.1 .3l59.1 53.2c2.9 2.6 6.8 4.1 10.7 4.1h80c8.8 0 16-7.2 16-16s-7.2-16-16-16H406.1l-54.5-49.1c-17.9-16.1-45-16.5-63.3-.8l-59.1 50.6c-23.9 20.5-21.9 58.1 4 76L320 328.4V416c0 8.8 7.2 16 16 16s16-7.2 16-16V320c0-5.3-2.6-10.2-6.9-13.2l-93.7-64.4c-8.7-6-9.3-18.5-1.3-25.3l59.1-50.6z\"\/><\/svg><\/span> <a href=\"#velo\">Cycle paths<br>and hiking<\/a><\/li>\n\n\n\n<li><span class=\"fc-icon\" style=\"width:30px; height:30px\"><svg xmlns=\"http:\/\/www.w3.org\/2000\/svg\" viewBox=\"0 0 448 512\"><!--! Font Awesome Pro 6.4.0 by @fontawesome - https:\/\/fontawesome.com License - https:\/\/fontawesome.com\/license (Commercial License) Copyright 2023 Fonticons, Inc. --><path d=\"M280.4 32c-4 0-7.9 .6-11.7 1.8L204.2 53.6C130.4 76.3 80 144.5 80 221.8V288h8c22.1 0 40 17.9 40 40V472c0 22.1-17.9 40-40 40H40c-22.1 0-40-17.9-40-40V328c0-22.1 17.9-40 40-40h8V221.8C48 130.5 107.6 49.9 194.8 23L259.3 3.2C266.1 1.1 273.2 0 280.4 0C319.9 0 352 32.1 352 71.6V136c0 8.8-7.2 16-16 16s-16-7.2-16-16V71.6C320 49.7 302.3 32 280.4 32zm48.5 145.7c4.5-2.3 9.8-2.3 14.3 0c17.9 8.9 43.7 27.1 65.2 53.4C430 257.5 448 292.9 448 336c0 33.5-15.1 80.9-58.2 115.8l23.5 35.3c3.3 4.9 3.6 11.2 .8 16.4s-8.2 8.5-14.1 8.5H272c-5.9 0-11.3-3.2-14.1-8.5s-2.5-11.5 .8-16.4l23.5-35.3C239.1 416.9 224 369.5 224 336c0-43.1 18-78.5 39.6-104.9c21.5-26.3 47.4-44.4 65.2-53.4zM256 336c0 27.3 13.9 70 56.9 98.7c7.4 4.9 9.3 14.8 4.4 22.2L301.9 480h68.2l-15.4-23.1c-4.9-7.4-2.9-17.3 4.4-22.2C402.1 406 416 363.3 416 336c0-33.7-14-62.3-32.4-84.7c-15.6-19-33.8-33-47.6-41.1c-13.8 8.1-32 22.1-47.6 41.1C270 273.7 256 302.3 256 336zM88 320H40c-4.4 0-8 3.6-8 8V472c0 4.4 3.6 8 8 8H88c4.4 0 8-3.6 8-8V328c0-4.4-3.6-8-8-8zm272-32a24 24 0 1 1 0 48 24 24 0 1 1 0-48z\"\/><\/svg><\/span> <a href=\"#peche\">Fishing and activities<br>nautical<\/a><\/li>\n\n\n\n<li><span class=\"fc-icon\" style=\"width:30px; height:30px\"><svg xmlns=\"http:\/\/www.w3.org\/2000\/svg\" viewBox=\"0 0 640 512\"><!--! Font Awesome Pro 6.4.0 by @fontawesome - https:\/\/fontawesome.com License - https:\/\/fontawesome.com\/license (Commercial License) Copyright 2023 Fonticons, Inc. --><path d=\"M128 40c0-22.1 17.9-40 40-40h24c22.1 0 40 17.9 40 40V64h32V40c0-22.1 17.9-40 40-40h32c22.1 0 40 17.9 40 40V64h32V40c0-22.1 17.9-40 40-40h24c22.1 0 40 17.9 40 40V224h32V200c0-22.1 17.9-40 40-40h16c22.1 0 40 17.9 40 40V432c0 44.2-35.8 80-80 80H80c-44.2 0-80-35.8-80-80V200c0-22.1 17.9-40 40-40H56c22.1 0 40 17.9 40 40v24h32V40zm40-8c-4.4 0-8 3.6-8 8V224H480V40c0-4.4-3.6-8-8-8H448c-4.4 0-8 3.6-8 8V80c0 8.8-7.2 16-16 16H360c-8.8 0-16-7.2-16-16V40c0-4.4-3.6-8-8-8H304c-4.4 0-8 3.6-8 8V80c0 8.8-7.2 16-16 16H216c-8.8 0-16-7.2-16-16V40c0-4.4-3.6-8-8-8H168zM496 256H144 80c-8.8 0-16-7.2-16-16V200c0-4.4-3.6-8-8-8H40c-4.4 0-8 3.6-8 8V432c0 26.5 21.5 48 48 48H224V400c0-53 43-96 96-96s96 43 96 96v80H560c26.5 0 48-21.5 48-48V200c0-4.4-3.6-8-8-8H584c-4.4 0-8 3.6-8 8v40c0 8.8-7.2 16-16 16H496zM384 400c0-35.3-28.7-64-64-64s-64 28.7-64 64v80H384V400z\"\/><\/svg><\/span> <a href=\"#culture\">Cultural tours<\/a><\/li>\n\n\n\n<li><span class=\"fc-icon\" style=\"width:30px; height:30px\"><svg xmlns=\"http:\/\/www.w3.org\/2000\/svg\" viewBox=\"0 0 576 512\"><!--! Font Awesome Pro 6.4.0 by @fontawesome - https:\/\/fontawesome.com License - https:\/\/fontawesome.com\/license (Commercial License) Copyright 2023 Fonticons, Inc. --><path d=\"M133.8 106.8C150.3 118 171.1 128 192 128s41.6-9.9 58.2-21.2c9.8-6.7 18-14 25.9-21.9c6.6-6.5 17.2-6.5 23.7 0c7.9 7.9 16.2 15.2 26 21.9C342.3 118 363.1 128 384 128s41.6-9.9 58.2-21.2c9.8-6.7 18-14 25.9-21.9c6.6-6.5 17.2-6.5 23.7 0c7.9 7.9 16.2 15.2 26 21.9c12.8 8.7 28.1 16.6 44.1 19.8c7.7 1.5 14.1 7.8 14.1 15.7c0 9.8-8 17.9-17.7 16.2c-23.1-4-43.6-15-58.5-25.2c-7.9-5.4-14.7-10.8-19.8-15.3c-5.1 4.5-11.8 9.9-19.8 15.3C441.5 145.9 414.3 160 384 160s-57.6-14.1-76.2-26.8c-7.9-5.4-14.7-10.8-19.8-15.3c-5.1 4.5-11.8 9.9-19.8 15.3C249.5 145.9 222.3 160 192 160s-57.6-14.1-76.2-26.8c-7.9-5.4-14.6-10.8-19.8-15.3c-5.1 4.5-11.8 9.9-19.8 15.3c-14.9 10.2-35.4 21.2-58.5 25.2C8 160.1 0 152 0 142.2c0-7.9 6.4-14.1 14.1-15.7c15.9-3.1 31.3-11.1 44-19.8c9.8-6.7 18-14 25.9-21.9c6.6-6.5 17.2-6.6 23.8 0c7.9 7.9 16.2 15.2 25.9 21.9zm0 288C150.3 406 171.1 416 192 416s41.6-9.9 58.2-21.2c9.8-6.7 18-14 25.9-21.9c6.6-6.5 17.2-6.5 23.7 0c7.9 7.9 16.2 15.2 26 21.9C342.3 406 363.1 416 384 416s41.6-9.9 58.2-21.2c9.8-6.7 18-14 25.9-21.9c6.6-6.5 17.2-6.6 23.7 0c7.9 7.9 16.2 15.2 26 21.9c12.8 8.7 28.1 16.6 44.1 19.8c7.7 1.5 14.1 7.8 14.1 15.7c0 9.8-8 17.9-17.7 16.2c-23.1-4-43.6-15-58.5-25.2c-7.9-5.4-14.7-10.8-19.8-15.3c-5.1 4.5-11.8 9.9-19.8 15.3C441.5 433.9 414.3 448 384 448s-57.6-14.1-76.2-26.8c-7.9-5.4-14.7-10.8-19.8-15.3c-5.1 4.5-11.8 9.9-19.8 15.3C249.5 433.9 222.3 448 192 448s-57.6-14.1-76.2-26.8c-7.9-5.4-14.6-10.8-19.8-15.3c-5.1 4.5-11.8 9.9-19.8 15.3c-14.9 10.2-35.4 21.2-58.5 25.2C8 448.1 0 440 0 430.2c0-7.9 6.4-14.1 14.1-15.7c15.9-3.1 31.3-11.1 44-19.8c9.8-6.7 18-14 25.9-21.9c6.6-6.5 17.2-6.6 23.8 0c7.9 7.9 16.2 15.2 25.9 21.9zM192 272c20.9 0 41.6-9.9 58.2-21.2c9.8-6.7 18-14 25.9-21.9c6.6-6.5 17.2-6.5 23.7 0c7.9 7.9 16.2 15.2 26 21.9C342.3 262 363.1 272 384 272s41.6-9.9 58.2-21.2c9.8-6.7 18-14 25.9-21.9c6.6-6.5 17.2-6.5 23.7 0c7.9 7.9 16.2 15.2 26 21.9c12.8 8.7 28.1 16.6 44.1 19.8c7.7 1.5 14.1 7.8 14.1 15.7c0 9.8-8 17.9-17.7 16.2c-23.1-4-43.6-15-58.5-25.2c-7.9-5.4-14.7-10.8-19.8-15.3c-5.1 4.5-11.8 9.9-19.8 15.3C441.5 289.9 414.3 304 384 304s-57.6-14.1-76.2-26.8c-7.9-5.4-14.7-10.8-19.8-15.3c-5.1 4.5-11.8 9.9-19.8 15.3C249.5 289.9 222.3 304 192 304s-57.6-14.1-76.2-26.8c-7.9-5.4-14.6-10.8-19.8-15.3c-5.1 4.5-11.8 9.9-19.8 15.3c-14.9 10.2-35.4 21.2-58.5 25.2C8 304.1 0 296 0 286.2c0-7.9 6.4-14.1 14.1-15.7c15.9-3.1 31.3-11.1 44-19.8c9.8-6.7 18-14 25.9-21.9c6.6-6.5 17.2-6.6 23.8 0c7.9 7.9 16.2 15.2 25.9 21.9C150.3 262 171.1 272 192 272z\"\/><\/svg><\/span> <a href=\"#loisir\">Leisure activities<\/a><\/li>\n<\/ul>\n\n\n\n<p>During your stay at <a href=\"https:\/\/www.camping-eleovic.com\/en\/\" data-type=\"page\" data-id=\"2\">camping Eleovic<\/a>, come and discover the region&#8217;s must-sees ! Take advantage of the <strong>many cycling and hiking trails<\/strong> to discover <strong>Pointe Saint Gildas<\/strong>, a listed tourist attraction and the second most visited site in <strong>Loire-Atlantique<\/strong>, and much more besides.<\/p>\n\n\n\n<p>Discover the fascinating <strong>history of Pays de Retz. The S\u00e9maphore de Pr\u00e9failles, the Ch\u00e2teau <\/strong>and <strong>Fa\u00efencerie de Pornic <\/strong>and the <strong>Mus\u00e9e du Pays de Retz in Villeneuve-en-Retz<\/strong> are good examples of the many tours on offer to learn more about our beautiful region !<\/p>\n\n\n\n<div class=\"wp-block-fc-gut-lire-plus fc-desk\"><label class=\"has-text-align-left\"><input type=\"checkbox\">Read more<\/label>\n<p>To make your stay pleasant and memorable, the <a href=\"https:\/\/www.camping-eleovic.com\/en\/\" data-type=\"page\" data-id=\"2\">Pr\u00e9failles campsite<\/a>, near <a href=\"https:\/\/www.camping-eleovic.com\/en\/alentours\/pornic\/\" data-type=\"alentours\" data-id=\"111\">Pornic<\/a>, opens its doors to you. This <strong>4-star campsite<\/strong> enjoys a privileged location. Located 10 km from Pornic in the Loire-Atlantique region, the <strong>Eleovic campsite<\/strong> gives you direct access to the sea for endless swimming and sunbathing sessions! You&#8217;ll be amazed by your walks to <strong>Pointe Saint-Gildas<\/strong> and the <strong>C\u00f4te de Jade<\/strong>.<\/p>\n\n\n\n<p>This <strong>quiet campsite<\/strong> is all about green tourism. This <strong>campsite in the 44 region of France<\/strong> offers <a href=\"https:\/\/www.camping-eleovic.com\/en\/location-vacances-loire-atlantique-au-camping-eleovic\/\" data-type=\"page\" data-id=\"99\">accommodation<\/a> solutions to meet the needs of visitors, as well as <a href=\"https:\/\/www.camping-eleovic.com\/en\/activities-entertainment-leisure\/\" data-type=\"page\" data-id=\"105\">fun activities for young and old<\/a>. Our <strong>campsite in the Loire Atlantique region<\/strong>, with its <a href=\"https:\/\/www.camping-eleovic.com\/en\/camping-loire-atlantique-with-open-pool\/\" data-type=\"page\" data-id=\"103\">indoor swimming pool<\/a>, promises relaxation and fun all year round!<\/p>\n<\/div>\n<\/div>\n<\/div>\n\n\n\n<div class=\"is-layout-flex wp-container-8 wp-block-columns E-05\">\n<div class=\"is-layout-flow wp-block-column\">\n<figure class=\"wp-block-image size-full fc-auto\"><img decoding=\"async\" width=\"1024\" height=\"702\" src=\"https:\/\/www.camping-eleovic.com\/wp-content\/uploads\/2023\/08\/le-sixieme-reve-vCoUvo0gCwA-unsplash-1.jpg\" alt=\"\" class=\"wp-image-246\" srcset=\"https:\/\/www.camping-eleovic.com\/wp-content\/uploads\/2023\/08\/le-sixieme-reve-vCoUvo0gCwA-unsplash-1.jpg 1024w, https:\/\/www.camping-eleovic.com\/wp-content\/uploads\/2023\/08\/le-sixieme-reve-vCoUvo0gCwA-unsplash-1-300x206.jpg 300w, https:\/\/www.camping-eleovic.com\/wp-content\/uploads\/2023\/08\/le-sixieme-reve-vCoUvo0gCwA-unsplash-1-768x527.jpg 768w\" sizes=\"(max-width: 1024px) 100vw, 1024px\" title=\"\"><\/figure>\n<\/div>\n\n\n\n<div class=\"is-layout-flow wp-block-column\">\n<h2 class=\"has-text-align-center\" id=\"plages\">Discover the beaches of <span class=\"fc-span\">C\u00f4te de Jade<\/span><span class=\"fc-span\"> <\/span>and Pays du Retz<\/h2>\n\n\n\n<p class=\"has-text-align-center\"><a href=\"https:\/\/www.camping-eleovic.com\/en\/alentours\/prefailles\/\" data-type=\"alentours\" data-id=\"115\">Pr\u00e9failles<\/a> offers a <strong>natural environment along its 8 km coastline<\/strong>, with a mix of <strong>long sandy beaches and intimate coves<\/strong>. The <strong>C\u00f4te de Jade in Loire-Atlantique<\/strong> is an Eden for lovers of idyllic views:<\/p>\n\n\n\n<div class=\"wp-block-fc-gut-lire-plus fc-mob\"><label class=\"has-text-align-center\"><input type=\"checkbox\">Discover those beaches<\/label>\n<ul>\n<li> <strong>La Raise beach<\/strong> : commonly known as Anse du Sud beach, this beach is located south of <a href=\"https:\/\/www.camping-eleovic.com\/en\/alentours\/semaphore-of-pointe-saint-gildas-prefailles\/\" data-type=\"alentours\" data-id=\"1240\">Pointe Saint-Gildas<\/a> and has been awarded the Blue Flag* label. Passing this beach, you&#8217;ll reach the campsite directly. Along your walk, fill your lungs with a big bowl of iodized air.<\/li>\n\n\n\n<li>  La <strong>plage des Ch\u00e2telets<\/strong> : just 2 minutes from the campsite, this beach is just beyond La Roche Perc\u00e9e. It is surrounded by the Douaniers trail (GR8) and the V\u00e9loc\u00e9an itinerary. The shots you&#8217;ll take of the L&#8217;Isnain and S\u00e9maphore points are worthy of the greatest postcards.<\/li>\n\n\n\n<li> <strong>Port Meleu beach<\/strong> : 7 minutes from the campsite, this beach with a strong character has also been awarded the Blue Flag* label. The toddler bathing area is completely safe, leaving you free to pursue other interests. Party-goers will love the evening entertainment!<\/li>\n\n\n\n<li> <strong>Tharon beach<\/strong> : 15 minutes from the campsite. The sweetness of life and charm are guaranteed! It&#8217;s the ideal place for a change of scenery.<\/li>\n<\/ul>\n\n\n\n<p>*The <strong>Blue Flag<\/strong> is an international environmental and tourism label awarded to municipalities and marinas that make efforts in terms of environmental management.<\/p>\n<\/div>\n\n\n\n<div class=\"wp-block-fc-gut-lire-plus fc-desk\"><label class=\"has-text-align-left\"><input type=\"checkbox\">More beaches<\/label>\n<ul>\n<li>La <strong>Grande Plage* <\/strong>, 900m from the campsite: Located as close as possible to the town center, this beach offers the same services as the Port-Meleu and Anse du Sud beaches (first-aid station, public toilets and raft), as well as access for people with reduced mobility.<br>In addition to lifeguard surveillance in July and August, the Grande plage is also home to a children&#8217;s beach club and beach volleyball net (booking required).<\/li>\n\n\n\n<li><strong>Plage de la Raize<\/strong> and <strong>Plage Margareth<\/strong>, close to the campsite&#8217;s immediate vicinity: More intimate and family-friendly, these two beaches welcome you with simplicity. Close to shops and campsites, they are easy to access but not supervised in season. In addition to these five family beaches, from the wild coast to Pointe Saint-Gildas, the commune boasts numerous coves framed by cliffs and shale rock.<\/li>\n<\/ul>\n<\/div>\n\n\n\n<div class=\"is-content-justification-center is-layout-flex wp-container-5 wp-block-buttons\">\n<div class=\"wp-block-button\"><a class=\"wp-block-button__link wp-element-button\" href=\"https:\/\/www.camping-eleovic.com\/en\/galerie-media\/?galerie=alentours\"><span class=\"fc-icon\" style=\"width:30px; height:30px\"><svg xmlns=\"http:\/\/www.w3.org\/2000\/svg\" viewBox=\"0 0 512 512\"><!--! Font Awesome Pro 6.4.0 by @fontawesome - https:\/\/fontawesome.com License - https:\/\/fontawesome.com\/license (Commercial License) Copyright 2023 Fonticons, Inc. --><path d=\"M64 64C46.3 64 32 78.3 32 96V329.4l67.7-67.7c15.6-15.6 40.9-15.6 56.6 0L224 329.4 355.7 197.7c15.6-15.6 40.9-15.6 56.6 0L480 265.4V96c0-17.7-14.3-32-32-32H64zM32 374.6V416c0 17.7 14.3 32 32 32h41.4l96-96-67.7-67.7c-3.1-3.1-8.2-3.1-11.3 0L32 374.6zM389.7 220.3c-3.1-3.1-8.2-3.1-11.3 0L150.6 448H448c17.7 0 32-14.3 32-32V310.6l-90.3-90.3zM0 96C0 60.7 28.7 32 64 32H448c35.3 0 64 28.7 64 64V416c0 35.3-28.7 64-64 64H64c-35.3 0-64-28.7-64-64V96zm160 48a16 16 0 1 0 -32 0 16 16 0 1 0 32 0zm-64 0a48 48 0 1 1 96 0 48 48 0 1 1 -96 0z\"\/><\/svg><\/span>  View images<\/a><\/div>\n<\/div>\n<\/div>\n\n\n\n<div class=\"is-layout-flow wp-block-column\">\n<figure class=\"wp-block-image size-full fc-auto\"><img decoding=\"async\" width=\"1702\" height=\"2560\" src=\"https:\/\/www.camping-eleovic.com\/wp-content\/uploads\/2023\/09\/DSC_5831-scaled.jpg\" alt=\"\" class=\"wp-image-1004\" srcset=\"https:\/\/www.camping-eleovic.com\/wp-content\/uploads\/2023\/09\/DSC_5831-scaled.jpg 1702w, https:\/\/www.camping-eleovic.com\/wp-content\/uploads\/2023\/09\/DSC_5831-199x300.jpg 199w, https:\/\/www.camping-eleovic.com\/wp-content\/uploads\/2023\/09\/DSC_5831-681x1024.jpg 681w, https:\/\/www.camping-eleovic.com\/wp-content\/uploads\/2023\/09\/DSC_5831-768x1155.jpg 768w, https:\/\/www.camping-eleovic.com\/wp-content\/uploads\/2023\/09\/DSC_5831-1021x1536.jpg 1021w, https:\/\/www.camping-eleovic.com\/wp-content\/uploads\/2023\/09\/DSC_5831-1362x2048.jpg 1362w\" sizes=\"(max-width: 1702px) 100vw, 1702px\" title=\"\"><\/figure>\n<\/div>\n<\/div>\n\n\n\n<div class=\"is-layout-flex wp-container-15 wp-block-columns alignfull E-10 deco--brush-top reverse-mob has-beige-background-color has-background\">\n<div class=\"is-layout-flow wp-block-column\">\n<figure class=\"is-layout-flex wp-block-gallery-9 wp-block-gallery has-nested-images columns-1 is-cropped fc-diapo fc-full\">\n<figure class=\"wp-block-image size-full fc-auto\"><img decoding=\"async\" width=\"1079\" height=\"720\" src=\"https:\/\/www.camping-eleovic.com\/wp-content\/uploads\/2023\/09\/1000006886.jpg\" alt=\"\" class=\"wp-image-853\" srcset=\"https:\/\/www.camping-eleovic.com\/wp-content\/uploads\/2023\/09\/1000006886.jpg 1079w, https:\/\/www.camping-eleovic.com\/wp-content\/uploads\/2023\/09\/1000006886-300x200.jpg 300w, https:\/\/www.camping-eleovic.com\/wp-content\/uploads\/2023\/09\/1000006886-1024x683.jpg 1024w, https:\/\/www.camping-eleovic.com\/wp-content\/uploads\/2023\/09\/1000006886-768x512.jpg 768w\" sizes=\"(max-width: 1079px) 100vw, 1079px\" title=\"\"><\/figure>\n\n\n\n<figure class=\"wp-block-image size-full fc-auto\"><img decoding=\"async\" width=\"1836\" height=\"1259\" src=\"https:\/\/www.camping-eleovic.com\/wp-content\/uploads\/2023\/08\/darion-queen-cJJOxJs1q8I-unsplash-1.jpg\" alt=\"\" class=\"wp-image-744\" srcset=\"https:\/\/www.camping-eleovic.com\/wp-content\/uploads\/2023\/08\/darion-queen-cJJOxJs1q8I-unsplash-1.jpg 1836w, https:\/\/www.camping-eleovic.com\/wp-content\/uploads\/2023\/08\/darion-queen-cJJOxJs1q8I-unsplash-1-300x206.jpg 300w, https:\/\/www.camping-eleovic.com\/wp-content\/uploads\/2023\/08\/darion-queen-cJJOxJs1q8I-unsplash-1-1024x702.jpg 1024w, https:\/\/www.camping-eleovic.com\/wp-content\/uploads\/2023\/08\/darion-queen-cJJOxJs1q8I-unsplash-1-768x527.jpg 768w, https:\/\/www.camping-eleovic.com\/wp-content\/uploads\/2023\/08\/darion-queen-cJJOxJs1q8I-unsplash-1-1536x1053.jpg 1536w\" sizes=\"(max-width: 1836px) 100vw, 1836px\" title=\"\"><\/figure>\n<\/figure>\n<\/div>\n\n\n\n<div class=\"is-layout-flow wp-block-column E-10__right deco--bamboo\">\n<h2 id=\"velo\">Explore the region on foot or <span class=\"fc-span\">by bike<\/span> <\/h2>\n\n\n\n<div class=\"is-layout-constrained wp-block-group E-10__encart\">\n<p>This <strong>cycling route lies between the Vilaine estuary and the C\u00f4te d&#8217;Amour<\/strong>. There are many sights along the way to catch your eye. The route also includes lanes shared with vehicles. If children are accompanying you, be sure to choose the route that suits their ages and abilities.<\/p>\n\n\n\n<div class=\"wp-block-fc-gut-lire-plus fc-mob\"><label class=\"has-text-align-center\"><input type=\"checkbox\">Read more<\/label>\n<h3>V\u00e9loc\u00e9an<\/h3>\n\n\n\n<p>Situated between <strong>the Vilaine estuary<\/strong> and the <strong>C\u00f4te d&#8217;Amour<\/strong>, the V\u00e9loc\u00e9an cycle path is the perfect way to discover the <strong>Pays de Retz coastline<\/strong>, with its breathtaking views of the ocean and a few little sights that might just catch your eye&#8230;<\/p>\n\n\n\n<div class=\"wp-block-fc-gut-lire-plus fc-desk\"><label class=\"has-text-align-left\"><input type=\"checkbox\">Read more<\/label>\n<p>The V\u00e9loc\u00e9an departmental itinerary <strong>starts at Pointe Saint-Gildas <\/strong>and takes you to the towns of La <strong>Plaine-sur-Mer, Pornic, Saint-Br\u00e9vin-les-Pins<\/strong> and down to the <strong>Vend\u00e9e <\/strong>, or north of the Loire to <strong>Saint-Nazaire<\/strong> and the <strong>La Baule-Gu\u00e9rande peninsula<\/strong>. Whether on dedicated bike lanes or on small coastal and rural roads, you&#8217;ll be able to enjoy our tourist area in complete peace and quiet.<\/p>\n\n\n\n<p>Pointe Saint-Gildas has been designated a <strong><em>Regional Nature Reserve<\/em> <\/strong>Bicycles are therefore prohibited on this part of the coastal path. Be sure to get off the bike to pick up the <strong>V\u00e9loc\u00e9an<\/strong> route.<\/p>\n\n\n\n<h3>Pr\u00e9failles VTC circuit<\/h3>\n\n\n\n<p>In the heart of gorse moorland and close to the coast, the VTC circuit (8km) starts at Port-aux-Goths, crosses the Pasquin and Choiseau valleys (localities la Palette and Ker Bidet). Follow the engraved wooden signs.<\/p>\n<\/div>\n\n\n\n<h3>Hiking<\/h3>\n\n\n\n<p>The coastline of the Prefecture is bordered by the customs path (sentier des douaniers), classified as a Grande Randonn\u00e9e (GR8) itinerary. Since its origin during the French Revolution, this path has been entirely dedicated to pedestrians.<\/p>\n\n\n\n<p>Pr\u00e9failles is home to a number of other <strong>hiking trails<\/strong>:<\/p>\n\n\n\n<ul>\n<li> <strong> Circuit de la Vall\u00e9e de Pasquin<\/strong>: this walking trail takes you through the most extensive <strong>coastal moorland <\/strong>in Loire-Atlantique! From Port Meleu to Port-aux-Goths, it runs through an area that has remained natural and protected from urbanization. The flora and fauna are remarkable.<\/li>\n<\/ul>\n\n\n\n<div class=\"wp-block-fc-gut-lire-plus fc-desk\"><label class=\"has-text-align-left\"><input type=\"checkbox\">Read more<\/label>\n<p>After Port-Meleu, in the Port-aux-Goths area, this tour takes you through the coastal moorland, the largest in the d\u00e9partement. The Conservatoire du Littoral and the D\u00e9partement de la Loire-Atlantique are the main owners of this preserved natural area, protected from urban development. The natural heritage (flora and fauna) is remarkable.<\/p>\n<\/div>\n\n\n\n<ul>\n<li> <strong> Le Tour de la Pointe Saint-Gildas<\/strong>: this walking tour takes you around the Pointe Saint-Gildas to discover the Prefecture coastline and its magnificent scenery. It will eventually lead you to the sandy shores of La-Plaine-Sur-Mer.<\/li>\n<\/ul>\n\n\n\n<div class=\"wp-block-fc-gut-lire-plus fc-desk\"><label class=\"has-text-align-left\"><input type=\"checkbox\">Read more<\/label>\n<p>You&#8217;ll follow the coast from the Grande Plage (town center) towards Pointe St-Gildas, a rocky coastline. The route takes you to the coastline of La Plaine-sur-Mer, at the entrance to the Loire estuary, where the coast is naturally sandier. At &#8220;La Pr\u00e9e&#8221;, you&#8217;ll cross the countryside on dirt tracks to return to the center of Prefecture (beware, you&#8217;ll have to cross the RD 313).<\/p>\n<\/div>\n<\/div>\n\n\n\n<div class=\"is-layout-flex wp-block-buttons\">\n<div class=\"wp-block-button fc-style-1\"><a class=\"wp-block-button__link wp-element-button\" href=\"https:\/\/www.camping-eleovic.com\/wp-content\/uploads\/2023\/08\/Velocircuits.pdf\"><span class=\"fc-icon\" style=\"width:30px; height:30px\"><svg xmlns=\"http:\/\/www.w3.org\/2000\/svg\" viewBox=\"0 0 640 512\"><!--! Font Awesome Pro 6.4.0 by @fontawesome - https:\/\/fontawesome.com License - https:\/\/fontawesome.com\/license (Commercial License) Copyright 2023 Fonticons, Inc. --><path d=\"M392 32a24 24 0 1 1 0 48 24 24 0 1 1 0-48zm0 80A56 56 0 1 0 392 0a56 56 0 1 0 0 112zM224 384A96 96 0 1 1 32 384a96 96 0 1 1 192 0zM128 256a128 128 0 1 0 0 256 128 128 0 1 0 0-256zM608 384a96 96 0 1 1 -192 0 96 96 0 1 1 192 0zM512 256a128 128 0 1 0 0 256 128 128 0 1 0 0-256zM309.1 166.4c6.1-5.2 15.1-5.1 21.1 .3l59.1 53.2c2.9 2.6 6.8 4.1 10.7 4.1h80c8.8 0 16-7.2 16-16s-7.2-16-16-16H406.1l-54.5-49.1c-17.9-16.1-45-16.5-63.3-.8l-59.1 50.6c-23.9 20.5-21.9 58.1 4 76L320 328.4V416c0 8.8 7.2 16 16 16s16-7.2 16-16V320c0-5.3-2.6-10.2-6.9-13.2l-93.7-64.4c-8.7-6-9.3-18.5-1.3-25.3l59.1-50.6z\"\/><\/svg><\/span>  Discover bike paths<\/a><\/div>\n<\/div>\n<\/div>\n<\/div>\n<\/div>\n\n\n\n<div class=\"is-layout-flex wp-container-20 wp-block-columns\">\n<div class=\"is-layout-flow wp-block-column deco--oiseaux\" style=\"flex-basis:40%\">\n<h2 id=\"peche\">Fishing and water sports <span class=\"fc-span\">in Loire-Atlantique<\/span><\/h2>\n\n\n\n<p><strong>Pr\u00e9failles and the Loire Atlantique<\/strong> have so much to offer: from fishing to hiking to water sports, there&#8217;s always something to do, and all with a smile! It&#8217;s the ideal playground for trying out new practices too. If you&#8217;re a beginner, you can take advantage of a qualified guide who will take you step by step:<\/p>\n\n\n\n<h3>Fishing on foot<\/h3>\n\n\n\n<p>Another essential part of your stay in Pr\u00e9failles: <strong>fishing on foot<\/strong>! Just a few metres from the campsite, you&#8217;ll find coves and rocks hiding all sorts of shellfish and seafood to catch (oysters, mussels, periwinkles, curlers, clams, shrimps&#8230;), an activity to share with friends or family! You can also rent a fishing boat for plaice fishing.<\/p>\n<\/div>\n\n\n\n<div class=\"is-layout-flow wp-block-column is-vertically-aligned-center\">\n<figure class=\"is-layout-flex wp-block-gallery-17 wp-block-gallery has-nested-images columns-1 is-cropped fc-diapo fc-auto\">\n<figure class=\"wp-block-image size-full fc-auto\"><img decoding=\"async\" width=\"1280\" height=\"720\" src=\"https:\/\/www.camping-eleovic.com\/wp-content\/uploads\/2023\/09\/pecherie.jpg\" alt=\"\" class=\"wp-image-1013\" srcset=\"https:\/\/www.camping-eleovic.com\/wp-content\/uploads\/2023\/09\/pecherie.jpg 1280w, https:\/\/www.camping-eleovic.com\/wp-content\/uploads\/2023\/09\/pecherie-300x169.jpg 300w, https:\/\/www.camping-eleovic.com\/wp-content\/uploads\/2023\/09\/pecherie-1024x576.jpg 1024w, https:\/\/www.camping-eleovic.com\/wp-content\/uploads\/2023\/09\/pecherie-768x432.jpg 768w\" sizes=\"(max-width: 1280px) 100vw, 1280px\" title=\"\"><\/figure>\n\n\n\n<figure class=\"wp-block-image size-full fc-auto\"><img decoding=\"async\" width=\"2048\" height=\"1411\" src=\"https:\/\/www.camping-eleovic.com\/wp-content\/uploads\/2023\/09\/peche.jpg\" alt=\"\" class=\"wp-image-1016\" srcset=\"https:\/\/www.camping-eleovic.com\/wp-content\/uploads\/2023\/09\/peche.jpg 2048w, https:\/\/www.camping-eleovic.com\/wp-content\/uploads\/2023\/09\/peche-300x207.jpg 300w, https:\/\/www.camping-eleovic.com\/wp-content\/uploads\/2023\/09\/peche-1024x706.jpg 1024w, https:\/\/www.camping-eleovic.com\/wp-content\/uploads\/2023\/09\/peche-768x529.jpg 768w, https:\/\/www.camping-eleovic.com\/wp-content\/uploads\/2023\/09\/peche-1536x1058.jpg 1536w\" sizes=\"(max-width: 2048px) 100vw, 2048px\" title=\"\"><\/figure>\n<\/figure>\n<\/div>\n<\/div>\n\n\n\n<div class=\"is-layout-flex wp-container-26 wp-block-columns alignfull E-10 has-bleu-background-color has-background\">\n<div class=\"is-layout-flow wp-block-column E-10__right\">\n<h2 id=\"culture\">Cultural visits in the <span class=\"fc-span\">Pr\u00e9failles area<\/span><\/h2>\n\n\n\n<p>Let yourself be charmed by the <strong>tourist towns near Pr\u00e9failles<\/strong>. Discover <strong>Pornic<\/strong> and its castle. The town is famous for its fisheries and its harbour, which offers a beautiful promenade. Here you can admire the moored boats, talk to the fishermen and buy fresh produce from their morning catch.<\/p>\n\n\n\n<p>The city of <a href=\"https:\/\/www.saint-nazaire-tourisme.com\/\" target=\"_blank\" rel=\"noreferrer noopener\">Saint-Nazaire<\/a> opens its arms to you, so come and visit the submarine or discover the Escalatlantique.<\/p>\n\n\n\n<p>You can also explore the <strong>Breton marshes, the salt marshes<\/strong> and the <strong>medieval town of Gu\u00e9rande<\/strong>&#8230;<\/p>\n\n\n\n<div class=\"wp-block-fc-gut-lire-plus fc-mob\"><label class=\"has-text-align-left\"><input type=\"checkbox\">Read more<\/label>\n<p>If you&#8217;re looking for peace and quiet, La <strong>Plaine sur Mer and its wild coastline<\/strong> will satisfy all your desires. It&#8217;s the perfect destination to recharge your batteries and recharge your batteries. The town is packed with famous landmarks such as Notre-Dame-de-l&#8217;Assomption church.<\/p>\n\n\n\n<p>Looking for a gourmet vacation? Don&#8217;t hesitate to come and discover the region&#8217;s gastronomy! Between the <a href=\"https:\/\/www.camping-eleovic.com\/en\/alentours\/camping-saint-michel-chef-chef\/\"><strong>Galettes Saint-Michel<\/strong> <\/a> and its store, l&#8217;Usine de Fromage du <strong>Cur\u00e9 Nantais<\/strong> de Pornic or the many grape varieties such as Chardonnay, Sauvignon, Merlot and Gamay for <strong>wine lovers<\/strong>.<\/p>\n\n\n\n<p>The center of <a href=\"https:\/\/www.camping-eleovic.com\/en\/alentours\/guerande-medieval-city-camping-eleovic-pornic\/\">Gu\u00e9rande<\/a> is a stunning medieval city with 15th-century ramparts. It&#8217;s one of the main attractions for tourists. Last but not least, the <strong>tourist resort of Saint-Brevin-les-Pins<\/strong> boasts a true masterpiece: the Serpent d&#8217;Oc\u00e9an on the Nez de Chien beach. Created by Chinese artist Huang Yong Ping, it shows its head at the whim of the tides.<\/p>\n<\/div>\n\n\n\n<div class=\"is-layout-flex wp-block-buttons\">\n<div class=\"wp-block-button fc-style-2\"><a class=\"wp-block-button__link wp-element-button\" href=\"https:\/\/www.camping-eleovic.com\/en\/camping-loire-atlantique-with-open-pool\/\"><span class=\"fc-icon\" style=\"width:30px; height:30px\"><svg xmlns=\"http:\/\/www.w3.org\/2000\/svg\" viewBox=\"0 0 512 512\"><!--! Font Awesome Pro 6.4.0 by @fontawesome - https:\/\/fontawesome.com License - https:\/\/fontawesome.com\/license (Commercial License) Copyright 2023 Fonticons, Inc. --><path d=\"M299.3 475.8c.1-.8 .2-1.7 .4-2.6l21.7-85.8c1.5-5.9 1.4-12.4-2.2-17.3l-3.9-5.3c-6.6-9.1-18.5-12.2-29.8-12.2H226.4c-11.3 0-23.1 3.1-29.8 12.2l-3.9 5.3c-3.6 4.9-3.7 11.4-2.2 17.3l21.7 85.8c.2 .9 .4 1.7 .4 2.6c14 2.7 28.5 4.2 43.3 4.2s29.3-1.4 43.3-4.2zm35.3-10c38.3-14.3 71.6-38.8 96.6-70.2l-72.5-4.8c-1.4-.1-2.8 .3-4 1.2s-2 2.1-2.3 3.4l-17.8 70.5zM451.7 365.1c13.9-24.9 23.2-52.7 26.7-82.3c-.8-.3-1.5-.7-2.3-1.2l-74.9-47.1c-5.1-3.2-11.3-5.1-17.1-3.3l-6.3 2c-10.7 3.5-17.3 13.8-20.8 24.5L338.8 314c-3.5 10.7-4.2 22.9 2.4 32l3.9 5.3c3.6 4.9 9.7 7 15.8 7.4l88.3 5.9c.9 .1 1.7 .2 2.6 .4zm28.1-119c-1.8-41.9-15.1-80.7-36.9-113.6l-27 67.5c-.5 1.3-.6 2.7-.2 4.1l0 .1 0 .1c.5 1.3 1.3 2.4 2.5 3.2l61.5 38.7zM420.2 103.6c-19.7-21.2-43.4-38.6-70-50.9c-.6 .6-1.2 1.3-1.9 1.8l-68 56.6c-4.7 3.9-8.4 9.2-8.4 15.3l0 6.6c0 11.2 7.8 20.7 16.9 27.3l47.9 34.8c9.1 6.6 20.5 11.1 31.2 7.6l6.3-2c5.8-1.9 9.7-7.1 11.9-12.7l32.9-82.1c.3-.8 .7-1.6 1.1-2.3zM315.7 40.1c-19-5.3-39.1-8.1-59.7-8.1s-40.7 2.8-59.7 8.1l55.8 46.5c1.1 .9 2.5 1.4 3.9 1.4s2.8-.5 3.9-1.4l55.8-46.5zm-154 12.7c-26.6 12.3-50.3 29.7-70 50.9c.4 .7 .8 1.5 1.1 2.3L125.8 188c2.3 5.6 6.2 10.8 11.9 12.7l6.3 2c10.7 3.5 22.1-1 31.2-7.6l47.9-34.8c9.1-6.6 16.9-16.1 16.9-27.3l0-6.6c0-6.1-3.7-11.4-8.4-15.3l-68-56.6c-.7-.6-1.3-1.2-1.9-1.8zM69.1 132.5C47.4 165.3 34 204.2 32.2 246.1l61.5-38.7c1.2-.7 2.1-1.9 2.5-3.2l0-.1 0-.1c.4-1.3 .4-2.8-.2-4.1l-27-67.4zM33.6 282.8c3.5 29.6 12.8 57.4 26.7 82.3c.8-.2 1.7-.3 2.6-.4l88.3-5.9c6.1-.4 12.2-2.5 15.8-7.4l3.9-5.3c6.6-9.1 5.9-21.4 2.4-32l-18.3-56.3c-3.5-10.7-10.1-21.1-20.8-24.5l-6.3-2c-5.8-1.9-12 0-17.1 3.3L35.9 281.6c-.7 .5-1.5 .9-2.3 1.2zM80.8 395.6c25 31.4 58.3 55.9 96.6 70.2l-17.8-70.5c-.3-1.4-1.2-2.6-2.3-3.4s-2.6-1.2-4-1.2l-72.5 4.8zM0 256a256 256 0 1 1 512 0A256 256 0 1 1 0 256zm241.9-69.8L194 221c-8.4 6.1-11.9 16.9-8.7 26.8l18.3 56.3c3.2 9.9 12.4 16.6 22.8 16.6h59.2c10.4 0 19.6-6.7 22.8-16.6l18.3-56.3c3.2-9.9-.3-20.7-8.7-26.8l-47.9-34.8c-8.4-6.1-19.8-6.1-28.2 0z\"\/><\/svg><\/span>  View activities<\/a><\/div>\n\n\n\n<div class=\"wp-block-button btn_resa fc-style-2\"><a class=\"wp-block-button__link wp-element-button\"><span class=\"fc-icon\" style=\"width:30px; height:30px\"><svg xmlns=\"http:\/\/www.w3.org\/2000\/svg\" viewBox=\"0 0 512 512\"><!--! Font Awesome Pro 6.4.0 by @fontawesome - https:\/\/fontawesome.com License - https:\/\/fontawesome.com\/license (Commercial License) Copyright 2023 Fonticons, Inc. --><path d=\"M384 208A176 176 0 1 0 32 208a176 176 0 1 0 352 0zM343.3 366C307 397.2 259.7 416 208 416C93.1 416 0 322.9 0 208S93.1 0 208 0S416 93.1 416 208c0 51.7-18.8 99-50 135.3L507.3 484.7c6.2 6.2 6.2 16.4 0 22.6s-16.4 6.2-22.6 0L343.3 366z\"\/><\/svg><\/span>  Book<\/a><\/div>\n<\/div>\n<\/div>\n\n\n\n<div class=\"is-layout-flow wp-block-column\">\n<figure class=\"is-layout-flex wp-block-gallery-23 wp-block-gallery has-nested-images columns-1 is-cropped fc-diapo fc-full\">\n<figure class=\"wp-block-image size-full fc-auto\"><img decoding=\"async\" width=\"800\" height=\"534\" src=\"https:\/\/www.camping-eleovic.com\/wp-content\/uploads\/2023\/09\/800x600_semaphore-de-la-pointe-saint-gildas-16363.jpg\" alt=\"\" class=\"wp-image-1067\" srcset=\"https:\/\/www.camping-eleovic.com\/wp-content\/uploads\/2023\/09\/800x600_semaphore-de-la-pointe-saint-gildas-16363.jpg 800w, https:\/\/www.camping-eleovic.com\/wp-content\/uploads\/2023\/09\/800x600_semaphore-de-la-pointe-saint-gildas-16363-300x200.jpg 300w, https:\/\/www.camping-eleovic.com\/wp-content\/uploads\/2023\/09\/800x600_semaphore-de-la-pointe-saint-gildas-16363-768x513.jpg 768w\" sizes=\"(max-width: 800px) 100vw, 800px\" title=\"\"><\/figure>\n\n\n\n<figure class=\"wp-block-image size-full fc-auto\"><img decoding=\"async\" width=\"2000\" height=\"1333\" src=\"https:\/\/www.camping-eleovic.com\/wp-content\/uploads\/2023\/09\/visitez-les-ateliers-de-la-faiencerie-de-pornic-17195.jpg\" alt=\"\" class=\"wp-image-1070\" srcset=\"https:\/\/www.camping-eleovic.com\/wp-content\/uploads\/2023\/09\/visitez-les-ateliers-de-la-faiencerie-de-pornic-17195.jpg 2000w, https:\/\/www.camping-eleovic.com\/wp-content\/uploads\/2023\/09\/visitez-les-ateliers-de-la-faiencerie-de-pornic-17195-300x200.jpg 300w, https:\/\/www.camping-eleovic.com\/wp-content\/uploads\/2023\/09\/visitez-les-ateliers-de-la-faiencerie-de-pornic-17195-1024x682.jpg 1024w, https:\/\/www.camping-eleovic.com\/wp-content\/uploads\/2023\/09\/visitez-les-ateliers-de-la-faiencerie-de-pornic-17195-768x512.jpg 768w, https:\/\/www.camping-eleovic.com\/wp-content\/uploads\/2023\/09\/visitez-les-ateliers-de-la-faiencerie-de-pornic-17195-1536x1024.jpg 1536w\" sizes=\"(max-width: 2000px) 100vw, 2000px\" title=\"\"><\/figure>\n\n\n\n<figure class=\"wp-block-image size-full fc-auto\"><img decoding=\"async\" width=\"800\" height=\"534\" src=\"https:\/\/www.camping-eleovic.com\/wp-content\/uploads\/2023\/09\/800x600_escal-atlantic-18160.jpg\" alt=\"\" class=\"wp-image-1073\" srcset=\"https:\/\/www.camping-eleovic.com\/wp-content\/uploads\/2023\/09\/800x600_escal-atlantic-18160.jpg 800w, https:\/\/www.camping-eleovic.com\/wp-content\/uploads\/2023\/09\/800x600_escal-atlantic-18160-300x200.jpg 300w, https:\/\/www.camping-eleovic.com\/wp-content\/uploads\/2023\/09\/800x600_escal-atlantic-18160-768x513.jpg 768w\" sizes=\"(max-width: 800px) 100vw, 800px\" title=\"\"><\/figure>\n\n\n\n<figure class=\"wp-block-image size-full fc-auto\"><img decoding=\"async\" width=\"500\" height=\"750\" src=\"https:\/\/www.camping-eleovic.com\/wp-content\/uploads\/2023\/09\/800x600_chateau-de-pornic-10250.jpg\" alt=\"\" class=\"wp-image-1076\" srcset=\"https:\/\/www.camping-eleovic.com\/wp-content\/uploads\/2023\/09\/800x600_chateau-de-pornic-10250.jpg 500w, https:\/\/www.camping-eleovic.com\/wp-content\/uploads\/2023\/09\/800x600_chateau-de-pornic-10250-200x300.jpg 200w\" sizes=\"(max-width: 500px) 100vw, 500px\" title=\"\"><\/figure>\n\n\n\n<figure class=\"wp-block-image size-full fc-auto\"><img decoding=\"async\" width=\"800\" height=\"600\" src=\"https:\/\/www.camping-eleovic.com\/wp-content\/uploads\/2023\/08\/grande-plage-tharon.jpg\" alt=\"\" class=\"wp-image-148\" srcset=\"https:\/\/www.camping-eleovic.com\/wp-content\/uploads\/2023\/08\/grande-plage-tharon.jpg 800w, https:\/\/www.camping-eleovic.com\/wp-content\/uploads\/2023\/08\/grande-plage-tharon-300x225.jpg 300w, https:\/\/www.camping-eleovic.com\/wp-content\/uploads\/2023\/08\/grande-plage-tharon-768x576.jpg 768w\" sizes=\"(max-width: 800px) 100vw, 800px\" title=\"\"><\/figure>\n<\/figure>\n<\/div>\n<\/div>\n\n\n\n<div class=\"is-layout-flex wp-container-32 wp-block-columns alignfull E-10 deco--brush-top reverse-mob\">\n<div class=\"is-layout-flow wp-block-column\">\n<figure class=\"is-layout-flex wp-block-gallery-27 wp-block-gallery has-nested-images columns-1 is-cropped fc-diapo fc-auto\">\n<figure class=\"wp-block-image size-full fc-full\"><img decoding=\"async\" width=\"1920\" height=\"1440\" src=\"https:\/\/www.camping-eleovic.com\/wp-content\/uploads\/2023\/08\/alex-kairoff-wroYJ7eOS18-unsplash.jpg\" alt=\"\" class=\"wp-image-208\" srcset=\"https:\/\/www.camping-eleovic.com\/wp-content\/uploads\/2023\/08\/alex-kairoff-wroYJ7eOS18-unsplash.jpg 1920w, https:\/\/www.camping-eleovic.com\/wp-content\/uploads\/2023\/08\/alex-kairoff-wroYJ7eOS18-unsplash-300x225.jpg 300w, https:\/\/www.camping-eleovic.com\/wp-content\/uploads\/2023\/08\/alex-kairoff-wroYJ7eOS18-unsplash-1024x768.jpg 1024w, https:\/\/www.camping-eleovic.com\/wp-content\/uploads\/2023\/08\/alex-kairoff-wroYJ7eOS18-unsplash-768x576.jpg 768w, https:\/\/www.camping-eleovic.com\/wp-content\/uploads\/2023\/08\/alex-kairoff-wroYJ7eOS18-unsplash-1536x1152.jpg 1536w\" sizes=\"(max-width: 1920px) 100vw, 1920px\" title=\"\"><\/figure>\n\n\n\n<figure class=\"wp-block-image size-full fc-auto\"><img decoding=\"async\" width=\"600\" height=\"800\" src=\"https:\/\/www.camping-eleovic.com\/wp-content\/uploads\/2023\/09\/800x600_pornic-aventure-17570.jpg\" alt=\"\" class=\"wp-image-1054\" srcset=\"https:\/\/www.camping-eleovic.com\/wp-content\/uploads\/2023\/09\/800x600_pornic-aventure-17570.jpg 600w, https:\/\/www.camping-eleovic.com\/wp-content\/uploads\/2023\/09\/800x600_pornic-aventure-17570-225x300.jpg 225w\" sizes=\"(max-width: 600px) 100vw, 600px\" title=\"\"><\/figure>\n\n\n\n<figure class=\"wp-block-image size-full fc-auto\"><img decoding=\"async\" src=\"https:\/\/www.camping-eleovic.com\/wp-content\/uploads\/2023\/09\/800x600_racing-kart-jade-36645.jpg\" alt=\"\" class=\"wp-image-1060\" title=\"\"><\/figure>\n\n\n\n<figure class=\"wp-block-image size-full fc-auto\"><img decoding=\"async\" width=\"934\" height=\"651\" src=\"https:\/\/www.camping-eleovic.com\/wp-content\/uploads\/2023\/09\/legendia-parc-licorne.jpg\" alt=\"\" class=\"wp-image-1063\" srcset=\"https:\/\/www.camping-eleovic.com\/wp-content\/uploads\/2023\/09\/legendia-parc-licorne.jpg 934w, https:\/\/www.camping-eleovic.com\/wp-content\/uploads\/2023\/09\/legendia-parc-licorne-300x209.jpg 300w, https:\/\/www.camping-eleovic.com\/wp-content\/uploads\/2023\/09\/legendia-parc-licorne-768x535.jpg 768w\" sizes=\"(max-width: 934px) 100vw, 934px\" title=\"\"><\/figure>\n\n\n\n<figure class=\"wp-block-image size-full fc-auto\"><img decoding=\"async\" width=\"800\" height=\"600\" src=\"https:\/\/www.camping-eleovic.com\/wp-content\/uploads\/2023\/09\/800x600_planete-sauvage-17110.jpg\" alt=\"\" class=\"wp-image-1057\" srcset=\"https:\/\/www.camping-eleovic.com\/wp-content\/uploads\/2023\/09\/800x600_planete-sauvage-17110.jpg 800w, https:\/\/www.camping-eleovic.com\/wp-content\/uploads\/2023\/09\/800x600_planete-sauvage-17110-300x225.jpg 300w, https:\/\/www.camping-eleovic.com\/wp-content\/uploads\/2023\/09\/800x600_planete-sauvage-17110-768x576.jpg 768w\" sizes=\"(max-width: 800px) 100vw, 800px\" title=\"\"><\/figure>\n<\/figure>\n<\/div>\n\n\n\n<div class=\"is-layout-flow wp-block-column\">\n<h2 id=\"loisir\">Leisure activities <span class=\"fc-span\">in Loire-Atlantique<\/span><\/h2>\n\n\n\n<p>The <strong>Plan\u00e8te Sauvage zoo<\/strong> transports you into the world of exotic fauna, while <strong>Pornic Aventures<\/strong> offers thrilling <strong>tree-climbing <\/strong>challenges, perfect for thrill-seekers.<\/p>\n\n\n\n<h3>Cultural exploration and family fun<\/h3>\n\n\n\n<p>Immerse yourself in fantastic worlds at <strong>Puy du Fou<\/strong> or <strong>L\u00e9gendia Parc<\/strong>, enjoy breathtaking shows and captivating attractions. Don&#8217;t miss the <strong>Cur\u00e9 Nantais, a renowned local cheese factory<\/strong>, or the <strong>Machines de l&#8217;\u00eele de Nantes<\/strong>, a unique artistic and mechanical experience.<\/p>\n\n\n\n<div class=\"wp-block-fc-gut-lire-plus fc-mob\"><label class=\"has-text-align-left\"><input type=\"checkbox\">Read more<\/label>\n<h3>Family fun and relaxation<\/h3>\n\n\n\n<p>The <strong>Parc des Naudi\u00e8res<\/strong> and <strong>Pop Corn maze<\/strong> offer outdoor <strong>activities for the whole family<\/strong>, while the <strong>Thalasso de Pornic<\/strong> offers <strong>relaxing wellness treatments<\/strong>. Speed enthusiasts can enjoy thrilling races at the Saint Michel Chef <strong>go-karting <\/strong>center.<\/p>\n\n\n\n<p>Near the campsite you&#8217;ll also find a cinema, casino, bowling alley and golf course.<\/p>\n<\/div>\n\n\n\n<div class=\"is-layout-flex wp-block-buttons\">\n<div class=\"wp-block-button btn_resa fc-style-2\"><a class=\"wp-block-button__link wp-element-button\"><span class=\"fc-icon\" style=\"width:30px; height:30px\"><svg xmlns=\"http:\/\/www.w3.org\/2000\/svg\" viewBox=\"0 0 512 512\"><!--! Font Awesome Pro 6.4.0 by @fontawesome - https:\/\/fontawesome.com License - https:\/\/fontawesome.com\/license (Commercial License) Copyright 2023 Fonticons, Inc. --><path d=\"M384 208A176 176 0 1 0 32 208a176 176 0 1 0 352 0zM343.3 366C307 397.2 259.7 416 208 416C93.1 416 0 322.9 0 208S93.1 0 208 0S416 93.1 416 208c0 51.7-18.8 99-50 135.3L507.3 484.7c6.2 6.2 6.2 16.4 0 22.6s-16.4 6.2-22.6 0L343.3 366z\"\/><\/svg><\/span>  Book<\/a><\/div>\n<\/div>\n<\/div>\n<\/div>\n\n\n\n<div class=\"is-layout-constrained wp-block-group\">\r\n<section id=\"fc-alentours\" class=\"wp-block-columns\">\r\n\r\n  <div id=\"listing-alentours\" class=\"wp-block-column\">\r\n    \r\n    <div class=\"filtres\">\r\n      <div>\r\n        <input id=\"all\" name=\"filter\" type=\"radio\" class=\"all-input\" checked=\"checked\" \/>\r\n        <label for=\"all\" class=\"all-label\">All locations<\/label>\r\n      <\/div>\r\n      <div><input id=\"plage-en\" name=\"filter\" type=\"radio\" \/><label for=\"plage-en\">Beach<\/label><\/div><div><input id=\"visites-culturelles-en\" name=\"filter\" type=\"radio\" \/><label for=\"visites-culturelles-en\">Cultural visits<\/label><\/div><div><input id=\"pistes-cyclables-et-randonnees-en\" name=\"filter\" type=\"radio\" \/><label for=\"pistes-cyclables-et-randonnees-en\">Cycle paths and walks<\/label><\/div><div><input id=\"activites-de-loisirs-en\" name=\"filter\" type=\"radio\" \/><label for=\"activites-de-loisirs-en\">Leisure activities<\/label><\/div>      <input type='hidden' id='current_page'\/>\r\n      <input type='hidden' id='show_per_page'\/>\r\n    <\/div>\r\n\r\n    <div id=\"listing\">\r\n              <a href=\"https:\/\/www.camping-eleovic.com\/en\/alentours\/pornic\/\" class=\"lieu-alentour currentCat visuel\" data-cat=\"visites-culturelles-en\" data-slug=\"pornic\" data-icone=\"\" data-couleur=\"\" data-latitude=\"47.115491\" data-longitude=\"-2.104444\">\r\n          <div class=\"texte-lieu\">\r\n            <p class=\"categorie-lieu\">\r\n              <i class=\"default-icon sa\"><\/i>Cultural visits            <\/p>\r\n            <p class=\"titre-lieu\">Pornic <span class=\"icon-hover-card\"><\/span><\/p>\r\n          <\/div>\r\n          <img width=\"760\" height=\"520\" src=\"https:\/\/www.camping-eleovic.com\/wp-content\/uploads\/2023\/08\/pornic-2095556_1920-760x520-1.jpg\" class=\"attachment-large size-large\" alt=\"\" decoding=\"async\" srcset=\"https:\/\/www.camping-eleovic.com\/wp-content\/uploads\/2023\/08\/pornic-2095556_1920-760x520-1.jpg 760w, https:\/\/www.camping-eleovic.com\/wp-content\/uploads\/2023\/08\/pornic-2095556_1920-760x520-1-300x205.jpg 300w\" sizes=\"(max-width: 760px) 100vw, 760px\" title=\"\">        <\/a>\r\n              <a href=\"https:\/\/www.camping-eleovic.com\/en\/alentours\/prefailles\/\" class=\"lieu-alentour currentCat visuel\" data-cat=\"pistes-cyclables-et-randonnees-en\" data-slug=\"prefailles\" data-icone=\"\" data-couleur=\"\" data-latitude=\"47.129353\" data-longitude=\"-2.218176\">\r\n          <div class=\"texte-lieu\">\r\n            <p class=\"categorie-lieu\">\r\n              <i class=\"default-icon sa\"><\/i>Cycle paths and walks            <\/p>\r\n            <p class=\"titre-lieu\">Pr\u00e9failles <span class=\"icon-hover-card\"><\/span><\/p>\r\n          <\/div>\r\n          <img width=\"768\" height=\"511\" src=\"https:\/\/www.camping-eleovic.com\/wp-content\/uploads\/2023\/08\/beach-g586f0a89f_1920-768x511-1.jpg\" class=\"attachment-large size-large\" alt=\"\" decoding=\"async\" srcset=\"https:\/\/www.camping-eleovic.com\/wp-content\/uploads\/2023\/08\/beach-g586f0a89f_1920-768x511-1.jpg 768w, https:\/\/www.camping-eleovic.com\/wp-content\/uploads\/2023\/08\/beach-g586f0a89f_1920-768x511-1-300x200.jpg 300w\" sizes=\"(max-width: 768px) 100vw, 768px\" title=\"\">        <\/a>\r\n              <a href=\"https:\/\/www.camping-eleovic.com\/en\/alentours\/guerande-medieval-city-camping-eleovic-pornic\/\" class=\"lieu-alentour currentCat visuel\" data-cat=\"visites-culturelles-en\" data-slug=\"guerande-medieval-city-camping-eleovic-pornic\" data-icone=\"\" data-couleur=\"\" data-latitude=\"47.328003\" data-longitude=\"-2.4297589\">\r\n          <div class=\"texte-lieu\">\r\n            <p class=\"categorie-lieu\">\r\n              <i class=\"default-icon sa\"><\/i>Cultural visits            <\/p>\r\n            <p class=\"titre-lieu\">Gu\u00e9rande <span class=\"icon-hover-card\"><\/span><\/p>\r\n          <\/div>\r\n          <img width=\"760\" height=\"520\" src=\"https:\/\/www.camping-eleovic.com\/wp-content\/uploads\/2023\/08\/guerande.jpg\" class=\"attachment-large size-large\" alt=\"\" decoding=\"async\" srcset=\"https:\/\/www.camping-eleovic.com\/wp-content\/uploads\/2023\/08\/guerande.jpg 760w, https:\/\/www.camping-eleovic.com\/wp-content\/uploads\/2023\/08\/guerande-300x205.jpg 300w\" sizes=\"(max-width: 760px) 100vw, 760px\" title=\"\">        <\/a>\r\n              <a href=\"https:\/\/www.camping-eleovic.com\/en\/alentours\/faiencerie-of-pornic\/\" class=\"lieu-alentour currentCat visuel\" data-cat=\"visites-culturelles-en\" data-slug=\"faiencerie-of-pornic\" data-icone=\"\" data-couleur=\"\" data-latitude=\"47.1175251\" data-longitude=\"-2.1088683\">\r\n          <div class=\"texte-lieu\">\r\n            <p class=\"categorie-lieu\">\r\n              <i class=\"default-icon sa\"><\/i>Cultural visits            <\/p>\r\n            <p class=\"titre-lieu\">Fa\u00efencerie de Pornic <span class=\"icon-hover-card\"><\/span><\/p>\r\n          <\/div>\r\n          <img width=\"313\" height=\"500\" src=\"https:\/\/www.camping-eleovic.com\/wp-content\/uploads\/2023\/08\/bol-breton-pornic-1.jpg\" class=\"attachment-large size-large\" alt=\"\" decoding=\"async\" srcset=\"https:\/\/www.camping-eleovic.com\/wp-content\/uploads\/2023\/08\/bol-breton-pornic-1.jpg 313w, https:\/\/www.camping-eleovic.com\/wp-content\/uploads\/2023\/08\/bol-breton-pornic-1-188x300.jpg 188w\" sizes=\"(max-width: 313px) 100vw, 313px\" title=\"\">        <\/a>\r\n              <a href=\"https:\/\/www.camping-eleovic.com\/en\/alentours\/tumulus-des-mousseaux-pornic\/\" class=\"lieu-alentour currentCat visuel\" data-cat=\"visites-culturelles-en\" data-slug=\"tumulus-des-mousseaux-pornic\" data-icone=\"\" data-couleur=\"\" data-latitude=\"47.1155145\" data-longitude=\"-2.1149093\">\r\n          <div class=\"texte-lieu\">\r\n            <p class=\"categorie-lieu\">\r\n              <i class=\"default-icon sa\"><\/i>Cultural visits            <\/p>\r\n            <p class=\"titre-lieu\">Tumulus des Mousseaux \u00e0 Pornic <span class=\"icon-hover-card\"><\/span><\/p>\r\n          <\/div>\r\n          <img width=\"600\" height=\"397\" src=\"https:\/\/www.camping-eleovic.com\/wp-content\/uploads\/2023\/08\/tumulus-des-mousseaux-pornic.jpg\" class=\"attachment-large size-large\" alt=\"\" decoding=\"async\" srcset=\"https:\/\/www.camping-eleovic.com\/wp-content\/uploads\/2023\/08\/tumulus-des-mousseaux-pornic.jpg 600w, https:\/\/www.camping-eleovic.com\/wp-content\/uploads\/2023\/08\/tumulus-des-mousseaux-pornic-300x199.jpg 300w\" sizes=\"(max-width: 600px) 100vw, 600px\" title=\"\">        <\/a>\r\n              <a href=\"https:\/\/www.camping-eleovic.com\/en\/alentours\/visit-the-botanical-park-in-pornic\/\" class=\"lieu-alentour currentCat visuel\" data-cat=\"pistes-cyclables-et-randonnees-en\" data-slug=\"visit-the-botanical-park-in-pornic\" data-icone=\"\" data-couleur=\"\" data-latitude=\"47.1148016\" data-longitude=\"-2.0975123\">\r\n          <div class=\"texte-lieu\">\r\n            <p class=\"categorie-lieu\">\r\n              <i class=\"default-icon sa\"><\/i>Cycle paths and walks            <\/p>\r\n            <p class=\"titre-lieu\">Parc botanique de la Ria <span class=\"icon-hover-card\"><\/span><\/p>\r\n          <\/div>\r\n          <img width=\"1024\" height=\"683\" src=\"https:\/\/www.camping-eleovic.com\/wp-content\/uploads\/2023\/08\/emiel-molenaar-c6___zGObUc-unsplash-1024x683.jpg\" class=\"attachment-large size-large\" alt=\"\" decoding=\"async\" srcset=\"https:\/\/www.camping-eleovic.com\/wp-content\/uploads\/2023\/08\/emiel-molenaar-c6___zGObUc-unsplash-1024x683.jpg 1024w, https:\/\/www.camping-eleovic.com\/wp-content\/uploads\/2023\/08\/emiel-molenaar-c6___zGObUc-unsplash-300x200.jpg 300w, https:\/\/www.camping-eleovic.com\/wp-content\/uploads\/2023\/08\/emiel-molenaar-c6___zGObUc-unsplash-768x512.jpg 768w, https:\/\/www.camping-eleovic.com\/wp-content\/uploads\/2023\/08\/emiel-molenaar-c6___zGObUc-unsplash-1536x1024.jpg 1536w, https:\/\/www.camping-eleovic.com\/wp-content\/uploads\/2023\/08\/emiel-molenaar-c6___zGObUc-unsplash.jpg 1920w\" sizes=\"(max-width: 1024px) 100vw, 1024px\" title=\"\">        <\/a>\r\n              <a href=\"https:\/\/www.camping-eleovic.com\/en\/alentours\/castle-pornic-loire-atlantique\/\" class=\"lieu-alentour currentCat visuel\" data-cat=\"visites-culturelles-en\" data-slug=\"castle-pornic-loire-atlantique\" data-icone=\"\" data-couleur=\"\" data-latitude=\"47.1138944\" data-longitude=\"-2.1056088\">\r\n          <div class=\"texte-lieu\">\r\n            <p class=\"categorie-lieu\">\r\n              <i class=\"default-icon sa\"><\/i>Cultural visits            <\/p>\r\n            <p class=\"titre-lieu\">Ch\u00e2teau de Pornic <span class=\"icon-hover-card\"><\/span><\/p>\r\n          <\/div>\r\n          <img width=\"900\" height=\"600\" src=\"https:\/\/www.camping-eleovic.com\/wp-content\/uploads\/2023\/08\/ADO-chateau-pornic.jpg\" class=\"attachment-large size-large\" alt=\"\" decoding=\"async\" srcset=\"https:\/\/www.camping-eleovic.com\/wp-content\/uploads\/2023\/08\/ADO-chateau-pornic.jpg 900w, https:\/\/www.camping-eleovic.com\/wp-content\/uploads\/2023\/08\/ADO-chateau-pornic-300x200.jpg 300w, https:\/\/www.camping-eleovic.com\/wp-content\/uploads\/2023\/08\/ADO-chateau-pornic-768x512.jpg 768w\" sizes=\"(max-width: 900px) 100vw, 900px\" title=\"\">        <\/a>\r\n              <a href=\"https:\/\/www.camping-eleovic.com\/en\/alentours\/pointe-saint-gildas-prefailles\/\" class=\"lieu-alentour currentCat visuel\" data-cat=\"pistes-cyclables-et-randonnees-en\" data-slug=\"pointe-saint-gildas-prefailles\" data-icone=\"\" data-couleur=\"\" data-latitude=\"47.133414\" data-longitude=\"-2.247079\">\r\n          <div class=\"texte-lieu\">\r\n            <p class=\"categorie-lieu\">\r\n              <i class=\"default-icon sa\"><\/i>Cycle paths and walks            <\/p>\r\n            <p class=\"titre-lieu\">La pointe de Saint Gildas <span class=\"icon-hover-card\"><\/span><\/p>\r\n          <\/div>\r\n          <img width=\"300\" height=\"225\" src=\"https:\/\/www.camping-eleovic.com\/wp-content\/uploads\/2023\/08\/pointe-saint-gildas-300x225-1.jpg\" class=\"attachment-large size-large\" alt=\"\" decoding=\"async\" title=\"\">        <\/a>\r\n              <a href=\"https:\/\/www.camping-eleovic.com\/en\/alentours\/camping-saint-michel-chef-chef\/\" class=\"lieu-alentour currentCat visuel\" data-cat=\"activites-de-loisirs-en\" data-slug=\"camping-saint-michel-chef-chef\" data-icone=\"\" data-couleur=\"\" data-latitude=\"47.182298\" data-longitude=\"-2.148009\">\r\n          <div class=\"texte-lieu\">\r\n            <p class=\"categorie-lieu\">\r\n              <i class=\"default-icon sa\"><\/i>Leisure activities            <\/p>\r\n            <p class=\"titre-lieu\">Saint Michel Chef Chef <span class=\"icon-hover-card\"><\/span><\/p>\r\n          <\/div>\r\n          <img width=\"1024\" height=\"398\" src=\"https:\/\/www.camping-eleovic.com\/wp-content\/uploads\/2023\/08\/sans-titre-6-1920x900-2-1024x398.jpg\" class=\"attachment-large size-large\" alt=\"\" decoding=\"async\" srcset=\"https:\/\/www.camping-eleovic.com\/wp-content\/uploads\/2023\/08\/sans-titre-6-1920x900-2-1024x398.jpg 1024w, https:\/\/www.camping-eleovic.com\/wp-content\/uploads\/2023\/08\/sans-titre-6-1920x900-2-300x117.jpg 300w, https:\/\/www.camping-eleovic.com\/wp-content\/uploads\/2023\/08\/sans-titre-6-1920x900-2-768x299.jpg 768w, https:\/\/www.camping-eleovic.com\/wp-content\/uploads\/2023\/08\/sans-titre-6-1920x900-2-1536x598.jpg 1536w, https:\/\/www.camping-eleovic.com\/wp-content\/uploads\/2023\/08\/sans-titre-6-1920x900-2.jpg 1920w\" sizes=\"(max-width: 1024px) 100vw, 1024px\" title=\"\">        <\/a>\r\n              <a href=\"https:\/\/www.camping-eleovic.com\/en\/alentours\/graet-beach-of-tharon\/\" class=\"lieu-alentour currentCat visuel\" data-cat=\"plage-en\" data-slug=\"graet-beach-of-tharon\" data-icone=\"\" data-couleur=\"\" data-latitude=\"47.1656842\" data-longitude=\"-2.1680336\">\r\n          <div class=\"texte-lieu\">\r\n            <p class=\"categorie-lieu\">\r\n              <i class=\"default-icon sa\"><\/i>Beach            <\/p>\r\n            <p class=\"titre-lieu\">Grande plage de Tharon <span class=\"icon-hover-card\"><\/span><\/p>\r\n          <\/div>\r\n          <img width=\"800\" height=\"600\" src=\"https:\/\/www.camping-eleovic.com\/wp-content\/uploads\/2023\/08\/grande-plage-tharon.jpg\" class=\"attachment-large size-large\" alt=\"\" decoding=\"async\" srcset=\"https:\/\/www.camping-eleovic.com\/wp-content\/uploads\/2023\/08\/grande-plage-tharon.jpg 800w, https:\/\/www.camping-eleovic.com\/wp-content\/uploads\/2023\/08\/grande-plage-tharon-300x225.jpg 300w, https:\/\/www.camping-eleovic.com\/wp-content\/uploads\/2023\/08\/grande-plage-tharon-768x576.jpg 768w\" sizes=\"(max-width: 800px) 100vw, 800px\" title=\"\">        <\/a>\r\n              <article class=\"lieu-alentour currentCat visuel\" data-cat=\"activites-de-loisirs-en\" data-slug=\"karting-st-michel-chef-chef\" data-icone=\"\" data-couleur=\"\" data-latitude=\"47.1683808\" data-longitude=\"-2.1442008\">\r\n          <div class=\"texte-lieu\">\r\n            <p class=\"categorie-lieu\">\r\n              <i class=\"default-icon sa\"><\/i>Leisure activities            <\/p>\r\n            <p class=\"titre-lieu\">Karting St Michel Chef-Chef<\/p>\r\n          <\/div>\r\n          <img width=\"1024\" height=\"683\" src=\"https:\/\/www.camping-eleovic.com\/wp-content\/uploads\/2023\/08\/atharva-dandekar-UkAJsUt-FV0-unsplash-1-1024x683.jpg\" class=\"attachment-large size-large\" alt=\"\" decoding=\"async\" srcset=\"https:\/\/www.camping-eleovic.com\/wp-content\/uploads\/2023\/08\/atharva-dandekar-UkAJsUt-FV0-unsplash-1-1024x683.jpg 1024w, https:\/\/www.camping-eleovic.com\/wp-content\/uploads\/2023\/08\/atharva-dandekar-UkAJsUt-FV0-unsplash-1-300x200.jpg 300w, https:\/\/www.camping-eleovic.com\/wp-content\/uploads\/2023\/08\/atharva-dandekar-UkAJsUt-FV0-unsplash-1-768x512.jpg 768w, https:\/\/www.camping-eleovic.com\/wp-content\/uploads\/2023\/08\/atharva-dandekar-UkAJsUt-FV0-unsplash-1-1536x1024.jpg 1536w, https:\/\/www.camping-eleovic.com\/wp-content\/uploads\/2023\/08\/atharva-dandekar-UkAJsUt-FV0-unsplash-1.jpg 1920w\" sizes=\"(max-width: 1024px) 100vw, 1024px\" title=\"\">        <\/article>\r\n              <a href=\"https:\/\/www.camping-eleovic.com\/en\/alentours\/thalasso-pornic\/\" class=\"lieu-alentour currentCat visuel\" data-cat=\"activites-de-loisirs-en\" data-slug=\"thalasso-pornic\" data-icone=\"\" data-couleur=\"\" data-latitude=\"47.115153\" data-longitude=\"-2.1031877\">\r\n          <div class=\"texte-lieu\">\r\n            <p class=\"categorie-lieu\">\r\n              <i class=\"default-icon sa\"><\/i>Leisure activities            <\/p>\r\n            <p class=\"titre-lieu\">Thalasso Pornic <span class=\"icon-hover-card\"><\/span><\/p>\r\n          <\/div>\r\n          <img width=\"752\" height=\"500\" src=\"https:\/\/www.camping-eleovic.com\/wp-content\/uploads\/2023\/08\/vue-aerienne-du-centre-de-thalassotherapie-1591.jpg\" class=\"attachment-large size-large\" alt=\"\" decoding=\"async\" srcset=\"https:\/\/www.camping-eleovic.com\/wp-content\/uploads\/2023\/08\/vue-aerienne-du-centre-de-thalassotherapie-1591.jpg 752w, https:\/\/www.camping-eleovic.com\/wp-content\/uploads\/2023\/08\/vue-aerienne-du-centre-de-thalassotherapie-1591-300x199.jpg 300w\" sizes=\"(max-width: 752px) 100vw, 752px\" title=\"\">        <\/a>\r\n              <article class=\"lieu-alentour currentCat visuel\" data-cat=\"activites-de-loisirs-en\" data-slug=\"naudieres-park\" data-icone=\"\" data-couleur=\"\" data-latitude=\"47.2684936\" data-longitude=\"-1.6970344\">\r\n          <div class=\"texte-lieu\">\r\n            <p class=\"categorie-lieu\">\r\n              <i class=\"default-icon sa\"><\/i>Leisure activities            <\/p>\r\n            <p class=\"titre-lieu\">Parc des Naudi\u00e8res<\/p>\r\n          <\/div>\r\n          <img width=\"640\" height=\"457\" src=\"https:\/\/www.camping-eleovic.com\/wp-content\/uploads\/2023\/08\/benjamin-elliott-L4Ma5aLnysw-unsplash.jpg\" class=\"attachment-large size-large\" alt=\"\" decoding=\"async\" srcset=\"https:\/\/www.camping-eleovic.com\/wp-content\/uploads\/2023\/08\/benjamin-elliott-L4Ma5aLnysw-unsplash.jpg 640w, https:\/\/www.camping-eleovic.com\/wp-content\/uploads\/2023\/08\/benjamin-elliott-L4Ma5aLnysw-unsplash-300x214.jpg 300w\" sizes=\"(max-width: 640px) 100vw, 640px\" title=\"\">        <\/article>\r\n              <article class=\"lieu-alentour currentCat visuel\" data-cat=\"visites-culturelles-en\" data-slug=\"castle-of-the-dukes-of-brittany\" data-icone=\"\" data-couleur=\"\" data-latitude=\"47.218371\" data-longitude=\"-1.553621\">\r\n          <div class=\"texte-lieu\">\r\n            <p class=\"categorie-lieu\">\r\n              <i class=\"default-icon sa\"><\/i>Cultural visits            <\/p>\r\n            <p class=\"titre-lieu\">Ch\u00e2teau des Ducs de Bretagne<\/p>\r\n          <\/div>\r\n          <img width=\"1024\" height=\"768\" src=\"https:\/\/www.camping-eleovic.com\/wp-content\/uploads\/2023\/08\/maria-przybyla-U5b6RZ902oI-unsplash-1024x768.jpg\" class=\"attachment-large size-large\" alt=\"\" decoding=\"async\" srcset=\"https:\/\/www.camping-eleovic.com\/wp-content\/uploads\/2023\/08\/maria-przybyla-U5b6RZ902oI-unsplash-1024x768.jpg 1024w, https:\/\/www.camping-eleovic.com\/wp-content\/uploads\/2023\/08\/maria-przybyla-U5b6RZ902oI-unsplash-300x225.jpg 300w, https:\/\/www.camping-eleovic.com\/wp-content\/uploads\/2023\/08\/maria-przybyla-U5b6RZ902oI-unsplash-768x576.jpg 768w, https:\/\/www.camping-eleovic.com\/wp-content\/uploads\/2023\/08\/maria-przybyla-U5b6RZ902oI-unsplash-1536x1152.jpg 1536w, https:\/\/www.camping-eleovic.com\/wp-content\/uploads\/2023\/08\/maria-przybyla-U5b6RZ902oI-unsplash.jpg 1920w\" sizes=\"(max-width: 1024px) 100vw, 1024px\" title=\"\">        <\/article>\r\n              <article class=\"lieu-alentour currentCat visuel\" data-cat=\"activites-de-loisirs-en\" data-slug=\"machines-de-lile\" data-icone=\"\" data-couleur=\"\" data-latitude=\"47.2059938\" data-longitude=\"-1.5620172\">\r\n          <div class=\"texte-lieu\">\r\n            <p class=\"categorie-lieu\">\r\n              <i class=\"default-icon sa\"><\/i>Leisure activities            <\/p>\r\n            <p class=\"titre-lieu\">Les machines de l\u2019\u00eele<\/p>\r\n          <\/div>\r\n          <img width=\"1024\" height=\"583\" src=\"https:\/\/www.camping-eleovic.com\/wp-content\/uploads\/2023\/08\/pascal-bernardon-LxJ5FHD495Y-unsplash-1024x583.jpg\" class=\"attachment-large size-large\" alt=\"\" decoding=\"async\" srcset=\"https:\/\/www.camping-eleovic.com\/wp-content\/uploads\/2023\/08\/pascal-bernardon-LxJ5FHD495Y-unsplash-1024x583.jpg 1024w, https:\/\/www.camping-eleovic.com\/wp-content\/uploads\/2023\/08\/pascal-bernardon-LxJ5FHD495Y-unsplash-300x171.jpg 300w, https:\/\/www.camping-eleovic.com\/wp-content\/uploads\/2023\/08\/pascal-bernardon-LxJ5FHD495Y-unsplash-768x438.jpg 768w, https:\/\/www.camping-eleovic.com\/wp-content\/uploads\/2023\/08\/pascal-bernardon-LxJ5FHD495Y-unsplash-1536x875.jpg 1536w, https:\/\/www.camping-eleovic.com\/wp-content\/uploads\/2023\/08\/pascal-bernardon-LxJ5FHD495Y-unsplash.jpg 1920w\" sizes=\"(max-width: 1024px) 100vw, 1024px\" title=\"\">        <\/article>\r\n              <article class=\"lieu-alentour currentCat visuel\" data-cat=\"activites-de-loisirs-en\" data-slug=\"ocearium-du-croisic\" data-icone=\"\" data-couleur=\"\" data-latitude=\"47.299942\" data-longitude=\"-2.5233753\">\r\n          <div class=\"texte-lieu\">\r\n            <p class=\"categorie-lieu\">\r\n              <i class=\"default-icon sa\"><\/i>Leisure activities            <\/p>\r\n            <p class=\"titre-lieu\">Oc\u00e9arium du Croisic<\/p>\r\n          <\/div>\r\n          <img width=\"1024\" height=\"683\" src=\"https:\/\/www.camping-eleovic.com\/wp-content\/uploads\/2023\/08\/tim-b-motivv-OYvjvIANSD0-unsplash-1024x683.jpg\" class=\"attachment-large size-large\" alt=\"\" decoding=\"async\" srcset=\"https:\/\/www.camping-eleovic.com\/wp-content\/uploads\/2023\/08\/tim-b-motivv-OYvjvIANSD0-unsplash-1024x683.jpg 1024w, https:\/\/www.camping-eleovic.com\/wp-content\/uploads\/2023\/08\/tim-b-motivv-OYvjvIANSD0-unsplash-300x200.jpg 300w, https:\/\/www.camping-eleovic.com\/wp-content\/uploads\/2023\/08\/tim-b-motivv-OYvjvIANSD0-unsplash-768x512.jpg 768w, https:\/\/www.camping-eleovic.com\/wp-content\/uploads\/2023\/08\/tim-b-motivv-OYvjvIANSD0-unsplash-1536x1025.jpg 1536w, https:\/\/www.camping-eleovic.com\/wp-content\/uploads\/2023\/08\/tim-b-motivv-OYvjvIANSD0-unsplash.jpg 1920w\" sizes=\"(max-width: 1024px) 100vw, 1024px\" title=\"\">        <\/article>\r\n              <article class=\"lieu-alentour currentCat visuel\" data-cat=\"visites-culturelles-en\" data-slug=\"st-nazaire\" data-icone=\"\" data-couleur=\"\" data-latitude=\"47.2734979\" data-longitude=\"-2.213848\">\r\n          <div class=\"texte-lieu\">\r\n            <p class=\"categorie-lieu\">\r\n              <i class=\"default-icon sa\"><\/i>Cultural visits            <\/p>\r\n            <p class=\"titre-lieu\">St Nazaire<\/p>\r\n          <\/div>\r\n                  <\/article>\r\n              <article class=\"lieu-alentour currentCat visuel\" data-cat=\"activites-de-loisirs-en\" data-slug=\"legendia-parc\" data-icone=\"\" data-couleur=\"\" data-latitude=\"47.244253\" data-longitude=\"-1.934206\">\r\n          <div class=\"texte-lieu\">\r\n            <p class=\"categorie-lieu\">\r\n              <i class=\"default-icon sa\"><\/i>Leisure activities            <\/p>\r\n            <p class=\"titre-lieu\">Legendia Parc<\/p>\r\n          <\/div>\r\n          <img width=\"640\" height=\"427\" src=\"https:\/\/www.camping-eleovic.com\/wp-content\/uploads\/2023\/08\/m-zonderling-WFPWB7Vum1E-unsplash.jpg\" class=\"attachment-large size-large\" alt=\"\" decoding=\"async\" srcset=\"https:\/\/www.camping-eleovic.com\/wp-content\/uploads\/2023\/08\/m-zonderling-WFPWB7Vum1E-unsplash.jpg 640w, https:\/\/www.camping-eleovic.com\/wp-content\/uploads\/2023\/08\/m-zonderling-WFPWB7Vum1E-unsplash-300x200.jpg 300w\" sizes=\"(max-width: 640px) 100vw, 640px\" title=\"\">        <\/article>\r\n              <article class=\"lieu-alentour currentCat visuel\" data-cat=\"activites-de-loisirs-en\" data-slug=\"cure-nantais\" data-icone=\"\" data-couleur=\"\" data-latitude=\"47.1120498\" data-longitude=\"-2.0675202\">\r\n          <div class=\"texte-lieu\">\r\n            <p class=\"categorie-lieu\">\r\n              <i class=\"default-icon sa\"><\/i>Leisure activities            <\/p>\r\n            <p class=\"titre-lieu\">Cur\u00e9 Nantais<\/p>\r\n          <\/div>\r\n          <img width=\"640\" height=\"427\" src=\"https:\/\/www.camping-eleovic.com\/wp-content\/uploads\/2023\/08\/mathieu-odin-pP0L5fHuGPc-unsplash.jpg\" class=\"attachment-large size-large\" alt=\"\" decoding=\"async\" srcset=\"https:\/\/www.camping-eleovic.com\/wp-content\/uploads\/2023\/08\/mathieu-odin-pP0L5fHuGPc-unsplash.jpg 640w, https:\/\/www.camping-eleovic.com\/wp-content\/uploads\/2023\/08\/mathieu-odin-pP0L5fHuGPc-unsplash-300x200.jpg 300w\" sizes=\"(max-width: 640px) 100vw, 640px\" title=\"\">        <\/article>\r\n              <a href=\"https:\/\/www.camping-eleovic.com\/en\/alentours\/pornic-aventures\/\" class=\"lieu-alentour currentCat visuel\" data-cat=\"activites-de-loisirs-en\" data-slug=\"pornic-aventures\" data-icone=\"\" data-couleur=\"\" data-latitude=\"47.1245006\" data-longitude=\"-2.0916157\">\r\n          <div class=\"texte-lieu\">\r\n            <p class=\"categorie-lieu\">\r\n              <i class=\"default-icon sa\"><\/i>Leisure activities            <\/p>\r\n            <p class=\"titre-lieu\">Pornic Aventures <span class=\"icon-hover-card\"><\/span><\/p>\r\n          <\/div>\r\n          <img width=\"600\" height=\"400\" src=\"https:\/\/www.camping-eleovic.com\/wp-content\/uploads\/2023\/08\/pornic-aventure.jpg\" class=\"attachment-large size-large\" alt=\"\" decoding=\"async\" srcset=\"https:\/\/www.camping-eleovic.com\/wp-content\/uploads\/2023\/08\/pornic-aventure.jpg 600w, https:\/\/www.camping-eleovic.com\/wp-content\/uploads\/2023\/08\/pornic-aventure-300x200.jpg 300w\" sizes=\"(max-width: 600px) 100vw, 600px\" title=\"\">        <\/a>\r\n              <article class=\"lieu-alentour currentCat visuel\" data-cat=\"activites-de-loisirs-en\" data-slug=\"the-delights-of-latelier-st-michel\" data-icone=\"\" data-couleur=\"\" data-latitude=\"47.1805374\" data-longitude=\"-2.1478413\">\r\n          <div class=\"texte-lieu\">\r\n            <p class=\"categorie-lieu\">\r\n              <i class=\"default-icon sa\"><\/i>Leisure activities            <\/p>\r\n            <p class=\"titre-lieu\">Les D\u00e9lices de L\u2019Atelier St Michel<\/p>\r\n          <\/div>\r\n          <img width=\"819\" height=\"1024\" src=\"https:\/\/www.camping-eleovic.com\/wp-content\/uploads\/2023\/08\/max-griss-mTS722Spt6E-unsplash-819x1024.jpg\" class=\"attachment-large size-large\" alt=\"\" decoding=\"async\" srcset=\"https:\/\/www.camping-eleovic.com\/wp-content\/uploads\/2023\/08\/max-griss-mTS722Spt6E-unsplash-819x1024.jpg 819w, https:\/\/www.camping-eleovic.com\/wp-content\/uploads\/2023\/08\/max-griss-mTS722Spt6E-unsplash-240x300.jpg 240w, https:\/\/www.camping-eleovic.com\/wp-content\/uploads\/2023\/08\/max-griss-mTS722Spt6E-unsplash-768x960.jpg 768w, https:\/\/www.camping-eleovic.com\/wp-content\/uploads\/2023\/08\/max-griss-mTS722Spt6E-unsplash-1229x1536.jpg 1229w, https:\/\/www.camping-eleovic.com\/wp-content\/uploads\/2023\/08\/max-griss-mTS722Spt6E-unsplash-1638x2048.jpg 1638w, https:\/\/www.camping-eleovic.com\/wp-content\/uploads\/2023\/08\/max-griss-mTS722Spt6E-unsplash-scaled.jpg 2048w\" sizes=\"(max-width: 819px) 100vw, 819px\" title=\"\">        <\/article>\r\n              <a href=\"https:\/\/www.camping-eleovic.com\/en\/alentours\/semaphore-of-pointe-saint-gildas-prefailles\/\" class=\"lieu-alentour currentCat visuel\" data-cat=\"visites-culturelles-en\" data-slug=\"semaphore-of-pointe-saint-gildas-prefailles\" data-icone=\"\" data-couleur=\"\" data-latitude=\"47.1337026\" data-longitude=\"-2.2457048\">\r\n          <div class=\"texte-lieu\">\r\n            <p class=\"categorie-lieu\">\r\n              <i class=\"default-icon sa\"><\/i>Cultural visits            <\/p>\r\n            <p class=\"titre-lieu\">S\u00e9maphore de la pointe Saint Gildas <span class=\"icon-hover-card\"><\/span><\/p>\r\n          <\/div>\r\n          <img width=\"1024\" height=\"683\" src=\"https:\/\/www.camping-eleovic.com\/wp-content\/uploads\/2026\/01\/1920x1440_le-semaphore-de-prefailles-melanie-chaigneau-2157-1024x683.jpg\" class=\"attachment-large size-large\" alt=\"\" decoding=\"async\" srcset=\"https:\/\/www.camping-eleovic.com\/wp-content\/uploads\/2026\/01\/1920x1440_le-semaphore-de-prefailles-melanie-chaigneau-2157-1024x683.jpg 1024w, https:\/\/www.camping-eleovic.com\/wp-content\/uploads\/2026\/01\/1920x1440_le-semaphore-de-prefailles-melanie-chaigneau-2157-300x200.jpg 300w, https:\/\/www.camping-eleovic.com\/wp-content\/uploads\/2026\/01\/1920x1440_le-semaphore-de-prefailles-melanie-chaigneau-2157-768x512.jpg 768w, https:\/\/www.camping-eleovic.com\/wp-content\/uploads\/2026\/01\/1920x1440_le-semaphore-de-prefailles-melanie-chaigneau-2157-1536x1024.jpg 1536w, https:\/\/www.camping-eleovic.com\/wp-content\/uploads\/2026\/01\/1920x1440_le-semaphore-de-prefailles-melanie-chaigneau-2157.jpg 1920w\" sizes=\"(max-width: 1024px) 100vw, 1024px\" title=\"\">        <\/a>\r\n              <a href=\"https:\/\/www.camping-eleovic.com\/en\/alentours\/tourism-office-prefailles\/\" class=\"lieu-alentour currentCat visuel\" data-cat=\"visites-culturelles-en\" data-slug=\"tourism-office-prefailles\" data-icone=\"\" data-couleur=\"\" data-latitude=\"47.1287739\" data-longitude=\"-2.2171818\">\r\n          <div class=\"texte-lieu\">\r\n            <p class=\"categorie-lieu\">\r\n              <i class=\"default-icon sa\"><\/i>Cultural visits            <\/p>\r\n            <p class=\"titre-lieu\">Tourisme \u00e0 Pr\u00e9failles <span class=\"icon-hover-card\"><\/span><\/p>\r\n          <\/div>\r\n          <img width=\"600\" height=\"400\" src=\"https:\/\/www.camping-eleovic.com\/wp-content\/uploads\/2023\/08\/pornic-alentours.jpg\" class=\"attachment-large size-large\" alt=\"\" decoding=\"async\" srcset=\"https:\/\/www.camping-eleovic.com\/wp-content\/uploads\/2023\/08\/pornic-alentours.jpg 600w, https:\/\/www.camping-eleovic.com\/wp-content\/uploads\/2023\/08\/pornic-alentours-300x200.jpg 300w\" sizes=\"(max-width: 600px) 100vw, 600px\" title=\"\">        <\/a>\r\n              <article class=\"lieu-alentour currentCat visuel\" data-cat=\"activites-de-loisirs-en\" data-slug=\"zoo-planete-sauvage-camping-eleovic-prefailles-near-pornic\" data-icone=\"\" data-couleur=\"\" data-latitude=\"47.1190806\" data-longitude=\"-1.7648109\">\r\n          <div class=\"texte-lieu\">\r\n            <p class=\"categorie-lieu\">\r\n              <i class=\"default-icon sa\"><\/i>Leisure activities            <\/p>\r\n            <p class=\"titre-lieu\">Zoo Plan\u00e8te Sauvage<\/p>\r\n          <\/div>\r\n          <img width=\"1024\" height=\"768\" src=\"https:\/\/www.camping-eleovic.com\/wp-content\/uploads\/2023\/08\/alex-kairoff-wroYJ7eOS18-unsplash-1024x768.jpg\" class=\"attachment-large size-large\" alt=\"\" decoding=\"async\" srcset=\"https:\/\/www.camping-eleovic.com\/wp-content\/uploads\/2023\/08\/alex-kairoff-wroYJ7eOS18-unsplash-1024x768.jpg 1024w, https:\/\/www.camping-eleovic.com\/wp-content\/uploads\/2023\/08\/alex-kairoff-wroYJ7eOS18-unsplash-300x225.jpg 300w, https:\/\/www.camping-eleovic.com\/wp-content\/uploads\/2023\/08\/alex-kairoff-wroYJ7eOS18-unsplash-768x576.jpg 768w, https:\/\/www.camping-eleovic.com\/wp-content\/uploads\/2023\/08\/alex-kairoff-wroYJ7eOS18-unsplash-1536x1152.jpg 1536w, https:\/\/www.camping-eleovic.com\/wp-content\/uploads\/2023\/08\/alex-kairoff-wroYJ7eOS18-unsplash.jpg 1920w\" sizes=\"(max-width: 1024px) 100vw, 1024px\" title=\"\">        <\/article>\r\n              <a href=\"https:\/\/www.camping-eleovic.com\/en\/alentours\/pornic-trainstation\/\" class=\"lieu-alentour currentCat visuel\" data-cat=\"activites-de-loisirs-en\" data-slug=\"pornic-trainstation\" data-icone=\"\" data-couleur=\"\" data-latitude=\"47.114529\" data-longitude=\"-2.097659\">\r\n          <div class=\"texte-lieu\">\r\n            <p class=\"categorie-lieu\">\r\n              <i class=\"default-icon sa\"><\/i>Leisure activities            <\/p>\r\n            <p class=\"titre-lieu\">Pornic <span class=\"icon-hover-card\"><\/span><\/p>\r\n          <\/div>\r\n          <img width=\"600\" height=\"400\" src=\"https:\/\/www.camping-eleovic.com\/wp-content\/uploads\/2023\/08\/gare-pornic.jpg\" class=\"attachment-large size-large\" alt=\"\" decoding=\"async\" srcset=\"https:\/\/www.camping-eleovic.com\/wp-content\/uploads\/2023\/08\/gare-pornic.jpg 600w, https:\/\/www.camping-eleovic.com\/wp-content\/uploads\/2023\/08\/gare-pornic-300x200.jpg 300w\" sizes=\"(max-width: 600px) 100vw, 600px\" title=\"\">        <\/a>\r\n          <\/div>\r\n    <div id='page_navigation'><\/div>\r\n  <\/div>\r\n\r\n  <div id=\"map-alentours\" class=\"wp-block-column\">\r\n    <div id=\"map\"><\/div>\r\n  <\/div>\r\n\r\n<\/section>\r\n\r\n<\/div>\n","protected":false},"excerpt":{"rendered":"<p>Visit Pr\u00e9failles and the surrounding area in Loire-Atlantique During your stay at camping Eleovic, come and discover the region&#8217;s must-sees ! Take advantage of the many cycling and hiking trails to discover Pointe Saint Gildas, a listed tourist attraction and the second most visited site in Loire-Atlantique, and much more besides. Discover the fascinating history [&hellip;]<\/p>\n","protected":false},"author":1,"featured_media":0,"parent":0,"menu_order":0,"comment_status":"closed","ping_status":"closed","template":"","meta":[],"acf":[],"_links":{"self":[{"href":"https:\/\/www.camping-eleovic.com\/en\/wp-json\/wp\/v2\/pages\/1176"}],"collection":[{"href":"https:\/\/www.camping-eleovic.com\/en\/wp-json\/wp\/v2\/pages"}],"about":[{"href":"https:\/\/www.camping-eleovic.com\/en\/wp-json\/wp\/v2\/types\/page"}],"author":[{"embeddable":true,"href":"https:\/\/www.camping-eleovic.com\/en\/wp-json\/wp\/v2\/users\/1"}],"replies":[{"embeddable":true,"href":"https:\/\/www.camping-eleovic.com\/en\/wp-json\/wp\/v2\/comments?post=1176"}],"version-history":[{"count":5,"href":"https:\/\/www.camping-eleovic.com\/en\/wp-json\/wp\/v2\/pages\/1176\/revisions"}],"predecessor-version":[{"id":2856,"href":"https:\/\/www.camping-eleovic.com\/en\/wp-json\/wp\/v2\/pages\/1176\/revisions\/2856"}],"wp:attachment":[{"href":"https:\/\/www.camping-eleovic.com\/en\/wp-json\/wp\/v2\/media?parent=1176"}],"curies":[{"name":"wp","href":"https:\/\/api.w.org\/{rel}","templated":true}]}}