{"id":2577,"date":"2025-08-08T12:21:33","date_gmt":"2025-08-08T10:21:33","guid":{"rendered":"https:\/\/www.camping-eleovic.com\/?page_id=2577"},"modified":"2025-08-08T12:27:11","modified_gmt":"2025-08-08T10:27:11","slug":"atlantikkuste-frankreich-wohnmobil","status":"publish","type":"page","link":"https:\/\/www.camping-eleovic.com\/de\/atlantikkuste-frankreich-wohnmobil\/","title":{"rendered":"Atlantikk\u00fcste\u202fFrankreich\u202fWohnmobil\u202f"},"content":{"rendered":"\n<div class=\"is-layout-flow wp-block-group alignfull diaporama-header\">\n<figure class=\"is-layout-flex wp-block-gallery-1 wp-block-gallery has-nested-images columns-default is-cropped fc-diapo fc-auto\">\n<figure class=\"wp-block-image size-full fc-auto\"><img decoding=\"async\" width=\"1920\" height=\"747\" src=\"https:\/\/www.camping-eleovic.com\/wp-content\/uploads\/2023\/10\/campingeleovic.webp\" alt=\"Camping in der Loire-Atlantique\" class=\"wp-image-1397\" srcset=\"https:\/\/www.camping-eleovic.com\/wp-content\/uploads\/2023\/10\/campingeleovic.webp 1920w, https:\/\/www.camping-eleovic.com\/wp-content\/uploads\/2023\/10\/campingeleovic-300x117.webp 300w, https:\/\/www.camping-eleovic.com\/wp-content\/uploads\/2023\/10\/campingeleovic-1024x398.webp 1024w, https:\/\/www.camping-eleovic.com\/wp-content\/uploads\/2023\/10\/campingeleovic-768x299.webp 768w, https:\/\/www.camping-eleovic.com\/wp-content\/uploads\/2023\/10\/campingeleovic-1536x598.webp 1536w\" sizes=\"(max-width: 1920px) 100vw, 1920px\" title=\"\"><\/figure>\n<\/figure>\n\n\n  <div class=\"sc-searchbar wp-block-buttons\">\r\n    <div class=\"wp-block-button btn_resa show-mob\">\r\n      <a class=\"wp-block-button__link wp-element-button\"><span class=\"fc-icon\" style=\"width:30px; height:30px\"><svg xmlns=\"http:\/\/www.w3.org\/2000\/svg\" viewBox=\"0 0 512 512\"><!--! Font Awesome Pro 6.4.0 by @fontawesome - https:\/\/fontawesome.com License - https:\/\/fontawesome.com\/license (Commercial License) Copyright 2023 Fonticons, Inc. --><path d=\"M384 208A176 176 0 1 0 32 208a176 176 0 1 0 352 0zM343.3 366C307 397.2 259.7 416 208 416C93.1 416 0 322.9 0 208S93.1 0 208 0S416 93.1 416 208c0 51.7-18.8 99-50 135.3L507.3 484.7c6.2 6.2 6.2 16.4 0 22.6s-16.4 6.2-22.6 0L343.3 366z\"><\/path><\/svg><\/span> Buche deinen Aufenthalt<\/a>\r\n    <\/div>\r\n  <\/div>\r\n  \n<\/div>\n\n\n\n<section class=\"is-layout-constrained wp-block-group alignfull deco--cabane\">\n<h1 class=\"has-text-align-center\"><span class=\"fc-span\">Mit dem Wohnmobil entlang der franz\u00f6sischen Atlantikk\u00fcste<\/span> \u2013 eine Reise f\u00fcr jede Jahreszeit<\/h1>\n\n\n\n<p class=\"has-text-align-center\">Die <strong>franz\u00f6sische Atlantikk\u00fcste<\/strong> erstreckt sich von der Bretagne bis ins Baskenland und bietet eine einzigartige Mischung aus wilden Str\u00e4nden, charmanten H\u00e4fen und lebendigen St\u00e4dten. Eine <strong>Reise mit dem Wohnmobil<\/strong> erm\u00f6glicht es, diese Vielfalt in vollem Umfang zu genie\u00dfen \u2013 mit der Freiheit, \u00fcberall anzuhalten und die Region im eigenen Tempo zu entdecken.<\/p>\n\n\n\n<p class=\"has-text-align-center\"> <\/p>\n\n\n\n<ul class=\"pictos col-3 centre\">\n<li><span class=\"fc-icon\" style=\"width:30px; height:30px\"><svg xmlns=\"http:\/\/www.w3.org\/2000\/svg\" viewBox=\"0 0 576 512\"><!--! Font Awesome Pro 6.4.0 by @fontawesome - https:\/\/fontawesome.com License - https:\/\/fontawesome.com\/license (Commercial License) Copyright 2023 Fonticons, Inc. --><path d=\"M133.8 106.8C150.3 118 171.1 128 192 128s41.6-9.9 58.2-21.2c9.8-6.7 18-14 25.9-21.9c6.6-6.5 17.2-6.5 23.7 0c7.9 7.9 16.2 15.2 26 21.9C342.3 118 363.1 128 384 128s41.6-9.9 58.2-21.2c9.8-6.7 18-14 25.9-21.9c6.6-6.5 17.2-6.5 23.7 0c7.9 7.9 16.2 15.2 26 21.9c12.8 8.7 28.1 16.6 44.1 19.8c7.7 1.5 14.1 7.8 14.1 15.7c0 9.8-8 17.9-17.7 16.2c-23.1-4-43.6-15-58.5-25.2c-7.9-5.4-14.7-10.8-19.8-15.3c-5.1 4.5-11.8 9.9-19.8 15.3C441.5 145.9 414.3 160 384 160s-57.6-14.1-76.2-26.8c-7.9-5.4-14.7-10.8-19.8-15.3c-5.1 4.5-11.8 9.9-19.8 15.3C249.5 145.9 222.3 160 192 160s-57.6-14.1-76.2-26.8c-7.9-5.4-14.6-10.8-19.8-15.3c-5.1 4.5-11.8 9.9-19.8 15.3c-14.9 10.2-35.4 21.2-58.5 25.2C8 160.1 0 152 0 142.2c0-7.9 6.4-14.1 14.1-15.7c15.9-3.1 31.3-11.1 44-19.8c9.8-6.7 18-14 25.9-21.9c6.6-6.5 17.2-6.6 23.8 0c7.9 7.9 16.2 15.2 25.9 21.9zm0 288C150.3 406 171.1 416 192 416s41.6-9.9 58.2-21.2c9.8-6.7 18-14 25.9-21.9c6.6-6.5 17.2-6.5 23.7 0c7.9 7.9 16.2 15.2 26 21.9C342.3 406 363.1 416 384 416s41.6-9.9 58.2-21.2c9.8-6.7 18-14 25.9-21.9c6.6-6.5 17.2-6.6 23.7 0c7.9 7.9 16.2 15.2 26 21.9c12.8 8.7 28.1 16.6 44.1 19.8c7.7 1.5 14.1 7.8 14.1 15.7c0 9.8-8 17.9-17.7 16.2c-23.1-4-43.6-15-58.5-25.2c-7.9-5.4-14.7-10.8-19.8-15.3c-5.1 4.5-11.8 9.9-19.8 15.3C441.5 433.9 414.3 448 384 448s-57.6-14.1-76.2-26.8c-7.9-5.4-14.7-10.8-19.8-15.3c-5.1 4.5-11.8 9.9-19.8 15.3C249.5 433.9 222.3 448 192 448s-57.6-14.1-76.2-26.8c-7.9-5.4-14.6-10.8-19.8-15.3c-5.1 4.5-11.8 9.9-19.8 15.3c-14.9 10.2-35.4 21.2-58.5 25.2C8 448.1 0 440 0 430.2c0-7.9 6.4-14.1 14.1-15.7c15.9-3.1 31.3-11.1 44-19.8c9.8-6.7 18-14 25.9-21.9c6.6-6.5 17.2-6.6 23.8 0c7.9 7.9 16.2 15.2 25.9 21.9zM192 272c20.9 0 41.6-9.9 58.2-21.2c9.8-6.7 18-14 25.9-21.9c6.6-6.5 17.2-6.5 23.7 0c7.9 7.9 16.2 15.2 26 21.9C342.3 262 363.1 272 384 272s41.6-9.9 58.2-21.2c9.8-6.7 18-14 25.9-21.9c6.6-6.5 17.2-6.5 23.7 0c7.9 7.9 16.2 15.2 26 21.9c12.8 8.7 28.1 16.6 44.1 19.8c7.7 1.5 14.1 7.8 14.1 15.7c0 9.8-8 17.9-17.7 16.2c-23.1-4-43.6-15-58.5-25.2c-7.9-5.4-14.7-10.8-19.8-15.3c-5.1 4.5-11.8 9.9-19.8 15.3C441.5 289.9 414.3 304 384 304s-57.6-14.1-76.2-26.8c-7.9-5.4-14.7-10.8-19.8-15.3c-5.1 4.5-11.8 9.9-19.8 15.3C249.5 289.9 222.3 304 192 304s-57.6-14.1-76.2-26.8c-7.9-5.4-14.6-10.8-19.8-15.3c-5.1 4.5-11.8 9.9-19.8 15.3c-14.9 10.2-35.4 21.2-58.5 25.2C8 304.1 0 296 0 286.2c0-7.9 6.4-14.1 14.1-15.7c15.9-3.1 31.3-11.1 44-19.8c9.8-6.7 18-14 25.9-21.9c6.6-6.5 17.2-6.6 23.8 0c7.9 7.9 16.2 15.2 25.9 21.9C150.3 262 171.1 272 192 272z\"\/><\/svg><\/span> Blick und Zugang zum Meer<\/li>\n\n\n\n<li><span class=\"fc-icon\" style=\"width:30px; height:30px\"><svg xmlns=\"http:\/\/www.w3.org\/2000\/svg\" viewBox=\"0 0 640 512\"><!--! Font Awesome Pro 6.4.0 by @fontawesome - https:\/\/fontawesome.com License - https:\/\/fontawesome.com\/license (Commercial License) Copyright 2023 Fonticons, Inc. --><path d=\"M416 64c70.7 0 128 57.3 128 128V384H480V168c0-22.1-17.9-40-40-40H360c-22.1 0-40 17.9-40 40V384H282.5c-13.2-37.3-48.7-64-90.5-64s-77.4 26.7-90.5 64H80c-26.5 0-48-21.5-48-48V112c0-26.5 21.5-48 48-48H416zM80 416H96c0 53 43 96 96 96s96-43 96-96h64 96 96 32l48 0c8.8 0 16-7.2 16-16s-7.2-16-16-16l-48 0V192c0-88.4-71.6-160-160-160H80C35.8 32 0 67.8 0 112V336c0 44.2 35.8 80 80 80zM448 224H416c-8.8 0-16 7.2-16 16s7.2 16 16 16h32V384H352V168c0-4.4 3.6-8 8-8h80c4.4 0 8 3.6 8 8v56zM128 160H256v64H128V160zm-32 0v64c0 17.7 14.3 32 32 32H256c17.7 0 32-14.3 32-32V160c0-17.7-14.3-32-32-32H128c-17.7 0-32 14.3-32 32zm96 192a64 64 0 1 1 0 128 64 64 0 1 1 0-128z\"\/><\/svg><\/span> Wohnmobilstellplatz<\/li>\n\n\n\n<li><span class=\"fc-icon\" style=\"width:30px; height:30px\"><svg xmlns=\"http:\/\/www.w3.org\/2000\/svg\" viewBox=\"0 0 384 512\"><!--! Font Awesome Pro 6.4.0 by @fontawesome - https:\/\/fontawesome.com License - https:\/\/fontawesome.com\/license (Commercial License) Copyright 2023 Fonticons, Inc. --><path d=\"M352 192c0-88.4-71.6-160-160-160S32 103.6 32 192c0 15.6 5.4 37 16.6 63.4c10.9 25.9 26.2 54 43.6 82.1c34.1 55.3 74.4 108.2 99.9 140c25.4-31.8 65.8-84.7 99.9-140c17.3-28.1 32.7-56.3 43.6-82.1C346.6 229 352 207.6 352 192zm32 0c0 87.4-117 243-168.3 307.2c-12.3 15.3-35.1 15.3-47.4 0C117 435 0 279.4 0 192C0 86 86 0 192 0S384 86 384 192zm-240 0a48 48 0 1 0 96 0 48 48 0 1 0 -96 0zm48 80a80 80 0 1 1 0-160 80 80 0 1 1 0 160z\"\/><\/svg><\/span> Pr\u00e9failles<\/li>\n<\/ul>\n<\/section>\n\n\n\n<div class=\"is-layout-flex wp-container-9 wp-block-columns alignfull E-10 deco--brush-top reverse-mob has-beige-background-color has-background\">\n<div class=\"is-layout-flow wp-block-column\">\n<figure class=\"is-layout-flex wp-block-gallery-5 wp-block-gallery has-nested-images columns-2 is-cropped fc-auto\">\n<figure class=\"wp-block-image size-large fc-auto\"><img decoding=\"async\" width=\"900\" height=\"693\" src=\"https:\/\/www.camping-eleovic.com\/wp-content\/uploads\/2025\/08\/ADO-quiberon-atlantikkuste.jpg\" alt=\"Atlantikk\u00fcste Frankreich Wohnmobil\" class=\"wp-image-2600\" srcset=\"https:\/\/www.camping-eleovic.com\/wp-content\/uploads\/2025\/08\/ADO-quiberon-atlantikkuste.jpg 900w, https:\/\/www.camping-eleovic.com\/wp-content\/uploads\/2025\/08\/ADO-quiberon-atlantikkuste-300x231.jpg 300w, https:\/\/www.camping-eleovic.com\/wp-content\/uploads\/2025\/08\/ADO-quiberon-atlantikkuste-768x591.jpg 768w\" sizes=\"(max-width: 900px) 100vw, 900px\" title=\"\"><figcaption class=\"wp-element-caption\">Quiberon &#8211; Bretagne<\/figcaption><\/figure>\n\n\n\n<figure class=\"wp-block-image size-large fc-auto\"><img decoding=\"async\" width=\"900\" height=\"506\" src=\"https:\/\/www.camping-eleovic.com\/wp-content\/uploads\/2025\/08\/ADO-guerande-vue-du-ciel.jpg\" alt=\"\" class=\"wp-image-2591\" srcset=\"https:\/\/www.camping-eleovic.com\/wp-content\/uploads\/2025\/08\/ADO-guerande-vue-du-ciel.jpg 900w, https:\/\/www.camping-eleovic.com\/wp-content\/uploads\/2025\/08\/ADO-guerande-vue-du-ciel-300x169.jpg 300w, https:\/\/www.camping-eleovic.com\/wp-content\/uploads\/2025\/08\/ADO-guerande-vue-du-ciel-768x432.jpg 768w\" sizes=\"(max-width: 900px) 100vw, 900px\" title=\"\"><figcaption class=\"wp-element-caption\">Gu\u00e9rande<\/figcaption><\/figure>\n<\/figure>\n<\/div>\n\n\n\n<div class=\"is-layout-flow wp-block-column is-vertically-aligned-center E-10__right deco--bamboo\">\n<h2>Von der Bretagne bis in die Loire-Atlantique: erste Etappen<\/h2>\n\n\n\n<p>F\u00fcr eine abwechslungsreiche Tour lohnt es sich, die Reise in <strong>Quiberon<\/strong> zu beginnen. Die Halbinsel ist ber\u00fchmt f\u00fcr ihre wilde Atlantikk\u00fcste mit steilen Klippen und langen Sandstr\u00e4nden. Von hier aus erreicht man auch leicht den <strong>Golf von Morbihan<\/strong>, eine der sch\u00f6nsten Buchten Frankreichs mit vielen Stellpl\u00e4tzen in Hafenn\u00e4he.<\/p>\n\n\n\n<p>In der <strong>Loire-Atlantique<\/strong> locken die mittelalterliche Stadt <a href=\"https:\/\/www.camping-eleovic.com\/de\/camping-guerande\/\">Gu\u00e9rande <\/a>mit ihren Salzg\u00e4rten und der Badeort <strong>La Baule<\/strong> mit seinem langen, sichelf\u00f6rmigen Strand. Diese K\u00fcstenregion verbindet Kultur, Kulinarik und Naturerlebnisse auf ideale Weise.<\/p>\n<\/div>\n<\/div>\n\n\n\n<div class=\"is-layout-flex wp-container-14 wp-block-columns\">\n<div class=\"is-layout-flow wp-block-column\">\n<h2>Ein perfekter Stopp: Camping \u00c9l\u00e9ovic in Pr\u00e9failles<\/h2>\n\n\n\n<p>Unterwegs empfiehlt sich ein Zwischenstopp im <a href=\"https:\/\/www.camping-eleovic.com\/de\/\">Camping \u00c9l\u00e9ovic in Pr\u00e9failles<\/a>, nur 10 km von Pornic entfernt. Der famili\u00e4r gef\u00fchrte Platz liegt traumhaft auf einem kleinen H\u00fcgel <strong>mit Blick auf den Atlantik<\/strong> und bietet <strong>direkten Zugang zum Strand La Raize<\/strong> \u2013 ideal, um nach mehreren Reisetagen zu entspannen.<\/p>\n\n\n\n<p>F\u00fcr Wohnmobilreisende gibt es:<\/p>\n\n\n\n<ul>\n<li>Gro\u00dfe Stellpl\u00e4tze mit oder ohne <strong>privates Sanit\u00e4r<\/strong><\/li>\n\n\n\n<li>Ver- und Entsorgungsstation f\u00fcr Frisch- und Abwasser<\/li>\n\n\n\n<li>Beheiztes <a href=\"https:\/\/www.camping-eleovic.com\/de\/camping-mit-pool-frankreich\/\">Hallenbad<\/a>, das das ganze Jahr ge\u00f6ffnet ist<\/li>\n\n\n\n<li><a href=\"https:\/\/www.camping-eleovic.com\/de\/familien-camping-frankreich-atlantik\/\">Saisonale Animationen<\/a> und Kinderclubs f\u00fcr Familien<\/li>\n\n\n\n<li><a href=\"https:\/\/www.camping-eleovic.com\/de\/mobilheim-frankreich-atlantikkuste\/\">Komfortable Mobilheime<\/a> f\u00fcr eine erholsame Auszeit<\/li>\n<\/ul>\n\n\n\n<p>Dank der direkten Strandlage sind Spazierg\u00e4nge am Wasser, Muschelsammeln oder einfach der Blick auf das Meer jederzeit m\u00f6glich.<\/p>\n\n\n\n<div class=\"is-content-justification-center is-layout-flex wp-container-10 wp-block-buttons\">\n<div class=\"wp-block-button\"><a class=\"wp-block-button__link wp-element-button\" href=\"https:\/\/www.camping-eleovic.com\/de\/stellplatze-camping-atlantikkuste\/\"><span class=\"fc-icon\" style=\"width:30px; height:30px\"><svg xmlns=\"http:\/\/www.w3.org\/2000\/svg\" viewBox=\"0 0 576 512\"><!--! Font Awesome Pro 6.4.0 by @fontawesome - https:\/\/fontawesome.com License - https:\/\/fontawesome.com\/license (Commercial License) Copyright 2023 Fonticons, Inc. --><path d=\"M394.3 3.7c6.8 5.7 7.7 15.8 2 22.5L308.9 130.4 532.8 397.2C540 405.8 544 416.7 544 428v36c0 26.5-21.5 48-48 48H288 80c-26.5 0-48-21.5-48-48V428c0-11.3 4-22.2 11.2-30.9L267.1 130.4 179.7 26.3c-5.7-6.8-4.8-16.9 2-22.5s16.9-4.8 22.5 2L288 105.5 371.7 5.7c5.7-6.8 15.8-7.7 22.5-2zM67.7 417.7c-2.4 2.9-3.7 6.5-3.7 10.3v36c0 8.8 7.2 16 16 16h49.9l1.5-1.9 144-184c3-3.9 7.7-6.1 12.6-6.1s9.6 2.3 12.6 6.1l144 184 1.5 1.9H496c8.8 0 16-7.2 16-16V428c0-3.8-1.3-7.4-3.7-10.3L288 155.3 67.7 417.7zM170.6 480H288 405.4L288 330 170.6 480z\"\/><\/svg><\/span> Siehe Wohnmobilstellplatz<\/a><\/div>\n\n\n\n<div class=\"wp-block-button btn_resa fc-style-2\"><a class=\"wp-block-button__link wp-element-button\"><span class=\"fc-icon\" style=\"width:30px; height:30px\"><svg xmlns=\"http:\/\/www.w3.org\/2000\/svg\" viewBox=\"0 0 512 512\"><!--! Font Awesome Pro 6.4.0 by @fontawesome - https:\/\/fontawesome.com License - https:\/\/fontawesome.com\/license (Commercial License) Copyright 2023 Fonticons, Inc. --><path d=\"M384 208A176 176 0 1 0 32 208a176 176 0 1 0 352 0zM343.3 366C307 397.2 259.7 416 208 416C93.1 416 0 322.9 0 208S93.1 0 208 0S416 93.1 416 208c0 51.7-18.8 99-50 135.3L507.3 484.7c6.2 6.2 6.2 16.4 0 22.6s-16.4 6.2-22.6 0L343.3 366z\"\/><\/svg><\/span> Buchen<\/a><\/div>\n<\/div>\n\n\n\n<figure class=\"is-layout-flex wp-block-gallery-11 wp-block-gallery has-nested-images columns-5 is-cropped fc-auto\">\n<figure class=\"wp-block-image size-large fc-auto\"><img decoding=\"async\" width=\"1024\" height=\"473\" src=\"https:\/\/www.camping-eleovic.com\/wp-content\/uploads\/2025\/01\/Design-sans-titre-1-1024x473.png\" alt=\"stellplatze camping atlantikkuste\" class=\"wp-image-2248\" srcset=\"https:\/\/www.camping-eleovic.com\/wp-content\/uploads\/2025\/01\/Design-sans-titre-1-1024x473.png 1024w, https:\/\/www.camping-eleovic.com\/wp-content\/uploads\/2025\/01\/Design-sans-titre-1-300x139.png 300w, https:\/\/www.camping-eleovic.com\/wp-content\/uploads\/2025\/01\/Design-sans-titre-1-768x355.png 768w, https:\/\/www.camping-eleovic.com\/wp-content\/uploads\/2025\/01\/Design-sans-titre-1-1536x710.png 1536w, https:\/\/www.camping-eleovic.com\/wp-content\/uploads\/2025\/01\/Design-sans-titre-1.png 2000w\" sizes=\"(max-width: 1024px) 100vw, 1024px\" title=\"\"><\/figure>\n\n\n\n<figure class=\"wp-block-image size-large fc-auto\"><img decoding=\"async\" width=\"1024\" height=\"473\" src=\"https:\/\/www.camping-eleovic.com\/wp-content\/uploads\/2024\/08\/espace-zen-piscine.jpg\" alt=\"Entspannungsbereich mit Wasser\" class=\"wp-image-2030\" srcset=\"https:\/\/www.camping-eleovic.com\/wp-content\/uploads\/2024\/08\/espace-zen-piscine.jpg 1024w, https:\/\/www.camping-eleovic.com\/wp-content\/uploads\/2024\/08\/espace-zen-piscine-300x139.jpg 300w, https:\/\/www.camping-eleovic.com\/wp-content\/uploads\/2024\/08\/espace-zen-piscine-768x355.jpg 768w\" sizes=\"(max-width: 1024px) 100vw, 1024px\" title=\"\"><\/figure>\n\n\n\n<figure class=\"wp-block-image size-large fc-auto\"><img decoding=\"async\" width=\"1024\" height=\"473\" src=\"https:\/\/www.camping-eleovic.com\/wp-content\/uploads\/2024\/05\/IMG-20240519-WA0005-1-1024x473.jpg\" alt=\"Campingstellplatz mit Meerblick an der Atlantikk\u00fcste\" class=\"wp-image-1896\" srcset=\"https:\/\/www.camping-eleovic.com\/wp-content\/uploads\/2024\/05\/IMG-20240519-WA0005-1-1024x473.jpg 1024w, https:\/\/www.camping-eleovic.com\/wp-content\/uploads\/2024\/05\/IMG-20240519-WA0005-1-300x139.jpg 300w, https:\/\/www.camping-eleovic.com\/wp-content\/uploads\/2024\/05\/IMG-20240519-WA0005-1-768x355.jpg 768w, https:\/\/www.camping-eleovic.com\/wp-content\/uploads\/2024\/05\/IMG-20240519-WA0005-1-1536x709.jpg 1536w, https:\/\/www.camping-eleovic.com\/wp-content\/uploads\/2024\/05\/IMG-20240519-WA0005-1.jpg 1600w\" sizes=\"(max-width: 1024px) 100vw, 1024px\" title=\"\"><\/figure>\n\n\n\n<figure class=\"wp-block-image size-large fc-auto\"><img decoding=\"async\" width=\"1024\" height=\"720\" src=\"https:\/\/www.camping-eleovic.com\/wp-content\/uploads\/2024\/04\/Design-sans-titre-44-1024x720.png\" alt=\"Spielplatz auf dem Campingplatz\" class=\"wp-image-1866\" srcset=\"https:\/\/www.camping-eleovic.com\/wp-content\/uploads\/2024\/04\/Design-sans-titre-44-1024x720.png 1024w, https:\/\/www.camping-eleovic.com\/wp-content\/uploads\/2024\/04\/Design-sans-titre-44-300x211.png 300w, https:\/\/www.camping-eleovic.com\/wp-content\/uploads\/2024\/04\/Design-sans-titre-44-768x540.png 768w, https:\/\/www.camping-eleovic.com\/wp-content\/uploads\/2024\/04\/Design-sans-titre-44-1536x1080.png 1536w, https:\/\/www.camping-eleovic.com\/wp-content\/uploads\/2024\/04\/Design-sans-titre-44.png 1604w\" sizes=\"(max-width: 1024px) 100vw, 1024px\" title=\"\"><\/figure>\n\n\n\n<figure class=\"wp-block-image size-large fc-auto\"><img decoding=\"async\" width=\"1024\" height=\"473\" src=\"https:\/\/www.camping-eleovic.com\/wp-content\/uploads\/2024\/05\/IMG-20240519-WA0004-1024x473.jpg\" alt=\"Wohnmobilstellplatz in Pr\u00e9failles\" class=\"wp-image-1892\" srcset=\"https:\/\/www.camping-eleovic.com\/wp-content\/uploads\/2024\/05\/IMG-20240519-WA0004-1024x473.jpg 1024w, https:\/\/www.camping-eleovic.com\/wp-content\/uploads\/2024\/05\/IMG-20240519-WA0004-300x139.jpg 300w, https:\/\/www.camping-eleovic.com\/wp-content\/uploads\/2024\/05\/IMG-20240519-WA0004-768x355.jpg 768w, https:\/\/www.camping-eleovic.com\/wp-content\/uploads\/2024\/05\/IMG-20240519-WA0004-1536x709.jpg 1536w, https:\/\/www.camping-eleovic.com\/wp-content\/uploads\/2024\/05\/IMG-20240519-WA0004.jpg 1600w\" sizes=\"(max-width: 1024px) 100vw, 1024px\" title=\"\"><\/figure>\n<\/figure>\n<\/div>\n<\/div>\n\n\n\n<div class=\"is-layout-flex wp-container-20 wp-block-columns\">\n<div class=\"is-layout-flow wp-block-column deco--oiseaux\" style=\"flex-basis:50%\">\n<h2>Sehenswertes rund um Pr\u00e9failles<\/h2>\n\n\n\n<p>Von Pr\u00e9failles aus lassen sich viele Ausflugsziele leicht erreichen:<\/p>\n\n\n\n<ul>\n<li><strong>Pornic<\/strong> mit seinem alten Hafen und dem K\u00fcstenwanderweg<\/li>\n\n\n\n<li><a href=\"https:\/\/www.camping-eleovic.com\/de\/campingplatz-saint-nazaire\/\">Saint-Nazaire<\/a> und die beeindruckenden Werften<\/li>\n\n\n\n<li><strong>\u00cele de Noirmoutier<\/strong>, erreichbar \u00fcber den Passage du Gois bei Ebbe<\/li>\n\n\n\n<li><strong>Le Croisic<\/strong> und die wilde K\u00fcste \u2013 ideal f\u00fcr Naturfreunde<\/li>\n<\/ul>\n\n\n\n<p>Radfahrer k\u00f6nnen direkt vom Campingplatz auf den <strong>V\u00e9loc\u00e9an-Radweg<\/strong> starten, der den K\u00fcstenverlauf begleitet.<\/p>\n\n\n\n<h2>Weiter in den S\u00fcden<\/h2>\n\n\n\n<p>Die Reise kann von hier aus in Richtung S\u00fcden fortgesetzt werden:<\/p>\n\n\n\n<ul>\n<li><strong>Les Sables-d\u2019Olonne<\/strong> (Vend\u00e9e) \u2013 lebendiger Badeort und Startpunkt der Vend\u00e9e Globe<\/li>\n\n\n\n<li><strong>La Rochelle<\/strong> (Charente-Maritime) \u2013 historischer Hafen mit maritimer Atmosph\u00e4re<\/li>\n\n\n\n<li><strong>Bassin d\u2019Arcachon<\/strong> (Gironde) \u2013 bekannt f\u00fcr Austern und die Dune du Pilat<\/li>\n\n\n\n<li><strong>Les Landes<\/strong> \u2013 endlose Str\u00e4nde, Pinienw\u00e4lder und beste Surfbedingungen<\/li>\n\n\n\n<li><strong>Baskenland<\/strong> \u2013 mit Saint-Jean-de-Luz, Biarritz und Bayonne als kulturelle Highlights<\/li>\n<\/ul>\n\n\n\n<div class=\"is-layout-flex wp-block-buttons\">\n<div class=\"wp-block-button\"><a class=\"wp-block-button__link wp-element-button\" href=\"https:\/\/www.camping-eleovic.com\/de\/pays-de-la-loire-sehenswurdigkeiten\/\"><span class=\"fc-icon\" style=\"width:30px; height:30px\"><svg xmlns=\"http:\/\/www.w3.org\/2000\/svg\" viewBox=\"0 0 448 512\"><!--! Font Awesome Pro 6.4.0 by @fontawesome - https:\/\/fontawesome.com License - https:\/\/fontawesome.com\/license (Commercial License) Copyright 2023 Fonticons, Inc. --><path d=\"M28.7 348.7c-6.2 6.2-6.2 16.4 0 22.6s16.4 6.2 22.6 0l10-10C99 394.1 145.1 412.1 192 415.4V480H80c-8.8 0-16 7.2-16 16s7.2 16 16 16H336c8.8 0 16-7.2 16-16s-7.2-16-16-16H224V415.4c51.9-3.7 102.7-25.4 142.4-65c83.7-83.7 87.3-217.1 10.9-305.1l10-10c6.2-6.2 6.2-16.4 0-22.6s-16.4-6.2-22.6 0L343.8 33.6c-6.2 6.2-6.2 16.4 0 22.6c75 75 75 196.5 0 271.5s-196.5 75-271.5 0c-6.2-6.2-16.4-6.2-22.6 0L28.7 348.7zM80 192a128 128 0 1 1 256 0A128 128 0 1 1 80 192zm288 0A160 160 0 1 0 48 192a160 160 0 1 0 320 0z\"\/><\/svg><\/span>  Zu entdecken<\/a><\/div>\n<\/div>\n<\/div>\n\n\n\n<div class=\"is-layout-flow wp-block-column\">\n<figure class=\"is-layout-flex wp-block-gallery-17 wp-block-gallery has-nested-images columns-2 is-cropped fc-auto\">\n<figure class=\"wp-block-image size-large fc-auto\"><img decoding=\"async\" width=\"900\" height=\"600\" src=\"https:\/\/www.camping-eleovic.com\/wp-content\/uploads\/2025\/08\/ADO-la-rochelle-atlantikkuste.jpg\" alt=\"\" class=\"wp-image-2609\" srcset=\"https:\/\/www.camping-eleovic.com\/wp-content\/uploads\/2025\/08\/ADO-la-rochelle-atlantikkuste.jpg 900w, https:\/\/www.camping-eleovic.com\/wp-content\/uploads\/2025\/08\/ADO-la-rochelle-atlantikkuste-300x200.jpg 300w, https:\/\/www.camping-eleovic.com\/wp-content\/uploads\/2025\/08\/ADO-la-rochelle-atlantikkuste-768x512.jpg 768w\" sizes=\"(max-width: 900px) 100vw, 900px\" title=\"\"><figcaption class=\"wp-element-caption\">La Rochelle<\/figcaption><\/figure>\n\n\n\n<figure class=\"wp-block-image size-large fc-auto\"><img decoding=\"async\" width=\"900\" height=\"600\" src=\"https:\/\/www.camping-eleovic.com\/wp-content\/uploads\/2025\/08\/ADO-noirmoutier-atlantikkuste.jpg\" alt=\"\" class=\"wp-image-2603\" srcset=\"https:\/\/www.camping-eleovic.com\/wp-content\/uploads\/2025\/08\/ADO-noirmoutier-atlantikkuste.jpg 900w, https:\/\/www.camping-eleovic.com\/wp-content\/uploads\/2025\/08\/ADO-noirmoutier-atlantikkuste-300x200.jpg 300w, https:\/\/www.camping-eleovic.com\/wp-content\/uploads\/2025\/08\/ADO-noirmoutier-atlantikkuste-768x512.jpg 768w\" sizes=\"(max-width: 900px) 100vw, 900px\" title=\"\"><figcaption class=\"wp-element-caption\">Noirmoutier<\/figcaption><\/figure>\n\n\n\n<figure class=\"wp-block-image size-large fc-auto\"><img decoding=\"async\" width=\"900\" height=\"600\" src=\"https:\/\/www.camping-eleovic.com\/wp-content\/uploads\/2025\/08\/ADO-arcachon-atlantikkuste.jpg\" alt=\"\" class=\"wp-image-2606\" srcset=\"https:\/\/www.camping-eleovic.com\/wp-content\/uploads\/2025\/08\/ADO-arcachon-atlantikkuste.jpg 900w, https:\/\/www.camping-eleovic.com\/wp-content\/uploads\/2025\/08\/ADO-arcachon-atlantikkuste-300x200.jpg 300w, https:\/\/www.camping-eleovic.com\/wp-content\/uploads\/2025\/08\/ADO-arcachon-atlantikkuste-768x512.jpg 768w\" sizes=\"(max-width: 900px) 100vw, 900px\" title=\"\"><figcaption class=\"wp-element-caption\">Arcachon<\/figcaption><\/figure>\n\n\n\n<figure class=\"wp-block-image size-large fc-auto\"><img decoding=\"async\" width=\"900\" height=\"601\" src=\"https:\/\/www.camping-eleovic.com\/wp-content\/uploads\/2025\/08\/atlantikkuste-landes.jpg\" alt=\"\" class=\"wp-image-2594\" srcset=\"https:\/\/www.camping-eleovic.com\/wp-content\/uploads\/2025\/08\/atlantikkuste-landes.jpg 900w, https:\/\/www.camping-eleovic.com\/wp-content\/uploads\/2025\/08\/atlantikkuste-landes-300x200.jpg 300w, https:\/\/www.camping-eleovic.com\/wp-content\/uploads\/2025\/08\/atlantikkuste-landes-768x513.jpg 768w\" sizes=\"(max-width: 900px) 100vw, 900px\" title=\"\"><figcaption class=\"wp-element-caption\">Les Landes<\/figcaption><\/figure>\n<\/figure>\n<\/div>\n<\/div>\n\n\n\n<div class=\"is-layout-flex wp-container-26 wp-block-columns alignfull E-10 deco--brush-top reverse-mob has-beige-background-color has-background\">\n<div class=\"is-layout-flow wp-block-column\">\n<figure class=\"is-layout-flex wp-block-gallery-21 wp-block-gallery has-nested-images columns-default is-cropped fc-diapo fc-full\">\n<figure class=\"wp-block-image size-large fc-auto\"><img decoding=\"async\" width=\"900\" height=\"600\" src=\"https:\/\/www.camping-eleovic.com\/wp-content\/uploads\/2025\/07\/ADO-activites-chiens.jpg\" alt=\"\" class=\"wp-image-2561\" srcset=\"https:\/\/www.camping-eleovic.com\/wp-content\/uploads\/2025\/07\/ADO-activites-chiens.jpg 900w, https:\/\/www.camping-eleovic.com\/wp-content\/uploads\/2025\/07\/ADO-activites-chiens-300x200.jpg 300w, https:\/\/www.camping-eleovic.com\/wp-content\/uploads\/2025\/07\/ADO-activites-chiens-768x512.jpg 768w\" sizes=\"(max-width: 900px) 100vw, 900px\" title=\"\"><\/figure>\n\n\n\n<figure class=\"wp-block-image size-large fc-auto\"><img decoding=\"async\" width=\"900\" height=\"601\" src=\"https:\/\/www.camping-eleovic.com\/wp-content\/uploads\/2025\/04\/ADO-randonnee-pornic-2.jpg\" alt=\"\" class=\"wp-image-2435\" srcset=\"https:\/\/www.camping-eleovic.com\/wp-content\/uploads\/2025\/04\/ADO-randonnee-pornic-2.jpg 900w, https:\/\/www.camping-eleovic.com\/wp-content\/uploads\/2025\/04\/ADO-randonnee-pornic-2-300x200.jpg 300w, https:\/\/www.camping-eleovic.com\/wp-content\/uploads\/2025\/04\/ADO-randonnee-pornic-2-768x513.jpg 768w\" sizes=\"(max-width: 900px) 100vw, 900px\" title=\"\"><\/figure>\n\n\n\n<figure class=\"wp-block-image size-large fc-auto\"><img decoding=\"async\" width=\"900\" height=\"600\" src=\"https:\/\/www.camping-eleovic.com\/wp-content\/uploads\/2024\/10\/ADO-carrelet-tharon-plage.jpg\" alt=\"carrelet tharon plage\" class=\"wp-image-2142\" srcset=\"https:\/\/www.camping-eleovic.com\/wp-content\/uploads\/2024\/10\/ADO-carrelet-tharon-plage.jpg 900w, https:\/\/www.camping-eleovic.com\/wp-content\/uploads\/2024\/10\/ADO-carrelet-tharon-plage-300x200.jpg 300w, https:\/\/www.camping-eleovic.com\/wp-content\/uploads\/2024\/10\/ADO-carrelet-tharon-plage-768x512.jpg 768w\" sizes=\"(max-width: 900px) 100vw, 900px\" title=\"\"><\/figure>\n\n\n\n<figure class=\"wp-block-image size-large fc-auto\"><img decoding=\"async\" width=\"1024\" height=\"473\" src=\"https:\/\/www.camping-eleovic.com\/wp-content\/uploads\/2024\/06\/1000015202-1024x473.jpg\" alt=\"\" class=\"wp-image-1932\" srcset=\"https:\/\/www.camping-eleovic.com\/wp-content\/uploads\/2024\/06\/1000015202-1024x473.jpg 1024w, https:\/\/www.camping-eleovic.com\/wp-content\/uploads\/2024\/06\/1000015202-300x139.jpg 300w, https:\/\/www.camping-eleovic.com\/wp-content\/uploads\/2024\/06\/1000015202-768x355.jpg 768w, https:\/\/www.camping-eleovic.com\/wp-content\/uploads\/2024\/06\/1000015202-1536x710.jpg 1536w, https:\/\/www.camping-eleovic.com\/wp-content\/uploads\/2024\/06\/1000015202-2048x946.jpg 2048w\" sizes=\"(max-width: 1024px) 100vw, 1024px\" title=\"\"><\/figure>\n\n\n\n<figure class=\"wp-block-image size-large fc-auto\"><img decoding=\"async\" width=\"1024\" height=\"681\" src=\"https:\/\/www.camping-eleovic.com\/wp-content\/uploads\/2023\/11\/pluie-la-plaine-sur-mer.jpg\" alt=\"\" class=\"wp-image-1559\" srcset=\"https:\/\/www.camping-eleovic.com\/wp-content\/uploads\/2023\/11\/pluie-la-plaine-sur-mer.jpg 1024w, https:\/\/www.camping-eleovic.com\/wp-content\/uploads\/2023\/11\/pluie-la-plaine-sur-mer-300x200.jpg 300w, https:\/\/www.camping-eleovic.com\/wp-content\/uploads\/2023\/11\/pluie-la-plaine-sur-mer-768x511.jpg 768w\" sizes=\"(max-width: 1024px) 100vw, 1024px\" title=\"\"><\/figure>\n\n\n\n<figure class=\"wp-block-image size-large fc-auto\"><img decoding=\"async\" width=\"1024\" height=\"702\" src=\"https:\/\/www.camping-eleovic.com\/wp-content\/uploads\/2023\/08\/le-sixieme-reve-vCoUvo0gCwA-unsplash-1.jpg\" alt=\"\" class=\"wp-image-248\" srcset=\"https:\/\/www.camping-eleovic.com\/wp-content\/uploads\/2023\/08\/le-sixieme-reve-vCoUvo0gCwA-unsplash-1.jpg 1024w, https:\/\/www.camping-eleovic.com\/wp-content\/uploads\/2023\/08\/le-sixieme-reve-vCoUvo0gCwA-unsplash-1-300x206.jpg 300w, https:\/\/www.camping-eleovic.com\/wp-content\/uploads\/2023\/08\/le-sixieme-reve-vCoUvo0gCwA-unsplash-1-768x527.jpg 768w\" sizes=\"(max-width: 1024px) 100vw, 1024px\" title=\"\"><\/figure>\n<\/figure>\n<\/div>\n\n\n\n<div class=\"is-layout-flow wp-block-column E-10__right deco--bamboo\">\n<h2>Die Atlantikk\u00fcste zu jeder Jahreszeit entdecken<\/h2>\n\n\n\n<p>Einer der gr\u00f6\u00dften Vorteile dieser Route: Sie ist <strong>ganzj\u00e4hrig<\/strong> attraktiv, und jede Saison hat ihre besonderen Reize:<\/p>\n\n\n\n<ul>\n<li><strong>Fr\u00fchling<\/strong> \u2013 Milde Temperaturen und bl\u00fchende Natur, perfekt f\u00fcr Wanderungen und Radtouren. Weniger Besucher bedeuten ruhige Str\u00e4nde und entspannte Besichtigungen.<\/li>\n\n\n\n<li><strong>Sommer<\/strong> \u2013 Hochsaison f\u00fcr Badefreunde, Wassersport und Hafenfeste. Lange Tage und warme Abende laden zu Picknicks am Meer ein. Fr\u00fchzeitige Stellplatzreservierung empfohlen.<\/li>\n\n\n\n<li><strong>Herbst<\/strong> \u2013 Goldene Farben und mildes Klima, ideal f\u00fcr Surfen, Angeln und regionale Spezialit\u00e4ten wie Muscheln oder Jakobsmuscheln. Wanderwege sind angenehm leer.<\/li>\n\n\n\n<li><strong>Winter<\/strong> \u2013 Spektakul\u00e4re Wellen und stimmungsvolle K\u00fcstenlandschaften f\u00fcr Natur- und Fotoliebhaber. Ruhige Campingpl\u00e4tze und freie Stellpl\u00e4tze, ideal f\u00fcr erholsame Pausen mit Blick aufs Meer.<\/li>\n<\/ul>\n\n\n\n<p>Mit seiner <strong>Lage direkt am Ozean<\/strong>, den <strong>wohnmobilfreundlichen Einrichtungen<\/strong> und der N\u00e4he zu zahlreichen Ausflugszielen ist der <strong>Camping \u00c9l\u00e9ovic<\/strong> in Pr\u00e9failles ein idealer Zwischenstopp auf einer Tour entlang der Atlantikk\u00fcste. Egal, ob Sie in Etappen reisen oder l\u00e4ngere Aufenthalte einplanen \u2013 hier verbinden sich Komfort, Natur und regionale Entdeckungen zu einem unvergesslichen Reiseerlebnis.<\/p>\n\n\n\n<div class=\"is-content-justification-center is-layout-flex wp-container-24 wp-block-buttons\">\n<div class=\"wp-block-button\"><a class=\"wp-block-button__link wp-element-button\" href=\"https:\/\/www.camping-eleovic.com\/de\/stellplatze-camping-atlantikkuste\/\"><span class=\"fc-icon\" style=\"width:30px; height:30px\"><svg xmlns=\"http:\/\/www.w3.org\/2000\/svg\" viewBox=\"0 0 576 512\"><!--! Font Awesome Pro 6.4.0 by @fontawesome - https:\/\/fontawesome.com License - https:\/\/fontawesome.com\/license (Commercial License) Copyright 2023 Fonticons, Inc. --><path d=\"M394.3 3.7c6.8 5.7 7.7 15.8 2 22.5L308.9 130.4 532.8 397.2C540 405.8 544 416.7 544 428v36c0 26.5-21.5 48-48 48H288 80c-26.5 0-48-21.5-48-48V428c0-11.3 4-22.2 11.2-30.9L267.1 130.4 179.7 26.3c-5.7-6.8-4.8-16.9 2-22.5s16.9-4.8 22.5 2L288 105.5 371.7 5.7c5.7-6.8 15.8-7.7 22.5-2zM67.7 417.7c-2.4 2.9-3.7 6.5-3.7 10.3v36c0 8.8 7.2 16 16 16h49.9l1.5-1.9 144-184c3-3.9 7.7-6.1 12.6-6.1s9.6 2.3 12.6 6.1l144 184 1.5 1.9H496c8.8 0 16-7.2 16-16V428c0-3.8-1.3-7.4-3.7-10.3L288 155.3 67.7 417.7zM170.6 480H288 405.4L288 330 170.6 480z\"\/><\/svg><\/span> Siehe Wohnmobilstellplatz<\/a><\/div>\n\n\n\n<div class=\"wp-block-button btn_resa fc-style-2\"><a class=\"wp-block-button__link wp-element-button\"><span class=\"fc-icon\" style=\"width:30px; height:30px\"><svg xmlns=\"http:\/\/www.w3.org\/2000\/svg\" viewBox=\"0 0 512 512\"><!--! Font Awesome Pro 6.4.0 by @fontawesome - https:\/\/fontawesome.com License - https:\/\/fontawesome.com\/license (Commercial License) Copyright 2023 Fonticons, Inc. --><path d=\"M384 208A176 176 0 1 0 32 208a176 176 0 1 0 352 0zM343.3 366C307 397.2 259.7 416 208 416C93.1 416 0 322.9 0 208S93.1 0 208 0S416 93.1 416 208c0 51.7-18.8 99-50 135.3L507.3 484.7c6.2 6.2 6.2 16.4 0 22.6s-16.4 6.2-22.6 0L343.3 366z\"\/><\/svg><\/span> Buchen<\/a><\/div>\n<\/div>\n<\/div>\n<\/div>\n","protected":false},"excerpt":{"rendered":"<p>Mit dem Wohnmobil entlang der franz\u00f6sischen Atlantikk\u00fcste \u2013 eine Reise f\u00fcr jede Jahreszeit Die franz\u00f6sische Atlantikk\u00fcste erstreckt sich von der Bretagne bis ins Baskenland und bietet eine einzigartige Mischung aus wilden Str\u00e4nden, charmanten H\u00e4fen und lebendigen St\u00e4dten. Eine Reise mit dem Wohnmobil erm\u00f6glicht es, diese Vielfalt in vollem Umfang zu genie\u00dfen \u2013 mit der Freiheit, [&hellip;]<\/p>\n","protected":false},"author":1,"featured_media":0,"parent":0,"menu_order":0,"comment_status":"closed","ping_status":"closed","template":"","meta":[],"acf":[],"_links":{"self":[{"href":"https:\/\/www.camping-eleovic.com\/de\/wp-json\/wp\/v2\/pages\/2577"}],"collection":[{"href":"https:\/\/www.camping-eleovic.com\/de\/wp-json\/wp\/v2\/pages"}],"about":[{"href":"https:\/\/www.camping-eleovic.com\/de\/wp-json\/wp\/v2\/types\/page"}],"author":[{"embeddable":true,"href":"https:\/\/www.camping-eleovic.com\/de\/wp-json\/wp\/v2\/users\/1"}],"replies":[{"embeddable":true,"href":"https:\/\/www.camping-eleovic.com\/de\/wp-json\/wp\/v2\/comments?post=2577"}],"version-history":[{"count":6,"href":"https:\/\/www.camping-eleovic.com\/de\/wp-json\/wp\/v2\/pages\/2577\/revisions"}],"predecessor-version":[{"id":2619,"href":"https:\/\/www.camping-eleovic.com\/de\/wp-json\/wp\/v2\/pages\/2577\/revisions\/2619"}],"wp:attachment":[{"href":"https:\/\/www.camping-eleovic.com\/de\/wp-json\/wp\/v2\/media?parent=2577"}],"curies":[{"name":"wp","href":"https:\/\/api.w.org\/{rel}","templated":true}]}}