{"id":2448,"date":"2025-05-06T15:54:04","date_gmt":"2025-05-06T13:54:04","guid":{"rendered":"https:\/\/www.camping-eleovic.com\/?page_id=2448"},"modified":"2025-08-08T10:27:10","modified_gmt":"2025-08-08T08:27:10","slug":"camping-loire-atlantique","status":"publish","type":"page","link":"https:\/\/www.camping-eleovic.com\/de\/camping-loire-atlantique\/","title":{"rendered":"camping loire atlantique"},"content":{"rendered":"\n<div class=\"is-layout-flow wp-block-group alignfull diaporama-header\">\n<figure class=\"is-layout-flex wp-block-gallery-1 wp-block-gallery has-nested-images columns-default is-cropped fc-diapo fc-auto\">\n<figure class=\"wp-block-image size-full fc-auto\"><img decoding=\"async\" width=\"1920\" height=\"747\" src=\"https:\/\/www.camping-eleovic.com\/wp-content\/uploads\/2023\/10\/campingeleovic.webp\" alt=\"Camping in der Loire-Atlantique\" class=\"wp-image-1397\" srcset=\"https:\/\/www.camping-eleovic.com\/wp-content\/uploads\/2023\/10\/campingeleovic.webp 1920w, https:\/\/www.camping-eleovic.com\/wp-content\/uploads\/2023\/10\/campingeleovic-300x117.webp 300w, https:\/\/www.camping-eleovic.com\/wp-content\/uploads\/2023\/10\/campingeleovic-1024x398.webp 1024w, https:\/\/www.camping-eleovic.com\/wp-content\/uploads\/2023\/10\/campingeleovic-768x299.webp 768w, https:\/\/www.camping-eleovic.com\/wp-content\/uploads\/2023\/10\/campingeleovic-1536x598.webp 1536w\" sizes=\"(max-width: 1920px) 100vw, 1920px\" title=\"\"><\/figure>\n<\/figure>\n\n\n  <div class=\"sc-searchbar wp-block-buttons\">\r\n    <div class=\"wp-block-button btn_resa show-mob\">\r\n      <a class=\"wp-block-button__link wp-element-button\"><span class=\"fc-icon\" style=\"width:30px; height:30px\"><svg xmlns=\"http:\/\/www.w3.org\/2000\/svg\" viewBox=\"0 0 512 512\"><!--! Font Awesome Pro 6.4.0 by @fontawesome - https:\/\/fontawesome.com License - https:\/\/fontawesome.com\/license (Commercial License) Copyright 2023 Fonticons, Inc. --><path d=\"M384 208A176 176 0 1 0 32 208a176 176 0 1 0 352 0zM343.3 366C307 397.2 259.7 416 208 416C93.1 416 0 322.9 0 208S93.1 0 208 0S416 93.1 416 208c0 51.7-18.8 99-50 135.3L507.3 484.7c6.2 6.2 6.2 16.4 0 22.6s-16.4 6.2-22.6 0L343.3 366z\"><\/path><\/svg><\/span> Buche deinen Aufenthalt<\/a>\r\n    <\/div>\r\n  <\/div>\r\n  \n<\/div>\n\n\n\n<section class=\"is-layout-constrained wp-block-group alignfull deco--cabane\">\n<h1 class=\"has-text-align-center\">Camping in der Loire-Atlantique: <span class=\"fc-span\">Urlaub in Frankreich direkt am Meer<\/span><\/h1>\n\n\n\n<ul class=\"pictos big centre\">\n<li><span class=\"fc-icon\" style=\"width:30px; height:30px\"><svg xmlns=\"http:\/\/www.w3.org\/2000\/svg\" viewBox=\"0 0 576 512\"><!--! Font Awesome Pro 6.4.0 by @fontawesome - https:\/\/fontawesome.com License - https:\/\/fontawesome.com\/license (Commercial License) Copyright 2023 Fonticons, Inc. --><path d=\"M133.8 106.8C150.3 118 171.1 128 192 128s41.6-9.9 58.2-21.2c9.8-6.7 18-14 25.9-21.9c6.6-6.5 17.2-6.5 23.7 0c7.9 7.9 16.2 15.2 26 21.9C342.3 118 363.1 128 384 128s41.6-9.9 58.2-21.2c9.8-6.7 18-14 25.9-21.9c6.6-6.5 17.2-6.5 23.7 0c7.9 7.9 16.2 15.2 26 21.9c12.8 8.7 28.1 16.6 44.1 19.8c7.7 1.5 14.1 7.8 14.1 15.7c0 9.8-8 17.9-17.7 16.2c-23.1-4-43.6-15-58.5-25.2c-7.9-5.4-14.7-10.8-19.8-15.3c-5.1 4.5-11.8 9.9-19.8 15.3C441.5 145.9 414.3 160 384 160s-57.6-14.1-76.2-26.8c-7.9-5.4-14.7-10.8-19.8-15.3c-5.1 4.5-11.8 9.9-19.8 15.3C249.5 145.9 222.3 160 192 160s-57.6-14.1-76.2-26.8c-7.9-5.4-14.6-10.8-19.8-15.3c-5.1 4.5-11.8 9.9-19.8 15.3c-14.9 10.2-35.4 21.2-58.5 25.2C8 160.1 0 152 0 142.2c0-7.9 6.4-14.1 14.1-15.7c15.9-3.1 31.3-11.1 44-19.8c9.8-6.7 18-14 25.9-21.9c6.6-6.5 17.2-6.6 23.8 0c7.9 7.9 16.2 15.2 25.9 21.9zm0 288C150.3 406 171.1 416 192 416s41.6-9.9 58.2-21.2c9.8-6.7 18-14 25.9-21.9c6.6-6.5 17.2-6.5 23.7 0c7.9 7.9 16.2 15.2 26 21.9C342.3 406 363.1 416 384 416s41.6-9.9 58.2-21.2c9.8-6.7 18-14 25.9-21.9c6.6-6.5 17.2-6.6 23.7 0c7.9 7.9 16.2 15.2 26 21.9c12.8 8.7 28.1 16.6 44.1 19.8c7.7 1.5 14.1 7.8 14.1 15.7c0 9.8-8 17.9-17.7 16.2c-23.1-4-43.6-15-58.5-25.2c-7.9-5.4-14.7-10.8-19.8-15.3c-5.1 4.5-11.8 9.9-19.8 15.3C441.5 433.9 414.3 448 384 448s-57.6-14.1-76.2-26.8c-7.9-5.4-14.7-10.8-19.8-15.3c-5.1 4.5-11.8 9.9-19.8 15.3C249.5 433.9 222.3 448 192 448s-57.6-14.1-76.2-26.8c-7.9-5.4-14.6-10.8-19.8-15.3c-5.1 4.5-11.8 9.9-19.8 15.3c-14.9 10.2-35.4 21.2-58.5 25.2C8 448.1 0 440 0 430.2c0-7.9 6.4-14.1 14.1-15.7c15.9-3.1 31.3-11.1 44-19.8c9.8-6.7 18-14 25.9-21.9c6.6-6.5 17.2-6.6 23.8 0c7.9 7.9 16.2 15.2 25.9 21.9zM192 272c20.9 0 41.6-9.9 58.2-21.2c9.8-6.7 18-14 25.9-21.9c6.6-6.5 17.2-6.5 23.7 0c7.9 7.9 16.2 15.2 26 21.9C342.3 262 363.1 272 384 272s41.6-9.9 58.2-21.2c9.8-6.7 18-14 25.9-21.9c6.6-6.5 17.2-6.5 23.7 0c7.9 7.9 16.2 15.2 26 21.9c12.8 8.7 28.1 16.6 44.1 19.8c7.7 1.5 14.1 7.8 14.1 15.7c0 9.8-8 17.9-17.7 16.2c-23.1-4-43.6-15-58.5-25.2c-7.9-5.4-14.7-10.8-19.8-15.3c-5.1 4.5-11.8 9.9-19.8 15.3C441.5 289.9 414.3 304 384 304s-57.6-14.1-76.2-26.8c-7.9-5.4-14.7-10.8-19.8-15.3c-5.1 4.5-11.8 9.9-19.8 15.3C249.5 289.9 222.3 304 192 304s-57.6-14.1-76.2-26.8c-7.9-5.4-14.6-10.8-19.8-15.3c-5.1 4.5-11.8 9.9-19.8 15.3c-14.9 10.2-35.4 21.2-58.5 25.2C8 304.1 0 296 0 286.2c0-7.9 6.4-14.1 14.1-15.7c15.9-3.1 31.3-11.1 44-19.8c9.8-6.7 18-14 25.9-21.9c6.6-6.5 17.2-6.6 23.8 0c7.9 7.9 16.2 15.2 25.9 21.9C150.3 262 171.1 272 192 272z\"\/><\/svg><\/span>  Blick und Zugang zum Meer<\/li>\n\n\n\n<li><span class=\"fc-icon\" style=\"width:30px; height:30px\"><svg xmlns=\"http:\/\/www.w3.org\/2000\/svg\" viewBox=\"0 0 640 512\"><!--! Font Awesome Pro 6.4.0 by @fontawesome - https:\/\/fontawesome.com License - https:\/\/fontawesome.com\/license (Commercial License) Copyright 2023 Fonticons, Inc. --><path d=\"M167.6 11.9c12.8-15 35.9-15 48.7 0L318.5 131.8c4.1 4.8 6.4 11 6.4 17.4c0 14.8-12 26.8-26.8 26.8H286.1l61.4 67.4c4.5 4.9 7 11.3 7 17.9c0 14.7-11.9 26.6-26.6 26.6H312.7l65.6 84.4C382 377.2 384 383 384 389c0 14.9-12.1 27-27 27H235.1 208v80c0 8.8-7.2 16-16 16s-16-7.2-16-16V416H148.9 27c-14.9 0-27-12.1-27-27c0-6 2-11.8 5.7-16.6L71.3 288H56.2c-14.7 0-26.6-11.9-26.6-26.6c0-6.6 2.5-13 7-17.9L97.9 176H85.9c-14.8 0-26.8-12-26.8-26.8c0-6.4 2.3-12.5 6.4-17.4L167.6 11.9zM235.1 384H346.8L267.4 281.8c-3.7-4.8-4.4-11.4-1.7-16.9s8.3-9 14.4-9h35.7L238 170.8c-4.3-4.7-5.4-11.4-2.8-17.2s8.3-9.5 14.6-9.5h37L192 32.7 97.1 144h37c6.3 0 12.1 3.7 14.6 9.5s1.5 12.6-2.8 17.2L68.3 256H104c6.1 0 11.7 3.5 14.4 9s2 12-1.7 16.9L37.2 384H148.9 176V208c0-8.8 7.2-16 16-16s16 7.2 16 16V384h27.1zM423.5 12.6c12.7-15.4 36.2-15.6 49.1-.4l102 119.7c4.1 4.8 6.4 11 6.4 17.4c0 14.8-12 26.8-26.8 26.8H542.1l61.4 67.4c4.5 4.9 7 11.3 7 17.9c0 14.7-11.9 26.6-26.6 26.6H568.7l65.6 84.4C638 377.2 640 383 640 389c0 14.9-12.1 27-27 27H464v80c0 8.8-7.2 16-16 16s-16-7.2-16-16V400 208c0-8.8 7.2-16 16-16s16 7.2 16 16V384H602.8L523.4 281.8c-3.8-4.8-4.4-11.4-1.7-16.9s8.3-9 14.4-9h35.7L494 170.8c-4.3-4.7-5.4-11.4-2.8-17.2s8.3-9.5 14.6-9.5h37L448.2 32.9 388 106.2c-5.6 6.8-15.7 7.8-22.5 2.2s-7.8-15.7-2.2-22.5l60.2-73.2z\"\/><\/svg><\/span>  Nat\u00fcrliche Umgebung<\/li>\n\n\n\n<li><span class=\"fc-icon\" style=\"width:30px; height:30px\"><svg xmlns=\"http:\/\/www.w3.org\/2000\/svg\" viewBox=\"0 0 640 512\"><!--! Font Awesome Pro 6.4.0 by @fontawesome - https:\/\/fontawesome.com License - https:\/\/fontawesome.com\/license (Commercial License) Copyright 2023 Fonticons, Inc. --><path d=\"M392 32a24 24 0 1 1 0 48 24 24 0 1 1 0-48zm0 80A56 56 0 1 0 392 0a56 56 0 1 0 0 112zM224 384A96 96 0 1 1 32 384a96 96 0 1 1 192 0zM128 256a128 128 0 1 0 0 256 128 128 0 1 0 0-256zM608 384a96 96 0 1 1 -192 0 96 96 0 1 1 192 0zM512 256a128 128 0 1 0 0 256 128 128 0 1 0 0-256zM309.1 166.4c6.1-5.2 15.1-5.1 21.1 .3l59.1 53.2c2.9 2.6 6.8 4.1 10.7 4.1h80c8.8 0 16-7.2 16-16s-7.2-16-16-16H406.1l-54.5-49.1c-17.9-16.1-45-16.5-63.3-.8l-59.1 50.6c-23.9 20.5-21.9 58.1 4 76L320 328.4V416c0 8.8 7.2 16 16 16s16-7.2 16-16V320c0-5.3-2.6-10.2-6.9-13.2l-93.7-64.4c-8.7-6-9.3-18.5-1.3-25.3l59.1-50.6z\"\/><\/svg><\/span>  Nahe an Radwegen gelegen<\/li>\n\n\n\n<li><span class=\"fc-icon\" style=\"width:30px; height:30px\"><svg xmlns=\"http:\/\/www.w3.org\/2000\/svg\" viewBox=\"0 0 576 512\"><!--! Font Awesome Pro 6.4.0 by @fontawesome - https:\/\/fontawesome.com License - https:\/\/fontawesome.com\/license (Commercial License) Copyright 2023 Fonticons, Inc. --><path d=\"M322.9 349.5c8.2 6 13.1 15.6 13.1 25.8V456c0 13.3 10.7 24 24 24h16c13.3 0 24-10.7 24-24V261.9l-.1 0L307.6 208c-.3 0-.7 0-1 0H160 136 96V456c0 13.3 10.7 24 24 24h16c13.3 0 24-10.7 24-24V375.3c0-10.2 4.9-19.8 13.1-25.8s18.9-7.8 28.6-4.6c14.5 4.6 30.1 7.2 46.3 7.2s31.7-2.5 46.3-7.2c9.7-3.1 20.4-1.4 28.6 4.6zm82.9-130.7c2.6-15.4 15.9-26.7 31.6-26.7H480c35.3 0 64-28.7 64-64V112c0-8.8-7.2-16-16-16H496c-8.5 0-16.6-3.4-22.6-9.4L455.4 68.7c-3-3-7.1-4.7-11.3-4.7H400c-10.1 0-19.6-4.7-25.6-12.8L362.5 35.4 338.2 181.3c-.4 2.3-1 4.4-1.8 6.5l67.9 39.6 1.4-8.6zM45.6 159.3C54.5 169.7 67.6 176 82 176H96h40 24H306.7L331.9 24.8C334.2 10.5 346.6 0 361.2 0c9.3 0 18.1 4.4 23.8 11.9L400 32h44.1c12.7 0 24.9 5.1 33.9 14.1L496 64h32c26.5 0 48 21.5 48 48v16c0 53-43 96-96 96H437.3L432 256V456c0 30.9-25.1 56-56 56H360c-30.9 0-56-25.1-56-56V408.7 375.3c-10.3 3.3-21 5.7-32 7.1c-7.9 1-15.9 1.6-24 1.6s-16.1-.5-24-1.6c-11-1.4-21.7-3.8-32-7.1v33.3V456c0 30.9-25.1 56-56 56H120c-30.9 0-56-25.1-56-56V208c0-.7 0-1.4 .1-2c-.7-.2-1.4-.3-2.1-.5c-27.9-7.2-50.3-29.1-57.6-58.1L.5 131.9c-2.1-8.6 3.1-17.3 11.6-19.4s17.3 3.1 19.4 11.6l3.9 15.5c.3 1.4 .8 2.7 1.2 4.1c2 5.8 5.1 11.1 9 15.6zM432 96a16 16 0 1 1 0 32 16 16 0 1 1 0-32z\"\/><\/svg><\/span>  <a href=\"https:\/\/www.camping-eleovic.com\/de\/camping-mit-hund-frankreich-atlantikkuste\/\">Hunde willkommen<\/a><\/li>\n<\/ul>\n\n\n\n<p>Sie tr\u00e4umen von einem <a href=\"https:\/\/www.camping-eleovic.com\/de\/\">Campingurlaub in Frankreich<\/a>, direkt am Meer, in einer nat\u00fcrlichen und erholsamen Umgebung? Der <strong>Campingplatz \u00c9l\u00e9ovic<\/strong>, gelegen in der <strong>Loire-Atlantique<\/strong> an der <strong>Atlantikk\u00fcste<\/strong>, ist ein ideales Reiseziel f\u00fcr Camper aus Deutschland, die frische Meeresluft, neue Eindr\u00fccke und Aktivit\u00e4ten in der Natur suchen.<\/p>\n\n\n\n<p>Dieser <strong>4-Sterne-Campingplatz in der Loire-Atlantique<\/strong>, direkt gegen\u00fcber dem Atlantik gelegen, empf\u00e4ngt Sie in einer <strong>famili\u00e4ren und herzlichen Atmosph\u00e4re<\/strong>. Er bietet einen <strong>direkten Zugang zum Meer<\/strong>, was ihn zu einem echten <strong>Campingplatz \u201emit den F\u00fc\u00dfen im Wasser\u201c<\/strong> macht. Einige Stellpl\u00e4tze f\u00fcr Zelte oder Wohnmobile sowie mehrere Mobilheime bieten einen <strong>unverstellten Blick auf den Ozean<\/strong>. Mit dem Rauschen der Wellen aufzuwachen und den Atlantik direkt vor Augen zu haben, ist ein einmaliges Erlebnis, das Sie auf dem Campingplatz \u00c9l\u00e9ovic w\u00e4hrend Ihres Aufenthalts in <strong>Frankreich<\/strong> genie\u00dfen k\u00f6nnen.<\/p>\n<\/section>\n\n\n\n<div class=\"is-layout-flex wp-container-9 wp-block-columns fc-diapo-mob\">\n<div class=\"is-layout-flow wp-block-column\">\n<figure class=\"wp-block-image size-full fc-auto\"><img decoding=\"async\" width=\"800\" height=\"556\" src=\"https:\/\/www.camping-eleovic.com\/wp-content\/uploads\/2023\/08\/lodge_pilotis_vue_mer.jpg\" alt=\"mobilheim meerblick Loire-Atlantique\" class=\"wp-image-403\" srcset=\"https:\/\/www.camping-eleovic.com\/wp-content\/uploads\/2023\/08\/lodge_pilotis_vue_mer.jpg 800w, https:\/\/www.camping-eleovic.com\/wp-content\/uploads\/2023\/08\/lodge_pilotis_vue_mer-300x209.jpg 300w, https:\/\/www.camping-eleovic.com\/wp-content\/uploads\/2023\/08\/lodge_pilotis_vue_mer-768x534.jpg 768w\" sizes=\"(max-width: 800px) 100vw, 800px\" title=\"\"><\/figure>\n\n\n\n<ul class=\"pictos\">\n<li><span class=\"fc-icon\" style=\"width:30px; height:30px\"><svg xmlns=\"http:\/\/www.w3.org\/2000\/svg\" viewBox=\"0 0 576 512\"><!--! Font Awesome Pro 6.4.2 by @fontawesome - https:\/\/fontawesome.com License - https:\/\/fontawesome.com\/license (Commercial License) Copyright 2023 Fonticons, Inc. --><path d=\"M298.6 4c-6-5.3-15.1-5.3-21.2 0L5.4 244c-6.6 5.8-7.3 16-1.4 22.6s16 7.3 22.6 1.4L64 235V393c9.9-5.7 20.9-8.6 32-8.6V206.7L288 37.3 480 206.7V384.5c11.1 0 22.1 2.9 32 8.6V235l37.4 33c6.6 5.8 16.7 5.2 22.6-1.4s5.2-16.7-1.4-22.6L298.6 4zM208 208v96c0 17.7 14.3 32 32 32h96c17.7 0 32-14.3 32-32V208c0-17.7-14.3-32-32-32H240c-17.7 0-32 14.3-32 32zm128 0v96H240V208h96zM192 480c-20.9 0-41.7-9.9-58.2-21.2c-9.7-6.6-18-14-25.9-21.9c-6.6-6.5-17.2-6.5-23.8 0c-7.9 7.9-16.1 15.2-25.9 21.9c-12.8 8.7-28.1 16.6-44 19.8C6.4 480.1 0 486.4 0 494.2c0 9.8 8 17.9 17.7 16.2c23.1-4 43.6-15 58.5-25.2c7.9-5.4 14.6-10.8 19.8-15.3c5.1 4.5 11.9 9.9 19.8 15.3C134.4 497.9 161.7 512 192 512s57.5-14.1 76.2-26.8c7.9-5.4 14.6-10.8 19.8-15.3c5.1 4.5 11.9 9.9 19.8 15.3C326.4 497.9 353.7 512 384 512s57.5-14.1 76.2-26.8c7.9-5.4 14.6-10.8 19.8-15.3c5.1 4.5 11.9 9.9 19.8 15.3c15 10.2 35.4 21.2 58.5 25.2c9.7 1.7 17.7-6.4 17.7-16.2c0-7.9-6.4-14.1-14.1-15.7c-16-3.1-31.3-11.1-44.1-19.8c-9.8-6.7-18-14-26-21.9c-6.6-6.5-17.2-6.5-23.7 0c-7.9 7.9-16.1 15.2-25.9 21.9C425.6 470 404.9 480 384 480s-41.7-9.9-58.2-21.2c-9.8-6.7-18-14-26-21.9c-6.6-6.5-17.2-6.5-23.7 0c-7.9 7.9-16.1 15.2-25.9 21.9C233.6 470 212.9 480 192 480z\"\/><\/svg><\/span> <a href=\"https:\/\/www.camping-eleovic.com\/de\/mobilheim-frankreich-atlantikkuste\/\" data-type=\"page\" data-id=\"99\">Vermietungen  <br>Meerblick<\/a><\/li>\n<\/ul>\n<\/div>\n\n\n\n<div class=\"is-layout-flow wp-block-column\">\n<figure class=\"wp-block-image size-large fc-auto\"><img decoding=\"async\" width=\"1024\" height=\"576\" src=\"https:\/\/www.camping-eleovic.com\/wp-content\/uploads\/2023\/08\/00000952366-1024x576.webp\" alt=\"mobilheim Loire-Atlantique\" class=\"wp-image-642\" srcset=\"https:\/\/www.camping-eleovic.com\/wp-content\/uploads\/2023\/08\/00000952366-1024x576.webp 1024w, https:\/\/www.camping-eleovic.com\/wp-content\/uploads\/2023\/08\/00000952366-300x169.webp 300w, https:\/\/www.camping-eleovic.com\/wp-content\/uploads\/2023\/08\/00000952366-768x432.webp 768w, https:\/\/www.camping-eleovic.com\/wp-content\/uploads\/2023\/08\/00000952366.webp 1176w\" sizes=\"(max-width: 1024px) 100vw, 1024px\" title=\"\"><\/figure>\n\n\n\n<ul class=\"pictos\">\n<li><span class=\"fc-icon\" style=\"width:30px; height:30px\"><svg xmlns=\"http:\/\/www.w3.org\/2000\/svg\" width=\"30px\" viewBox=\"0 0 576 512\"><!--! Font Awesome Pro 6.4.0 by @fontawesome - https:\/\/fontawesome.com License - https:\/\/fontawesome.com\/license (Commercial License) Copyright 2023 Fonticons, Inc. --><path d=\"M298.6 4c-6-5.3-15.1-5.3-21.2 0L5.4 244c-6.6 5.8-7.3 16-1.4 22.6s16 7.3 22.6 1.4L64 235V432c0 44.2 35.8 80 80 80H432c44.2 0 80-35.8 80-80V235l37.4 33c6.6 5.8 16.7 5.2 22.6-1.4s5.2-16.7-1.4-22.6L298.6 4zM96 432V206.7L288 37.3 480 206.7V432c0 26.5-21.5 48-48 48H368V320c0-17.7-14.3-32-32-32H240c-17.7 0-32 14.3-32 32V480H144c-26.5 0-48-21.5-48-48zm144 48V320h96V480H240z\"\/><\/svg><\/span> <a href=\"https:\/\/www.camping-eleovic.com\/de\/mobilheim-frankreich-atlantikkuste\/\" data-type=\"page\" data-id=\"99\">Vermietungen  <br>Mobilheim<\/a><\/li>\n<\/ul>\n<\/div>\n\n\n\n<div class=\"is-layout-flow wp-block-column\">\n<figure class=\"wp-block-image size-full fc-auto\"><img decoding=\"async\" width=\"1024\" height=\"701\" src=\"https:\/\/www.camping-eleovic.com\/wp-content\/uploads\/2023\/08\/emplacement-camping-car-1024x701-1.jpg\" alt=\"stellpl\u00e4tze Loire-Atlantique frankreich mit Meerblick \" class=\"wp-image-289\" srcset=\"https:\/\/www.camping-eleovic.com\/wp-content\/uploads\/2023\/08\/emplacement-camping-car-1024x701-1.jpg 1024w, https:\/\/www.camping-eleovic.com\/wp-content\/uploads\/2023\/08\/emplacement-camping-car-1024x701-1-300x205.jpg 300w, https:\/\/www.camping-eleovic.com\/wp-content\/uploads\/2023\/08\/emplacement-camping-car-1024x701-1-768x526.jpg 768w\" sizes=\"(max-width: 1024px) 100vw, 1024px\" title=\"\"><\/figure>\n\n\n\n<ul class=\"pictos\">\n<li><span class=\"fc-icon\" style=\"width:30px; height:30px\"><svg width=\"124\" height=\"110\" viewBox=\"0 0 124 110\" xmlns=\"http:\/\/www.w3.org\/2000\/svg\">\n<g clip-path=\"url(#clip0_663_164)\">\n<path d=\"M41.3333 103.125C36.834 103.125 32.3563 100.998 28.8042 98.5705C26.716 97.1525 24.9292 95.5627 23.2285 93.8654C21.8076 92.4689 19.5257 92.4689 18.1049 93.8654C16.4042 95.5627 14.6389 97.131 12.5292 98.5705C9.77361 100.44 6.47986 102.137 3.05694 102.824C1.37778 103.147 0 104.5 0 106.176C0 108.281 1.72222 110.022 3.81042 109.656C8.78333 108.797 13.1965 106.434 16.4042 104.242C18.1049 103.082 19.5472 101.922 20.6667 100.955C21.7646 101.922 23.2285 103.082 24.9292 104.242C28.9333 106.971 34.8104 110 41.3333 110C47.8562 110 53.7118 106.971 57.7375 104.242C59.4382 103.082 60.8806 101.922 62 100.955C63.0979 101.922 64.5618 103.082 66.2625 104.242C70.2667 106.971 76.1438 110 82.6667 110C89.1896 110 95.0451 106.971 99.0708 104.242C100.772 103.082 102.214 101.922 103.333 100.955C104.431 101.922 105.895 103.082 107.596 104.242C110.825 106.434 115.217 108.797 120.19 109.656C122.278 110.022 124 108.281 124 106.176C124 104.479 122.622 103.147 120.965 102.803C117.52 102.137 114.226 100.418 111.471 98.549C109.361 97.1096 107.596 95.5412 105.874 93.8439C104.453 92.4474 102.171 92.4474 100.772 93.8439C99.0708 95.5412 97.3056 97.1096 95.1958 98.549C91.6222 100.977 87.166 103.125 82.6667 103.125C78.1674 103.125 73.6896 100.998 70.1375 98.5705C68.0278 97.131 66.2625 95.5627 64.5403 93.8654C63.1194 92.4689 60.8375 92.4689 59.4382 93.8654C57.7375 95.5627 55.9722 97.131 53.8625 98.5705C50.2889 100.977 45.8326 103.125 41.3333 103.125Z\" \/>\n<path fill-rule=\"evenodd\" clip-rule=\"evenodd\" d=\"M60.041 0.601562C61.225 -0.214844 62.775 -0.214844 63.9591 0.601562L111.363 33.2363C113.796 34.9121 115.389 37.5332 115.755 40.4551L122.546 94.6974C122.084 94.365 121.541 94.1259 120.965 94.0063C118.987 93.624 117.059 92.8945 115.254 91.9889L108.909 41.293C108.78 40.3262 108.263 39.4453 107.445 38.8867L65.4445 9.99023V47.2656L89.602 92.8201C87.3834 93.7354 85.031 94.3286 82.6667 94.3286L82.6089 94.3285L65.4445 61.9609V85.9428C65.1407 85.6554 64.8399 85.3641 64.5403 85.0688C63.1195 83.6724 60.8375 83.6724 59.4382 85.0688C59.1464 85.3601 58.8527 85.6476 58.5556 85.9312V9.99023L16.5549 38.8867C15.7368 39.4453 15.2202 40.3262 15.091 41.293L8.74384 92.0055C6.94224 92.9065 5.02087 93.6334 3.05698 94.0278C2.46954 94.1406 1.91899 94.3795 1.45142 94.7143L8.24518 40.4336C8.61115 37.5117 10.2042 34.8906 12.6368 33.2148L60.041 0.601562Z\" \/>\n<\/g>\n<defs>\n<clipPath id=\"clip0_663_164\">\n<rect width=\"124\" height=\"110\"\/>\n<\/clipPath>\n<\/defs>\n<\/svg>\n<\/span> <a href=\"https:\/\/www.camping-eleovic.com\/de\/stellplaetze-camping-4-etoiles-prefailles\/\" data-type=\"page\" data-id=\"101\"><\/a><a href=\"https:\/\/www.camping-eleovic.com\/de\/stellplatze-camping-atlantikkuste\/\">Stellpl\u00e4tze  <br>Meerblick<\/a><\/li>\n<\/ul>\n<\/div>\n\n\n\n<div class=\"is-layout-flow wp-block-column\">\n<figure class=\"wp-block-image size-large fc-auto\"><img decoding=\"async\" width=\"1024\" height=\"576\" src=\"https:\/\/www.camping-eleovic.com\/wp-content\/uploads\/2023\/10\/20180519_191738-1024x576.jpg\" alt=\"womo stellpl\u00e4tze frankreich Loire-Atlantique\" class=\"wp-image-1407\" srcset=\"https:\/\/www.camping-eleovic.com\/wp-content\/uploads\/2023\/10\/20180519_191738-1024x576.jpg 1024w, https:\/\/www.camping-eleovic.com\/wp-content\/uploads\/2023\/10\/20180519_191738-300x169.jpg 300w, https:\/\/www.camping-eleovic.com\/wp-content\/uploads\/2023\/10\/20180519_191738-768x432.jpg 768w, https:\/\/www.camping-eleovic.com\/wp-content\/uploads\/2023\/10\/20180519_191738-1536x864.jpg 1536w, https:\/\/www.camping-eleovic.com\/wp-content\/uploads\/2023\/10\/20180519_191738-2048x1152.jpg 2048w\" sizes=\"(max-width: 1024px) 100vw, 1024px\" title=\"\"><\/figure>\n\n\n\n<ul class=\"pictos\">\n<li><span class=\"fc-icon\" style=\"width:30px; height:30px\"><svg xmlns=\"http:\/\/www.w3.org\/2000\/svg\" viewBox=\"0 0 576 512\"><!--! Font Awesome Pro 6.4.2 by @fontawesome - https:\/\/fontawesome.com License - https:\/\/fontawesome.com\/license (Commercial License) Copyright 2023 Fonticons, Inc. --><path d=\"M278.9 2.8c5.5-3.8 12.7-3.8 18.2 0L517.3 154.7c11.3 7.8 18.7 20 20.4 33.6L571.4 458c3.6 28.6-18.8 54-47.6 54H52.2C23.4 512 1 486.7 4.6 458L38.3 188.2c1.7-13.6 9.1-25.8 20.4-33.6L278.9 2.8zM76.9 181c-3.8 2.6-6.2 6.7-6.8 11.2L36.4 462c-1.2 9.5 6.3 18 15.9 18H272V46.5L76.9 181zM405.4 480L304 288.4V480H405.4zm36.2 0h82.1c9.6 0 17.1-8.4 15.9-18L505.9 192.2c-.6-4.5-3-8.6-6.8-11.2L304 46.5V220L441.6 480z\"\/><\/svg><\/span> <a href=\"https:\/\/www.camping-eleovic.com\/de\/stellplaetze-camping-4-etoiles-prefailles\/\" data-type=\"page\" data-id=\"101\"><\/a><a href=\"https:\/\/www.camping-eleovic.com\/de\/stellplatze-camping-atlantikkuste\/\">Stellpl\u00e4tze  <br>Standards<\/a><\/li>\n<\/ul>\n<\/div>\n<\/div>\n\n\n\n<div class=\"is-layout-flex wp-container-14 wp-block-columns alignfull E-10 deco--brush-top reverse-mob has-beige-background-color has-background\">\n<div class=\"is-layout-flow wp-block-column\">\n<figure class=\"is-layout-flex wp-block-gallery-10 wp-block-gallery has-nested-images columns-default is-cropped fc-diapo fc-full\">\n<figure class=\"wp-block-image size-large fc-auto\"><img decoding=\"async\" width=\"1024\" height=\"683\" src=\"https:\/\/www.camping-eleovic.com\/wp-content\/uploads\/2023\/08\/r.jpg\" alt=\"animation beim camping Loire-Atlantique\" class=\"wp-image-309\" srcset=\"https:\/\/www.camping-eleovic.com\/wp-content\/uploads\/2023\/08\/r.jpg 1024w, https:\/\/www.camping-eleovic.com\/wp-content\/uploads\/2023\/08\/r-300x200.jpg 300w, https:\/\/www.camping-eleovic.com\/wp-content\/uploads\/2023\/08\/r-768x512.jpg 768w\" sizes=\"(max-width: 1024px) 100vw, 1024px\" title=\"\"><\/figure>\n\n\n\n<figure class=\"wp-block-image size-large fc-auto\"><img decoding=\"async\" width=\"1024\" height=\"768\" src=\"https:\/\/www.camping-eleovic.com\/wp-content\/uploads\/2023\/08\/20230809_144346-1024x768.jpg\" alt=\"\" class=\"wp-image-306\" srcset=\"https:\/\/www.camping-eleovic.com\/wp-content\/uploads\/2023\/08\/20230809_144346-1024x768.jpg 1024w, https:\/\/www.camping-eleovic.com\/wp-content\/uploads\/2023\/08\/20230809_144346-300x225.jpg 300w, https:\/\/www.camping-eleovic.com\/wp-content\/uploads\/2023\/08\/20230809_144346-768x576.jpg 768w, https:\/\/www.camping-eleovic.com\/wp-content\/uploads\/2023\/08\/20230809_144346-1536x1152.jpg 1536w, https:\/\/www.camping-eleovic.com\/wp-content\/uploads\/2023\/08\/20230809_144346.jpg 2000w\" sizes=\"(max-width: 1024px) 100vw, 1024px\" title=\"\"><\/figure>\n\n\n\n<figure class=\"wp-block-image size-large fc-auto\"><img decoding=\"async\" width=\"1024\" height=\"768\" src=\"https:\/\/www.camping-eleovic.com\/wp-content\/uploads\/2023\/08\/balancoire2-1024x768-1.jpg\" alt=\"\" class=\"wp-image-330\" srcset=\"https:\/\/www.camping-eleovic.com\/wp-content\/uploads\/2023\/08\/balancoire2-1024x768-1.jpg 1024w, https:\/\/www.camping-eleovic.com\/wp-content\/uploads\/2023\/08\/balancoire2-1024x768-1-300x225.jpg 300w, https:\/\/www.camping-eleovic.com\/wp-content\/uploads\/2023\/08\/balancoire2-1024x768-1-768x576.jpg 768w\" sizes=\"(max-width: 1024px) 100vw, 1024px\" title=\"\"><\/figure>\n\n\n\n<figure class=\"wp-block-image size-large fc-auto\"><img decoding=\"async\" width=\"1024\" height=\"700\" src=\"https:\/\/www.camping-eleovic.com\/wp-content\/uploads\/2023\/08\/animation-danse-1024x700-1.jpg\" alt=\"\" class=\"wp-image-312\" srcset=\"https:\/\/www.camping-eleovic.com\/wp-content\/uploads\/2023\/08\/animation-danse-1024x700-1.jpg 1024w, https:\/\/www.camping-eleovic.com\/wp-content\/uploads\/2023\/08\/animation-danse-1024x700-1-300x205.jpg 300w, https:\/\/www.camping-eleovic.com\/wp-content\/uploads\/2023\/08\/animation-danse-1024x700-1-768x525.jpg 768w\" sizes=\"(max-width: 1024px) 100vw, 1024px\" title=\"\"><\/figure>\n\n\n\n<figure class=\"wp-block-image size-large fc-auto\"><img decoding=\"async\" width=\"1024\" height=\"473\" src=\"https:\/\/www.camping-eleovic.com\/wp-content\/uploads\/2023\/08\/20230724_115321-Copie-1024x473.jpg\" alt=\"\" class=\"wp-image-303\" srcset=\"https:\/\/www.camping-eleovic.com\/wp-content\/uploads\/2023\/08\/20230724_115321-Copie-1024x473.jpg 1024w, https:\/\/www.camping-eleovic.com\/wp-content\/uploads\/2023\/08\/20230724_115321-Copie-300x139.jpg 300w, https:\/\/www.camping-eleovic.com\/wp-content\/uploads\/2023\/08\/20230724_115321-Copie-768x355.jpg 768w, https:\/\/www.camping-eleovic.com\/wp-content\/uploads\/2023\/08\/20230724_115321-Copie-1536x710.jpg 1536w, https:\/\/www.camping-eleovic.com\/wp-content\/uploads\/2023\/08\/20230724_115321-Copie-2048x946.jpg 2048w\" sizes=\"(max-width: 1024px) 100vw, 1024px\" title=\"\"><\/figure>\n\n\n\n<figure class=\"wp-block-image size-large fc-auto\"><img decoding=\"async\" width=\"1024\" height=\"700\" src=\"https:\/\/www.camping-eleovic.com\/wp-content\/uploads\/2023\/08\/seance-sport-1024x700-1.jpg\" alt=\"\" class=\"wp-image-318\" srcset=\"https:\/\/www.camping-eleovic.com\/wp-content\/uploads\/2023\/08\/seance-sport-1024x700-1.jpg 1024w, https:\/\/www.camping-eleovic.com\/wp-content\/uploads\/2023\/08\/seance-sport-1024x700-1-300x205.jpg 300w, https:\/\/www.camping-eleovic.com\/wp-content\/uploads\/2023\/08\/seance-sport-1024x700-1-768x525.jpg 768w\" sizes=\"(max-width: 1024px) 100vw, 1024px\" title=\"\"><\/figure>\n<\/figure>\n<\/div>\n\n\n\n<div class=\"is-layout-flow wp-block-column E-10__right deco--bamboo\">\n<h2>Ein 4-Sterne-Campingplatz zwischen Meer und Natur<\/h2>\n\n\n\n<p>Der <strong>Campingplatz \u00c9l\u00e9ovic<\/strong> bietet den vollen Komfort eines <strong>4-Sterne-Campingplatzes in Frankreich<\/strong>, ohne den urspr\u00fcnglichen Charme eines naturnahen Campings zu verlieren. Die <strong>baumreiche Umgebung<\/strong> sorgt f\u00fcr Ruhe und angenehme Frische \u2013 perfekt zum Entspannen in den Sommermonaten. Ein <strong>beheiztes Hallenbad<\/strong> steht Ihnen bei jedem Wetter zur Verf\u00fcgung, zus\u00e4tzlich zu den Badefreuden im nahen Meer. <strong>Haustiere sind erlaubt<\/strong>, was den Campingplatz zu einem idealen Urlaubsort f\u00fcr die ganze Familie macht \u2013 auch mit Hund oder Katze.<\/p>\n\n\n\n<p>Der Campingplatz bietet eine gro\u00dfe Auswahl an Unterk\u00fcnften \u2013 von <strong>ger\u00e4umigen Stellpl\u00e4tzen<\/strong> bis hin zu <strong>Mobilheimen mit Meerblick<\/strong>, ideal, um die franz\u00f6sische <strong>Atlantikk\u00fcste<\/strong> in vollen Z\u00fcgen zu genie\u00dfen. Die <strong>moderne Ausstattung<\/strong>, die <strong>freundliche Betreuung<\/strong> und die <strong>hervorragende Sauberkeit<\/strong> machen diesen <strong>Campingplatz in der Loire-Atlantique<\/strong> zu einem beliebten Ziel f\u00fcr deutsche Urlauber.<\/p>\n<\/div>\n<\/div>\n\n\n\n<div class=\"is-layout-flex wp-container-20 wp-block-columns\">\n<div class=\"is-layout-flow wp-block-column deco--oiseaux\" style=\"flex-basis:40%\">\n<h2>Was kann man in der Loire-Atlantique unternehmen? Aktivit\u00e4ten und Ausfl\u00fcge<\/h2>\n\n\n\n<p>Die <strong>Loire-Atlantique<\/strong>, an der <strong>Westk\u00fcste Frankreichs<\/strong>, ist ein Paradies f\u00fcr Naturfreunde, Sportbegeisterte und Kulturliebhaber. Direkt vom Campingplatz aus k\u00f6nnen Sie zu Fu\u00df oder mit dem Fahrrad die <strong>K\u00fcstenpfade<\/strong> und die Meereslandschaften erkunden. <strong>Wassersportfans<\/strong> kommen beim <strong>Stand-up-Paddling<\/strong>, <strong>Segeln<\/strong> oder <strong>Angeln<\/strong> auf ihre Kosten.<\/p>\n\n\n\n<p>Die Umgebung ist reich an Natur- und Kultursch\u00e4tzen. Der <strong>Naturpark Bri\u00e8re<\/strong>, die <strong>Halbinsel Gu\u00e9rande<\/strong> oder die ber\u00fchmten <strong>Salzg\u00e4rten<\/strong> sind lohnenswerte Ausflugsziele, um das Wesen dieser wundersch\u00f6nen Region Frankreichs besser kennenzulernen. Nicht zu vergessen die charmanten Badeorte wie <strong>Pornic<\/strong>, ganz in der N\u00e4he des Campingplatzes, oder die Stadt <strong>Nantes<\/strong>, nur eine Stunde entfernt \u2013 perfekt f\u00fcr einen spannenden Tagesausflug.<\/p>\n\n\n\n<div class=\"is-layout-flex wp-block-buttons\">\n<div class=\"wp-block-button\"><a class=\"wp-block-button__link wp-element-button\" href=\"https:\/\/www.camping-eleovic.com\/de\/pays-de-la-loire-sehenswurdigkeiten\/\"><span class=\"fc-icon\" style=\"width:30px; height:30px\"><svg xmlns=\"http:\/\/www.w3.org\/2000\/svg\" viewBox=\"0 0 448 512\"><!--! Font Awesome Pro 6.4.0 by @fontawesome - https:\/\/fontawesome.com License - https:\/\/fontawesome.com\/license (Commercial License) Copyright 2023 Fonticons, Inc. --><path d=\"M28.7 348.7c-6.2 6.2-6.2 16.4 0 22.6s16.4 6.2 22.6 0l10-10C99 394.1 145.1 412.1 192 415.4V480H80c-8.8 0-16 7.2-16 16s7.2 16 16 16H336c8.8 0 16-7.2 16-16s-7.2-16-16-16H224V415.4c51.9-3.7 102.7-25.4 142.4-65c83.7-83.7 87.3-217.1 10.9-305.1l10-10c6.2-6.2 6.2-16.4 0-22.6s-16.4-6.2-22.6 0L343.8 33.6c-6.2 6.2-6.2 16.4 0 22.6c75 75 75 196.5 0 271.5s-196.5 75-271.5 0c-6.2-6.2-16.4-6.2-22.6 0L28.7 348.7zM80 192a128 128 0 1 1 256 0A128 128 0 1 1 80 192zm288 0A160 160 0 1 0 48 192a160 160 0 1 0 320 0z\"\/><\/svg><\/span>  Zu entdecken<\/a><\/div>\n<\/div>\n<\/div>\n\n\n\n<div class=\"is-layout-flow wp-block-column\">\n<figure class=\"is-layout-flex wp-block-gallery-17 wp-block-gallery has-nested-images columns-2 is-cropped fc-auto\">\n<figure class=\"wp-block-image size-large fc-auto\"><img decoding=\"async\" width=\"900\" height=\"584\" src=\"https:\/\/www.camping-eleovic.com\/wp-content\/uploads\/2025\/02\/ADO-velo-la-plaine-sur-mer.jpg\" alt=\"Radtour in der Loire-Atlantique\" class=\"wp-image-2375\" srcset=\"https:\/\/www.camping-eleovic.com\/wp-content\/uploads\/2025\/02\/ADO-velo-la-plaine-sur-mer.jpg 900w, https:\/\/www.camping-eleovic.com\/wp-content\/uploads\/2025\/02\/ADO-velo-la-plaine-sur-mer-300x195.jpg 300w, https:\/\/www.camping-eleovic.com\/wp-content\/uploads\/2025\/02\/ADO-velo-la-plaine-sur-mer-768x498.jpg 768w\" sizes=\"(max-width: 900px) 100vw, 900px\" title=\"\"><\/figure>\n\n\n\n<figure class=\"wp-block-image size-large fc-auto\"><img decoding=\"async\" width=\"1000\" height=\"667\" src=\"https:\/\/www.camping-eleovic.com\/wp-content\/uploads\/2024\/11\/ADO-Salzgaerten-Guerande.jpg\" alt=\"Salzg\u00e4rten von Gu\u00e9rande\" class=\"wp-image-2217\" srcset=\"https:\/\/www.camping-eleovic.com\/wp-content\/uploads\/2024\/11\/ADO-Salzgaerten-Guerande.jpg 1000w, https:\/\/www.camping-eleovic.com\/wp-content\/uploads\/2024\/11\/ADO-Salzgaerten-Guerande-300x200.jpg 300w, https:\/\/www.camping-eleovic.com\/wp-content\/uploads\/2024\/11\/ADO-Salzgaerten-Guerande-768x512.jpg 768w\" sizes=\"(max-width: 1000px) 100vw, 1000px\" title=\"\"><\/figure>\n\n\n\n<figure class=\"wp-block-image size-large fc-auto\"><img decoding=\"async\" width=\"1024\" height=\"683\" src=\"https:\/\/www.camping-eleovic.com\/wp-content\/uploads\/2023\/09\/1000006885-1024x683.jpg\" alt=\"wasseraktivit\u00e4ten Loire-Atlantique\" class=\"wp-image-872\" srcset=\"https:\/\/www.camping-eleovic.com\/wp-content\/uploads\/2023\/09\/1000006885-1024x683.jpg 1024w, https:\/\/www.camping-eleovic.com\/wp-content\/uploads\/2023\/09\/1000006885-300x200.jpg 300w, https:\/\/www.camping-eleovic.com\/wp-content\/uploads\/2023\/09\/1000006885-768x512.jpg 768w, https:\/\/www.camping-eleovic.com\/wp-content\/uploads\/2023\/09\/1000006885.jpg 1080w\" sizes=\"(max-width: 1024px) 100vw, 1024px\" title=\"\"><\/figure>\n\n\n\n<figure class=\"wp-block-image size-large fc-auto\"><img decoding=\"async\" width=\"1024\" height=\"701\" src=\"https:\/\/www.camping-eleovic.com\/wp-content\/uploads\/2023\/08\/plage-alentours-1024x701.jpg\" alt=\"str\u00e4nde Loire-Atlantique\" class=\"wp-image-717\" srcset=\"https:\/\/www.camping-eleovic.com\/wp-content\/uploads\/2023\/08\/plage-alentours-1024x701.jpg 1024w, https:\/\/www.camping-eleovic.com\/wp-content\/uploads\/2023\/08\/plage-alentours-300x205.jpg 300w, https:\/\/www.camping-eleovic.com\/wp-content\/uploads\/2023\/08\/plage-alentours-768x526.jpg 768w, https:\/\/www.camping-eleovic.com\/wp-content\/uploads\/2023\/08\/plage-alentours-1536x1051.jpg 1536w, https:\/\/www.camping-eleovic.com\/wp-content\/uploads\/2023\/08\/plage-alentours.jpg 1920w\" sizes=\"(max-width: 1024px) 100vw, 1024px\" title=\"\"><\/figure>\n<\/figure>\n<\/div>\n<\/div>\n\n\n\n<div class=\"is-layout-flex wp-container-24 wp-block-columns\">\n<div class=\"is-layout-flow wp-block-column\">\n<h2 class=\"has-text-align-center\">Campingplatz \u00c9l\u00e9ovic: der ideale Ausgangspunkt f\u00fcr die franz\u00f6sische Atlantikk\u00fcste<\/h2>\n\n\n\n<p>Wenn Sie sich f\u00fcr den <strong>Campingplatz \u00c9l\u00e9ovic<\/strong> entscheiden, verbringen Sie Ihren Urlaub auf einem <strong>Campingplatz in der Loire-Atlantique<\/strong>, direkt an der <strong>franz\u00f6sischen Atlantikk\u00fcste<\/strong>, in einer einzigartigen Lage zwischen Ozean und Natur. Sie genie\u00dfen eine <strong>sichere und komfortable Umgebung<\/strong>, die sich ideal eignet, um die landschaftlichen, kulturellen und kulinarischen Reicht\u00fcmer dieser Region Frankreichs zu entdecken.<\/p>\n\n\n\n<p class=\"has-text-align-center\">Ob Sie sich nach Ruhe am Meer sehnen, gern auf K\u00fcstenwegen wandern, mit dem Fahrrad unterwegs sind oder lokale M\u00e4rkte erkunden m\u00f6chten \u2013 ein <strong>Campingurlaub in der Loire-Atlantique<\/strong> verspricht unvergessliche Erlebnisse. Der <strong>Campingplatz \u00c9l\u00e9ovic<\/strong> hei\u00dft Sie herzlich willkommen \u2013 mit der Familie, mit Freunden oder zu zweit \u2013 f\u00fcr einen Urlaub in <strong>Frankreich<\/strong>, gepr\u00e4gt von Freiheit, Entspannung und frischer Atlantikluft.<\/p>\n\n\n\n<p><\/p>\n\n\n\n<figure class=\"is-layout-flex wp-block-gallery-21 wp-block-gallery has-nested-images columns-5 is-cropped fc-auto\">\n<figure class=\"wp-block-image size-large fc-auto\"><img decoding=\"async\" width=\"1024\" height=\"473\" src=\"https:\/\/www.camping-eleovic.com\/wp-content\/uploads\/2025\/01\/Design-sans-titre-1-1024x473.png\" alt=\"stellplatze camping atlantikkuste\" class=\"wp-image-2248\" srcset=\"https:\/\/www.camping-eleovic.com\/wp-content\/uploads\/2025\/01\/Design-sans-titre-1-1024x473.png 1024w, https:\/\/www.camping-eleovic.com\/wp-content\/uploads\/2025\/01\/Design-sans-titre-1-300x139.png 300w, https:\/\/www.camping-eleovic.com\/wp-content\/uploads\/2025\/01\/Design-sans-titre-1-768x355.png 768w, https:\/\/www.camping-eleovic.com\/wp-content\/uploads\/2025\/01\/Design-sans-titre-1-1536x710.png 1536w, https:\/\/www.camping-eleovic.com\/wp-content\/uploads\/2025\/01\/Design-sans-titre-1.png 2000w\" sizes=\"(max-width: 1024px) 100vw, 1024px\" title=\"\"><\/figure>\n\n\n\n<figure class=\"wp-block-image size-large fc-auto\"><img decoding=\"async\" width=\"1024\" height=\"683\" src=\"https:\/\/www.camping-eleovic.com\/wp-content\/uploads\/2025\/01\/Eleovic-51-1024x683.jpg\" alt=\"Camping mit Meerblick an der Atlantikk\u00fcste\" class=\"wp-image-2242\" srcset=\"https:\/\/www.camping-eleovic.com\/wp-content\/uploads\/2025\/01\/Eleovic-51-1024x683.jpg 1024w, https:\/\/www.camping-eleovic.com\/wp-content\/uploads\/2025\/01\/Eleovic-51-300x200.jpg 300w, https:\/\/www.camping-eleovic.com\/wp-content\/uploads\/2025\/01\/Eleovic-51-768x512.jpg 768w, https:\/\/www.camping-eleovic.com\/wp-content\/uploads\/2025\/01\/Eleovic-51-1536x1024.jpg 1536w, https:\/\/www.camping-eleovic.com\/wp-content\/uploads\/2025\/01\/Eleovic-51-2048x1365.jpg 2048w\" sizes=\"(max-width: 1024px) 100vw, 1024px\" title=\"\"><\/figure>\n\n\n\n<figure class=\"wp-block-image size-large fc-auto\"><img decoding=\"async\" width=\"1024\" height=\"473\" src=\"https:\/\/www.camping-eleovic.com\/wp-content\/uploads\/2024\/08\/espace-zen-piscine.jpg\" alt=\"Entspannungsbereich mit Wasser\" class=\"wp-image-2030\" srcset=\"https:\/\/www.camping-eleovic.com\/wp-content\/uploads\/2024\/08\/espace-zen-piscine.jpg 1024w, https:\/\/www.camping-eleovic.com\/wp-content\/uploads\/2024\/08\/espace-zen-piscine-300x139.jpg 300w, https:\/\/www.camping-eleovic.com\/wp-content\/uploads\/2024\/08\/espace-zen-piscine-768x355.jpg 768w\" sizes=\"(max-width: 1024px) 100vw, 1024px\" title=\"\"><\/figure>\n\n\n\n<figure class=\"wp-block-image size-large fc-auto\"><img decoding=\"async\" width=\"1024\" height=\"473\" src=\"https:\/\/www.camping-eleovic.com\/wp-content\/uploads\/2024\/05\/IMG-20240519-WA0005-1024x473.jpg\" alt=\"Stellplatz mit Meerblick\" class=\"wp-image-1888\" srcset=\"https:\/\/www.camping-eleovic.com\/wp-content\/uploads\/2024\/05\/IMG-20240519-WA0005-1024x473.jpg 1024w, https:\/\/www.camping-eleovic.com\/wp-content\/uploads\/2024\/05\/IMG-20240519-WA0005-300x139.jpg 300w, https:\/\/www.camping-eleovic.com\/wp-content\/uploads\/2024\/05\/IMG-20240519-WA0005-768x355.jpg 768w, https:\/\/www.camping-eleovic.com\/wp-content\/uploads\/2024\/05\/IMG-20240519-WA0005-1536x709.jpg 1536w, https:\/\/www.camping-eleovic.com\/wp-content\/uploads\/2024\/05\/IMG-20240519-WA0005.jpg 1600w\" sizes=\"(max-width: 1024px) 100vw, 1024px\" title=\"\"><\/figure>\n\n\n\n<figure class=\"wp-block-image size-large fc-auto\"><img decoding=\"async\" width=\"1024\" height=\"720\" src=\"https:\/\/www.camping-eleovic.com\/wp-content\/uploads\/2024\/04\/Design-sans-titre-44-1024x720.png\" alt=\"Spielplatz auf dem Campingplatz\" class=\"wp-image-1866\" srcset=\"https:\/\/www.camping-eleovic.com\/wp-content\/uploads\/2024\/04\/Design-sans-titre-44-1024x720.png 1024w, https:\/\/www.camping-eleovic.com\/wp-content\/uploads\/2024\/04\/Design-sans-titre-44-300x211.png 300w, https:\/\/www.camping-eleovic.com\/wp-content\/uploads\/2024\/04\/Design-sans-titre-44-768x540.png 768w, https:\/\/www.camping-eleovic.com\/wp-content\/uploads\/2024\/04\/Design-sans-titre-44-1536x1080.png 1536w, https:\/\/www.camping-eleovic.com\/wp-content\/uploads\/2024\/04\/Design-sans-titre-44.png 1604w\" sizes=\"(max-width: 1024px) 100vw, 1024px\" title=\"\"><\/figure>\n<\/figure>\n<\/div>\n<\/div>\n","protected":false},"excerpt":{"rendered":"<p>Camping in der Loire-Atlantique: Urlaub in Frankreich direkt am Meer Sie tr\u00e4umen von einem Campingurlaub in Frankreich, direkt am Meer, in einer nat\u00fcrlichen und erholsamen Umgebung? Der Campingplatz \u00c9l\u00e9ovic, gelegen in der Loire-Atlantique an der Atlantikk\u00fcste, ist ein ideales Reiseziel f\u00fcr Camper aus Deutschland, die frische Meeresluft, neue Eindr\u00fccke und Aktivit\u00e4ten in der Natur suchen. [&hellip;]<\/p>\n","protected":false},"author":1,"featured_media":0,"parent":0,"menu_order":0,"comment_status":"closed","ping_status":"closed","template":"","meta":[],"acf":[],"_links":{"self":[{"href":"https:\/\/www.camping-eleovic.com\/de\/wp-json\/wp\/v2\/pages\/2448"}],"collection":[{"href":"https:\/\/www.camping-eleovic.com\/de\/wp-json\/wp\/v2\/pages"}],"about":[{"href":"https:\/\/www.camping-eleovic.com\/de\/wp-json\/wp\/v2\/types\/page"}],"author":[{"embeddable":true,"href":"https:\/\/www.camping-eleovic.com\/de\/wp-json\/wp\/v2\/users\/1"}],"replies":[{"embeddable":true,"href":"https:\/\/www.camping-eleovic.com\/de\/wp-json\/wp\/v2\/comments?post=2448"}],"version-history":[{"count":6,"href":"https:\/\/www.camping-eleovic.com\/de\/wp-json\/wp\/v2\/pages\/2448\/revisions"}],"predecessor-version":[{"id":2576,"href":"https:\/\/www.camping-eleovic.com\/de\/wp-json\/wp\/v2\/pages\/2448\/revisions\/2576"}],"wp:attachment":[{"href":"https:\/\/www.camping-eleovic.com\/de\/wp-json\/wp\/v2\/media?parent=2448"}],"curies":[{"name":"wp","href":"https:\/\/api.w.org\/{rel}","templated":true}]}}