{"id":2210,"date":"2024-11-28T10:25:35","date_gmt":"2024-11-28T09:25:35","guid":{"rendered":"https:\/\/www.camping-eleovic.com\/?page_id=2210"},"modified":"2025-10-30T10:34:43","modified_gmt":"2025-10-30T09:34:43","slug":"camping-guerande","status":"publish","type":"page","link":"https:\/\/www.camping-eleovic.com\/de\/camping-guerande\/","title":{"rendered":"Gu\u00e9rande"},"content":{"rendered":"\n<div class=\"wp-block-cover alignfull\"><span aria-hidden=\"true\" class=\"wp-block-cover__background has-background-dim\"><\/span><img decoding=\"async\" width=\"1920\" height=\"747\" class=\"wp-block-cover__image-background wp-image-700\" alt=\"campingplats nantes Frankreich\" src=\"https:\/\/www.camping-eleovic.com\/wp-content\/uploads\/2023\/08\/sans-titre-6-1920x900-2.jpg\" style=\"object-position:55% 0%\" data-object-fit=\"cover\" data-object-position=\"55% 0%\" srcset=\"https:\/\/www.camping-eleovic.com\/wp-content\/uploads\/2023\/08\/sans-titre-6-1920x900-2.jpg 1920w, https:\/\/www.camping-eleovic.com\/wp-content\/uploads\/2023\/08\/sans-titre-6-1920x900-2-300x117.jpg 300w, https:\/\/www.camping-eleovic.com\/wp-content\/uploads\/2023\/08\/sans-titre-6-1920x900-2-1024x398.jpg 1024w, https:\/\/www.camping-eleovic.com\/wp-content\/uploads\/2023\/08\/sans-titre-6-1920x900-2-768x299.jpg 768w, https:\/\/www.camping-eleovic.com\/wp-content\/uploads\/2023\/08\/sans-titre-6-1920x900-2-1536x598.jpg 1536w\" sizes=\"(max-width: 1920px) 100vw, 1920px\" title=\"\"><div class=\"wp-block-cover__inner-container\">\n<p class=\"has-text-align-center\"><\/p>\n<\/div><\/div>\n\n\n\n<div class=\"is-layout-constrained wp-block-group\">  <div class=\"sc-searchbar wp-block-buttons\">\r\n    <div class=\"wp-block-button btn_resa show-mob\">\r\n      <a class=\"wp-block-button__link wp-element-button\"><span class=\"fc-icon\" style=\"width:30px; height:30px\"><svg xmlns=\"http:\/\/www.w3.org\/2000\/svg\" viewBox=\"0 0 512 512\"><!--! Font Awesome Pro 6.4.0 by @fontawesome - https:\/\/fontawesome.com License - https:\/\/fontawesome.com\/license (Commercial License) Copyright 2023 Fonticons, Inc. --><path d=\"M384 208A176 176 0 1 0 32 208a176 176 0 1 0 352 0zM343.3 366C307 397.2 259.7 416 208 416C93.1 416 0 322.9 0 208S93.1 0 208 0S416 93.1 416 208c0 51.7-18.8 99-50 135.3L507.3 484.7c6.2 6.2 6.2 16.4 0 22.6s-16.4 6.2-22.6 0L343.3 366z\"><\/path><\/svg><\/span> Buche deinen Aufenthalt<\/a>\r\n    <\/div>\r\n  <\/div>\r\n  \n<\/div>\n\n\n\n<div class=\"is-layout-flex wp-container-4 wp-block-columns\">\n<div class=\"is-layout-flow wp-block-column\">\n<div class=\"is-layout-constrained wp-block-group\">\n<h1 class=\"has-text-align-center\">Camping in der N\u00e4he von Gu\u00e9rande: Entdecken Sie den Camping Eleovic<\/h1>\n\n\n\n<p class=\"has-text-align-center\">F\u00fcr Ihren Urlaub mit der Familie, zu zweit oder mit Freunden ist der <strong>Camping Eleovic<\/strong> das ideale Reiseziel, wenn Sie einen <strong>Campingplatz in der N\u00e4he von Gu\u00e9rande<\/strong> suchen. Nur <strong>45 Autominuten<\/strong> von der charmanten mittelalterlichen Stadt entfernt, kombiniert dieser 4-Sterne-Campingplatz Komfort, Animationen und einen atemberaubenden Meerblick. Genie\u00dfen Sie einen Aufenthalt an der frischen Luft in einer freundlichen und famili\u00e4ren Atmosph\u00e4re, mit modernen Einrichtungen und Aktivit\u00e4ten f\u00fcr alle Altersgruppen.<\/p>\n<\/div>\n<\/div>\n<\/div>\n\n\n\n<div class=\"is-layout-flex wp-container-10 wp-block-columns alignfull E-10 deco--brush-top has-beige-background-color has-background\">\n<div class=\"is-layout-flow wp-block-column deco--bamboo\">\n<figure class=\"is-layout-flex wp-block-gallery-5 wp-block-gallery has-nested-images columns-default is-cropped fc-diapo fc-full\">\n<figure class=\"wp-block-image size-large fc-auto\"><img decoding=\"async\" width=\"1024\" height=\"701\" src=\"https:\/\/www.camping-eleovic.com\/wp-content\/uploads\/2023\/08\/tente-lodge-vue-mer-1024x701-1.jpg\" alt=\"\" class=\"wp-image-285\" srcset=\"https:\/\/www.camping-eleovic.com\/wp-content\/uploads\/2023\/08\/tente-lodge-vue-mer-1024x701-1.jpg 1024w, https:\/\/www.camping-eleovic.com\/wp-content\/uploads\/2023\/08\/tente-lodge-vue-mer-1024x701-1-300x205.jpg 300w, https:\/\/www.camping-eleovic.com\/wp-content\/uploads\/2023\/08\/tente-lodge-vue-mer-1024x701-1-768x526.jpg 768w\" sizes=\"(max-width: 1024px) 100vw, 1024px\" title=\"\"><\/figure>\n\n\n\n<figure class=\"wp-block-image size-large fc-auto\"><img decoding=\"async\" width=\"1024\" height=\"683\" src=\"https:\/\/www.camping-eleovic.com\/wp-content\/uploads\/2023\/08\/emplacement_vue_mer-1024x683-1.jpg\" alt=\"\" class=\"wp-image-436\" srcset=\"https:\/\/www.camping-eleovic.com\/wp-content\/uploads\/2023\/08\/emplacement_vue_mer-1024x683-1.jpg 1024w, https:\/\/www.camping-eleovic.com\/wp-content\/uploads\/2023\/08\/emplacement_vue_mer-1024x683-1-300x200.jpg 300w, https:\/\/www.camping-eleovic.com\/wp-content\/uploads\/2023\/08\/emplacement_vue_mer-1024x683-1-768x512.jpg 768w\" sizes=\"(max-width: 1024px) 100vw, 1024px\" title=\"\"><\/figure>\n\n\n\n<figure class=\"wp-block-image size-large fc-auto\"><img decoding=\"async\" width=\"1024\" height=\"473\" src=\"https:\/\/www.camping-eleovic.com\/wp-content\/uploads\/2024\/06\/20230801_145615-1024x473.jpg\" alt=\"\" class=\"wp-image-1984\" srcset=\"https:\/\/www.camping-eleovic.com\/wp-content\/uploads\/2024\/06\/20230801_145615-1024x473.jpg 1024w, https:\/\/www.camping-eleovic.com\/wp-content\/uploads\/2024\/06\/20230801_145615-300x139.jpg 300w, https:\/\/www.camping-eleovic.com\/wp-content\/uploads\/2024\/06\/20230801_145615-768x355.jpg 768w, https:\/\/www.camping-eleovic.com\/wp-content\/uploads\/2024\/06\/20230801_145615-1536x710.jpg 1536w, https:\/\/www.camping-eleovic.com\/wp-content\/uploads\/2024\/06\/20230801_145615.jpg 2000w\" sizes=\"(max-width: 1024px) 100vw, 1024px\" title=\"\"><\/figure>\n\n\n\n<figure class=\"wp-block-image size-large fc-auto\"><img decoding=\"async\" width=\"1024\" height=\"683\" src=\"https:\/\/www.camping-eleovic.com\/wp-content\/uploads\/2023\/10\/aire-1024x683.jpg\" alt=\"\" class=\"wp-image-1404\" srcset=\"https:\/\/www.camping-eleovic.com\/wp-content\/uploads\/2023\/10\/aire-1024x683.jpg 1024w, https:\/\/www.camping-eleovic.com\/wp-content\/uploads\/2023\/10\/aire-300x200.jpg 300w, https:\/\/www.camping-eleovic.com\/wp-content\/uploads\/2023\/10\/aire-768x512.jpg 768w, https:\/\/www.camping-eleovic.com\/wp-content\/uploads\/2023\/10\/aire.jpg 1386w\" sizes=\"(max-width: 1024px) 100vw, 1024px\" title=\"\"><\/figure>\n<\/figure>\n<\/div>\n\n\n\n<div class=\"is-layout-flow wp-block-column E-10__right\">\n<h2>Ein familienfreundlicher Campingplatz mit Meerblick<\/h2>\n\n\n\n<p>Im <strong>Camping Eleovic<\/strong> findet jeder Urlauber, was er sucht. <strong>Direkt am Meer und unweit von Gu\u00e9rande<\/strong> gelegen, bietet der Campingplatz eine friedliche und erholsame Atmosph\u00e4re \u2013 ideal f\u00fcr einen sorgenfreien Urlaub. Mit <a href=\"https:\/\/www.camping-eleovic.com\/de\/stellplatze-camping-atlantikkuste\/\">traditionellen Stellpl\u00e4tzen<\/a> f\u00fcr Zelte, Wohnwagen und Wohnmobile sowie modernen, voll <a href=\"https:\/\/www.camping-eleovic.com\/de\/mobilheim-frankreich-atlantikkuste\/\">ausgestatteten Mobilheimen<\/a> passt sich der Campingplatz allen W\u00fcnschen an.<\/p>\n\n\n\n<p>An k\u00fchleren Tagen oder f\u00fcr entspannende Momente im Wasser bietet das beheizte <a href=\"https:\/\/www.camping-eleovic.com\/de\/camping-loire-atlantique-mit-offenem-schwimmbad\/\">Schwimmbad mit einem flexiblen Dach<\/a> die M\u00f6glichkeit, das Wasser bei jeder Wetterlage zu genie\u00dfen. M\u00f6chten Sie sich entspannen und gleichzeitig den Blick aufs Meer genie\u00dfen? Der Campingplatz bietet Bereiche, die perfekt f\u00fcr Ruhe und Kontemplation geeignet sind.<\/p>\n\n\n\n<div class=\"is-content-justification-left is-layout-flex wp-container-8 wp-block-buttons\">\n<div class=\"wp-block-button\"><a class=\"wp-block-button__link wp-element-button\" href=\"https:\/\/www.camping-eleovic.com\/de\/mobilheim-frankreich-atlantikkuste\/\"><span class=\"fc-icon\" style=\"width:30px; height:30px\"><svg xmlns=\"http:\/\/www.w3.org\/2000\/svg\" viewBox=\"0 0 640 512\"><!--! Font Awesome Pro 6.4.0 by @fontawesome - https:\/\/fontawesome.com License - https:\/\/fontawesome.com\/license (Commercial License) Copyright 2023 Fonticons, Inc. --><path d=\"M404.1 37.1c6.4-7.1 17.4-7.1 23.8 0L538.5 160H480c-6.2 0-11.8 3.6-14.5 9.1s-1.8 12.2 2.1 17L575.8 318.6c.1 .2 .2 .3 .2 .5c0 .5-.4 .9-.9 .9H496c-6.3 0-12.1 3.7-14.6 9.5s-1.4 12.6 2.8 17.2L606 480H414.4c-2.4 11.8-7.4 22.7-14.4 32H609.6c16.8 0 30.4-13.6 30.4-30.4c0-7.6-2.8-14.9-8-20.5L532.3 352h42.8c18.1 0 32.9-14.7 32.9-32.9c0-7.6-2.6-14.9-7.4-20.8L513.7 192h34.7c15.2 0 27.6-12.3 27.6-27.6c0-6.8-2.5-13.4-7.1-18.4L451.7 15.7c-19.1-21.2-52.3-21.2-71.4 0l-95.4 106 23.6 21.6L404.1 37.1zM32 284.2c0-9 3.8-17.5 10.4-23.6l128-117.3c12.2-11.2 31-11.2 43.2 0l128 117.3c6.6 6.1 10.4 14.6 10.4 23.6V448c0 17.7-14.3 32-32 32H64c-17.7 0-32-14.3-32-32V284.2zM0 448c0 35.3 28.7 64 64 64H320c35.3 0 64-28.7 64-64V284.2c0-17.9-7.5-35.1-20.8-47.2l-128-117.3c-24.5-22.4-62-22.4-86.5 0L20.8 237C7.5 249.1 0 266.2 0 284.2V448zM224 288v64H160V288h64zm-64-32c-17.7 0-32 14.3-32 32v64c0 17.7 14.3 32 32 32h64c17.7 0 32-14.3 32-32V288c0-17.7-14.3-32-32-32H160z\"\/><\/svg><\/span> Siehe Mobilheime<\/a><\/div>\n\n\n\n<div class=\"wp-block-button btn_resa fc-style-2\"><a class=\"wp-block-button__link wp-element-button\"><span class=\"fc-icon\" style=\"width:30px; height:30px\"><svg xmlns=\"http:\/\/www.w3.org\/2000\/svg\" viewBox=\"0 0 512 512\"><!--! Font Awesome Pro 6.4.0 by @fontawesome - https:\/\/fontawesome.com License - https:\/\/fontawesome.com\/license (Commercial License) Copyright 2023 Fonticons, Inc. --><path d=\"M384 208A176 176 0 1 0 32 208a176 176 0 1 0 352 0zM343.3 366C307 397.2 259.7 416 208 416C93.1 416 0 322.9 0 208S93.1 0 208 0S416 93.1 416 208c0 51.7-18.8 99-50 135.3L507.3 484.7c6.2 6.2 6.2 16.4 0 22.6s-16.4 6.2-22.6 0L343.3 366z\"\/><\/svg><\/span> Buchen<\/a><\/div>\n<\/div>\n<\/div>\n<\/div>\n\n\n\n<div class=\"is-layout-flex wp-container-16 wp-block-columns\">\n<div class=\"is-layout-flow wp-block-column is-vertically-aligned-center deco--oiseaux\" style=\"flex-basis:40%\">\n<h2>Animationen und Aktivit\u00e4ten f\u00fcr die ganze Familie<\/h2>\n\n\n\n<p>Der <strong>Campingplatz \u00c9l\u00e9ovic in der N\u00e4he von Gu\u00e9rande<\/strong> legt gro\u00dfen Wert darauf, sowohl Kinder als auch Erwachsene zu unterhalten. Die Kleinen werden die von der Animation organisierten Aktivit\u00e4ten lieben, darunter Spiele, Workshops und gemeinsame Erlebnisse. In der Zwischenzeit k\u00f6nnen Erwachsene die Outdoor-Aktivit\u00e4ten auf dem Campingplatz genie\u00dfen, wie zum Beispiel :<\/p>\n\n\n\n<p><strong>Tischtennisplatten<\/strong> f\u00fcr spannende Matches.<\/p>\n\n\n\n<p><strong>Bouleplatz<\/strong>, ideal f\u00fcr gesellige Momente.<\/p>\n\n\n\n<p><strong>Multisportplatz<\/strong>, perfekt f\u00fcr Spiele mit der Familie oder Freunden.<\/p>\n\n\n\n<p>Dank dieser Vielzahl an Aktivit\u00e4ten findet jedes Familienmitglied etwas, das Spa\u00df macht und entspannt.<\/p>\n\n\n\n<div class=\"is-layout-flex wp-block-buttons\">\n<div class=\"wp-block-button\"><a class=\"wp-block-button__link wp-element-button\" href=\"https:\/\/www.camping-eleovic.com\/de\/camping-mit-pool-frankreich\/\"><span class=\"fc-icon\" style=\"width:30px; height:30px\"><svg xmlns=\"http:\/\/www.w3.org\/2000\/svg\" viewBox=\"0 0 448 512\"><!--! Font Awesome Pro 6.4.0 by @fontawesome - https:\/\/fontawesome.com License - https:\/\/fontawesome.com\/license (Commercial License) Copyright 2023 Fonticons, Inc. --><path d=\"M28.7 348.7c-6.2 6.2-6.2 16.4 0 22.6s16.4 6.2 22.6 0l10-10C99 394.1 145.1 412.1 192 415.4V480H80c-8.8 0-16 7.2-16 16s7.2 16 16 16H336c8.8 0 16-7.2 16-16s-7.2-16-16-16H224V415.4c51.9-3.7 102.7-25.4 142.4-65c83.7-83.7 87.3-217.1 10.9-305.1l10-10c6.2-6.2 6.2-16.4 0-22.6s-16.4-6.2-22.6 0L343.8 33.6c-6.2 6.2-6.2 16.4 0 22.6c75 75 75 196.5 0 271.5s-196.5 75-271.5 0c-6.2-6.2-16.4-6.2-22.6 0L28.7 348.7zM80 192a128 128 0 1 1 256 0A128 128 0 1 1 80 192zm288 0A160 160 0 1 0 48 192a160 160 0 1 0 320 0z\"\/><\/svg><\/span> Pool ansehen<\/a><\/div>\n<\/div>\n<\/div>\n\n\n\n<div class=\"is-layout-flow wp-block-column\">\n<figure class=\"is-layout-flex wp-block-gallery-13 wp-block-gallery has-nested-images columns-2 is-cropped fc-auto\">\n<figure class=\"wp-block-image size-large fc-auto\"><img decoding=\"async\" width=\"1024\" height=\"473\" src=\"https:\/\/www.camping-eleovic.com\/wp-content\/uploads\/2024\/08\/espace-zen-piscine.jpg\" alt=\"\" class=\"wp-image-2030\" srcset=\"https:\/\/www.camping-eleovic.com\/wp-content\/uploads\/2024\/08\/espace-zen-piscine.jpg 1024w, https:\/\/www.camping-eleovic.com\/wp-content\/uploads\/2024\/08\/espace-zen-piscine-300x139.jpg 300w, https:\/\/www.camping-eleovic.com\/wp-content\/uploads\/2024\/08\/espace-zen-piscine-768x355.jpg 768w\" sizes=\"(max-width: 1024px) 100vw, 1024px\" title=\"\"><\/figure>\n\n\n\n<figure class=\"wp-block-image size-large fc-auto\"><img decoding=\"async\" width=\"1024\" height=\"683\" src=\"https:\/\/www.camping-eleovic.com\/wp-content\/uploads\/2023\/10\/aire-1024x683.jpg\" alt=\"\" class=\"wp-image-1404\" srcset=\"https:\/\/www.camping-eleovic.com\/wp-content\/uploads\/2023\/10\/aire-1024x683.jpg 1024w, https:\/\/www.camping-eleovic.com\/wp-content\/uploads\/2023\/10\/aire-300x200.jpg 300w, https:\/\/www.camping-eleovic.com\/wp-content\/uploads\/2023\/10\/aire-768x512.jpg 768w, https:\/\/www.camping-eleovic.com\/wp-content\/uploads\/2023\/10\/aire.jpg 1386w\" sizes=\"(max-width: 1024px) 100vw, 1024px\" title=\"\"><\/figure>\n\n\n\n<figure class=\"wp-block-image size-large fc-auto\"><img decoding=\"async\" width=\"1024\" height=\"700\" src=\"https:\/\/www.camping-eleovic.com\/wp-content\/uploads\/2023\/08\/piscine-couverte-1024x700-1.jpg\" alt=\"\" class=\"wp-image-452\" srcset=\"https:\/\/www.camping-eleovic.com\/wp-content\/uploads\/2023\/08\/piscine-couverte-1024x700-1.jpg 1024w, https:\/\/www.camping-eleovic.com\/wp-content\/uploads\/2023\/08\/piscine-couverte-1024x700-1-300x205.jpg 300w, https:\/\/www.camping-eleovic.com\/wp-content\/uploads\/2023\/08\/piscine-couverte-1024x700-1-768x525.jpg 768w\" sizes=\"(max-width: 1024px) 100vw, 1024px\" title=\"\"><\/figure>\n\n\n\n<figure class=\"wp-block-image size-large fc-auto\"><img decoding=\"async\" width=\"1024\" height=\"768\" src=\"https:\/\/www.camping-eleovic.com\/wp-content\/uploads\/2023\/08\/20230809_144346-1024x768.jpg\" alt=\"\" class=\"wp-image-308\" srcset=\"https:\/\/www.camping-eleovic.com\/wp-content\/uploads\/2023\/08\/20230809_144346-1024x768.jpg 1024w, https:\/\/www.camping-eleovic.com\/wp-content\/uploads\/2023\/08\/20230809_144346-300x225.jpg 300w, https:\/\/www.camping-eleovic.com\/wp-content\/uploads\/2023\/08\/20230809_144346-768x576.jpg 768w, https:\/\/www.camping-eleovic.com\/wp-content\/uploads\/2023\/08\/20230809_144346-1536x1152.jpg 1536w, https:\/\/www.camping-eleovic.com\/wp-content\/uploads\/2023\/08\/20230809_144346.jpg 2000w\" sizes=\"(max-width: 1024px) 100vw, 1024px\" title=\"\"><\/figure>\n<\/figure>\n<\/div>\n<\/div>\n\n\n\n<div class=\"is-layout-constrained wp-block-group alignfull deco--brush-bottom E-00 has-bleu-background-color has-background\">\n<h2>Entdecken Sie Gu\u00e9rande: Die Highlights der mittelalterlichen Stadt<\/h2>\n\n\n\n<p>W\u00e4hrend Ihres Aufenthalts im <strong>Camping Eleovic<\/strong> sollten Sie unbedingt die <strong>mittelalterliche Stadt Gu\u00e9rande<\/strong> besuchen, ein historisches und kulturelles Juwel, das nur 45 Minuten entfernt liegt. Hier sind einige der Highlights, die Sie nicht verpassen sollten:<\/p>\n\n\n\n<div class=\"is-layout-flex wp-container-19 wp-block-columns\">\n<div class=\"is-layout-flow wp-block-column\">\n<h3><strong>1. Die Stadtmauern von Gu\u00e9rande<\/strong><\/h3>\n\n\n\n<p>Gu\u00e9rande ist bekannt f\u00fcr seine gut erhaltenen Stadtmauern, die die Altstadt umgeben. Ein Spaziergang auf den Mauern bietet einen beeindruckenden Blick auf die Umgebung und entf\u00fchrt Sie in die mittelalterliche Geschichte der Region.<\/p>\n\n\n\n<h3><strong>2. Die Stiftskirche Saint-Aubin<\/strong><\/h3>\n\n\n\n<p>Dieses gotische Denkmal beeindruckt mit seiner Architektur und Geschichte. Nehmen Sie sich Zeit, das Innere zu besichtigen, um die wundersch\u00f6nen Glasfenster und die spirituelle Atmosph\u00e4re zu bewundern.<\/p>\n<\/div>\n\n\n\n<div class=\"is-layout-flow wp-block-column\">\n<h3><strong>3. Die Salzg\u00e4rten<\/strong><\/h3>\n\n\n\n<p>In der N\u00e4he der Stadt sind die <strong>Salzg\u00e4rten von Gu\u00e9rande<\/strong> ein Muss. Entdecken Sie das handwerkliche K\u00f6nnen der Salzbauern, die das Salz auf traditionelle Weise ernten. F\u00fchrungen bieten spannende Einblicke in diese emblematische T\u00e4tigkeit.<\/p>\n\n\n\n<h3><strong>4. Das Museum von Gu\u00e9rande<\/strong><\/h3>\n\n\n\n<p>Im Turm des <strong>Porte Saint-Michel<\/strong> gelegen, l\u00e4dt Sie das Museum von Gu\u00e9rande ein, die Geschichte und Traditionen dieser befestigten Stadt zu entdecken. Mit Sammlungen von Objekten, Dokumenten und Rekonstruktionen k\u00f6nnen Sie die Entwicklung der Stadt und ihre strategische Bedeutung besser verstehen.<\/p>\n<\/div>\n<\/div>\n\n\n\n<figure class=\"is-layout-flex wp-block-gallery-20 wp-block-gallery has-nested-images columns-4 is-cropped fc-auto\">\n<figure class=\"wp-block-image size-full fc-auto\"><img decoding=\"async\" width=\"1000\" height=\"667\" src=\"https:\/\/www.camping-eleovic.com\/wp-content\/uploads\/2024\/11\/ADO-Schloss-Guerande.jpg\" alt=\"Schl\u00f6sser Gu\u00e9rande\" class=\"wp-image-2214\" srcset=\"https:\/\/www.camping-eleovic.com\/wp-content\/uploads\/2024\/11\/ADO-Schloss-Guerande.jpg 1000w, https:\/\/www.camping-eleovic.com\/wp-content\/uploads\/2024\/11\/ADO-Schloss-Guerande-300x200.jpg 300w, https:\/\/www.camping-eleovic.com\/wp-content\/uploads\/2024\/11\/ADO-Schloss-Guerande-768x512.jpg 768w\" sizes=\"(max-width: 1000px) 100vw, 1000px\" title=\"\"><\/figure>\n\n\n\n<figure class=\"wp-block-image size-full fc-auto\"><img decoding=\"async\" width=\"1000\" height=\"667\" src=\"https:\/\/www.camping-eleovic.com\/wp-content\/uploads\/2024\/11\/ADO-Salzgaerten-Guerande.jpg\" alt=\"Salzg\u00e4rten Gu\u00e9rande\" class=\"wp-image-2217\" srcset=\"https:\/\/www.camping-eleovic.com\/wp-content\/uploads\/2024\/11\/ADO-Salzgaerten-Guerande.jpg 1000w, https:\/\/www.camping-eleovic.com\/wp-content\/uploads\/2024\/11\/ADO-Salzgaerten-Guerande-300x200.jpg 300w, https:\/\/www.camping-eleovic.com\/wp-content\/uploads\/2024\/11\/ADO-Salzgaerten-Guerande-768x512.jpg 768w\" sizes=\"(max-width: 1000px) 100vw, 1000px\" title=\"\"><\/figure>\n\n\n\n<figure class=\"wp-block-image size-full fc-auto\"><img decoding=\"async\" width=\"1000\" height=\"667\" src=\"https:\/\/www.camping-eleovic.com\/wp-content\/uploads\/2024\/11\/ADO-guerande.jpg\" alt=\"Gu\u00e9rande aus der Luft\" class=\"wp-image-2220\" srcset=\"https:\/\/www.camping-eleovic.com\/wp-content\/uploads\/2024\/11\/ADO-guerande.jpg 1000w, https:\/\/www.camping-eleovic.com\/wp-content\/uploads\/2024\/11\/ADO-guerande-300x200.jpg 300w, https:\/\/www.camping-eleovic.com\/wp-content\/uploads\/2024\/11\/ADO-guerande-768x512.jpg 768w\" sizes=\"(max-width: 1000px) 100vw, 1000px\" title=\"\"><\/figure>\n<\/figure>\n<\/div>\n\n\n\n<div class=\"is-layout-flex wp-container-24 wp-block-columns\">\n<div class=\"is-layout-flow wp-block-column\">\n<h2>Buchen Sie Ihren Aufenthalt im Camping Eleovic, in der N\u00e4he von Gu\u00e9rande<\/h2>\n\n\n\n<p>F\u00fcr einen unvergesslichen Urlaub buchen Sie jetzt Ihren Aufenthalt im <strong>Camping Eleovic<\/strong>, einem <strong>Campingplatz in der N\u00e4he von Gu\u00e9rande<\/strong>, der Natur, Aktivit\u00e4ten und Komfort vereint. Ob Sie Entspannung am Meer oder Abenteuer in einer regionreichen Kultur suchen \u2013 dieser 4-Sterne-Campingplatz wird all Ihre Erwartungen erf\u00fcllen.<\/p>\n<\/div>\n<\/div>\n","protected":false},"excerpt":{"rendered":"<p>Camping in der N\u00e4he von Gu\u00e9rande: Entdecken Sie den Camping Eleovic F\u00fcr Ihren Urlaub mit der Familie, zu zweit oder mit Freunden ist der Camping Eleovic das ideale Reiseziel, wenn Sie einen Campingplatz in der N\u00e4he von Gu\u00e9rande suchen. Nur 45 Autominuten von der charmanten mittelalterlichen Stadt entfernt, kombiniert dieser 4-Sterne-Campingplatz Komfort, Animationen und einen [&hellip;]<\/p>\n","protected":false},"author":1,"featured_media":0,"parent":0,"menu_order":0,"comment_status":"closed","ping_status":"closed","template":"","meta":[],"acf":[],"_links":{"self":[{"href":"https:\/\/www.camping-eleovic.com\/de\/wp-json\/wp\/v2\/pages\/2210"}],"collection":[{"href":"https:\/\/www.camping-eleovic.com\/de\/wp-json\/wp\/v2\/pages"}],"about":[{"href":"https:\/\/www.camping-eleovic.com\/de\/wp-json\/wp\/v2\/types\/page"}],"author":[{"embeddable":true,"href":"https:\/\/www.camping-eleovic.com\/de\/wp-json\/wp\/v2\/users\/1"}],"replies":[{"embeddable":true,"href":"https:\/\/www.camping-eleovic.com\/de\/wp-json\/wp\/v2\/comments?post=2210"}],"version-history":[{"count":6,"href":"https:\/\/www.camping-eleovic.com\/de\/wp-json\/wp\/v2\/pages\/2210\/revisions"}],"predecessor-version":[{"id":2822,"href":"https:\/\/www.camping-eleovic.com\/de\/wp-json\/wp\/v2\/pages\/2210\/revisions\/2822"}],"wp:attachment":[{"href":"https:\/\/www.camping-eleovic.com\/de\/wp-json\/wp\/v2\/media?parent=2210"}],"curies":[{"name":"wp","href":"https:\/\/api.w.org\/{rel}","templated":true}]}}