{"id":2071,"date":"2024-08-23T15:44:58","date_gmt":"2024-08-23T13:44:58","guid":{"rendered":"https:\/\/www.camping-eleovic.com\/?page_id=2071"},"modified":"2025-10-29T17:05:44","modified_gmt":"2025-10-29T16:05:44","slug":"campingplatz-nantes-frankreich","status":"publish","type":"page","link":"https:\/\/www.camping-eleovic.com\/de\/campingplatz-nantes-frankreich\/","title":{"rendered":"Campingplatz Nantes"},"content":{"rendered":"\n<div class=\"wp-block-cover alignfull\"><span aria-hidden=\"true\" class=\"wp-block-cover__background has-background-dim\"><\/span><img decoding=\"async\" width=\"1920\" height=\"747\" class=\"wp-block-cover__image-background wp-image-700\" alt=\"campingplats nantes Frankreich\" src=\"https:\/\/www.camping-eleovic.com\/wp-content\/uploads\/2023\/08\/sans-titre-6-1920x900-2.jpg\" style=\"object-position:55% 0%\" data-object-fit=\"cover\" data-object-position=\"55% 0%\" srcset=\"https:\/\/www.camping-eleovic.com\/wp-content\/uploads\/2023\/08\/sans-titre-6-1920x900-2.jpg 1920w, https:\/\/www.camping-eleovic.com\/wp-content\/uploads\/2023\/08\/sans-titre-6-1920x900-2-300x117.jpg 300w, https:\/\/www.camping-eleovic.com\/wp-content\/uploads\/2023\/08\/sans-titre-6-1920x900-2-1024x398.jpg 1024w, https:\/\/www.camping-eleovic.com\/wp-content\/uploads\/2023\/08\/sans-titre-6-1920x900-2-768x299.jpg 768w, https:\/\/www.camping-eleovic.com\/wp-content\/uploads\/2023\/08\/sans-titre-6-1920x900-2-1536x598.jpg 1536w\" sizes=\"(max-width: 1920px) 100vw, 1920px\" title=\"\"><div class=\"wp-block-cover__inner-container\">\n<p class=\"has-text-align-center\"><\/p>\n<\/div><\/div>\n\n\n\n<div class=\"is-layout-constrained wp-block-group\">  <div class=\"sc-searchbar wp-block-buttons\">\r\n    <div class=\"wp-block-button btn_resa show-mob\">\r\n      <a class=\"wp-block-button__link wp-element-button\"><span class=\"fc-icon\" style=\"width:30px; height:30px\"><svg xmlns=\"http:\/\/www.w3.org\/2000\/svg\" viewBox=\"0 0 512 512\"><!--! Font Awesome Pro 6.4.0 by @fontawesome - https:\/\/fontawesome.com License - https:\/\/fontawesome.com\/license (Commercial License) Copyright 2023 Fonticons, Inc. --><path d=\"M384 208A176 176 0 1 0 32 208a176 176 0 1 0 352 0zM343.3 366C307 397.2 259.7 416 208 416C93.1 416 0 322.9 0 208S93.1 0 208 0S416 93.1 416 208c0 51.7-18.8 99-50 135.3L507.3 484.7c6.2 6.2 6.2 16.4 0 22.6s-16.4 6.2-22.6 0L343.3 366z\"><\/path><\/svg><\/span> Buche deinen Aufenthalt<\/a>\r\n    <\/div>\r\n  <\/div>\r\n  \n<\/div>\n\n\n\n<div class=\"is-layout-flex wp-container-4 wp-block-columns\">\n<div class=\"is-layout-flow wp-block-column\">\n<div class=\"is-layout-constrained wp-block-group\">\n<h1 class=\"has-text-align-center\">Campingplatz in der N\u00e4he von Nantes: Entdecken Sie Camping \u00c9l\u00e9ovic in Frankreich<\/h1>\n\n\n\n<p class=\"has-text-align-center\">F\u00fcr diejenigen, die die Freuden der K\u00fcste mit der N\u00e4he zu einer gro\u00dfen historischen Stadt verbinden m\u00f6chten, ist der <a href=\"https:\/\/www.camping-eleovic.com\/de\/\">Campingplatz \u00c9l\u00e9ovic in Pr\u00e9failles an der Atlantikk\u00fcste in Frankreich<\/a>, genau das Richtige. Dieser <strong>4-Sterne-Campingplatz in der N\u00e4he von Nantes (1 Autostunde, 62 km)<\/strong> bietet Ihnen das Beste aus zwei Welten: die Gelassenheit eines Urlaubs am Meer und das kulturelle Treiben in der Stadt Nantes. <strong>Nantes liegt in der Region Pays de la Loire<\/strong> im D\u00e9partement Loire-Atlantique und ist eine Stadt mit reicher Geschichte und Kultur. Sie <strong>wird von der Loire durchflossen<\/strong> und bietet eine zauberhafte Kulisse f\u00fcr einen Tagesausflug.<\/p>\n<\/div>\n<\/div>\n<\/div>\n\n\n\n<div class=\"is-layout-flex wp-container-10 wp-block-columns alignfull E-10 deco--brush-top has-beige-background-color has-background\">\n<div class=\"is-layout-flow wp-block-column deco--bamboo\">\n<figure class=\"is-layout-flex wp-block-gallery-5 wp-block-gallery has-nested-images columns-default is-cropped fc-diapo fc-full\">\n<figure class=\"wp-block-image size-large fc-auto\"><img decoding=\"async\" width=\"1024\" height=\"768\" src=\"https:\/\/www.camping-eleovic.com\/wp-content\/uploads\/2023\/08\/00000997083-1024x768.webp\" alt=\"vermietung mobilheim nantes\" class=\"wp-image-633\" srcset=\"https:\/\/www.camping-eleovic.com\/wp-content\/uploads\/2023\/08\/00000997083-1024x768.webp 1024w, https:\/\/www.camping-eleovic.com\/wp-content\/uploads\/2023\/08\/00000997083-300x225.webp 300w, https:\/\/www.camping-eleovic.com\/wp-content\/uploads\/2023\/08\/00000997083-768x576.webp 768w, https:\/\/www.camping-eleovic.com\/wp-content\/uploads\/2023\/08\/00000997083.webp 1176w\" sizes=\"(max-width: 1024px) 100vw, 1024px\" title=\"\"><\/figure>\n\n\n\n<figure class=\"wp-block-image size-large fc-auto\"><img decoding=\"async\" width=\"760\" height=\"520\" src=\"https:\/\/www.camping-eleovic.com\/wp-content\/uploads\/2023\/08\/20160401_171548-1-760x520-1.jpg\" alt=\"\" class=\"wp-image-610\" srcset=\"https:\/\/www.camping-eleovic.com\/wp-content\/uploads\/2023\/08\/20160401_171548-1-760x520-1.jpg 760w, https:\/\/www.camping-eleovic.com\/wp-content\/uploads\/2023\/08\/20160401_171548-1-760x520-1-300x205.jpg 300w\" sizes=\"(max-width: 760px) 100vw, 760px\" title=\"\"><\/figure>\n\n\n\n<figure class=\"wp-block-image size-large fc-auto\"><img decoding=\"async\" width=\"1024\" height=\"683\" src=\"https:\/\/www.camping-eleovic.com\/wp-content\/uploads\/2023\/08\/mobil-homes-1024x683-2.jpg\" alt=\"\" class=\"wp-image-412\" srcset=\"https:\/\/www.camping-eleovic.com\/wp-content\/uploads\/2023\/08\/mobil-homes-1024x683-2.jpg 1024w, https:\/\/www.camping-eleovic.com\/wp-content\/uploads\/2023\/08\/mobil-homes-1024x683-2-300x200.jpg 300w, https:\/\/www.camping-eleovic.com\/wp-content\/uploads\/2023\/08\/mobil-homes-1024x683-2-768x512.jpg 768w\" sizes=\"(max-width: 1024px) 100vw, 1024px\" title=\"\"><\/figure>\n\n\n\n<figure class=\"wp-block-image size-large fc-auto\"><img decoding=\"async\" width=\"1024\" height=\"701\" src=\"https:\/\/www.camping-eleovic.com\/wp-content\/uploads\/2023\/08\/tente-lodge-vue-mer-1024x701-1.jpg\" alt=\"\" class=\"wp-image-283\" srcset=\"https:\/\/www.camping-eleovic.com\/wp-content\/uploads\/2023\/08\/tente-lodge-vue-mer-1024x701-1.jpg 1024w, https:\/\/www.camping-eleovic.com\/wp-content\/uploads\/2023\/08\/tente-lodge-vue-mer-1024x701-1-300x205.jpg 300w, https:\/\/www.camping-eleovic.com\/wp-content\/uploads\/2023\/08\/tente-lodge-vue-mer-1024x701-1-768x526.jpg 768w\" sizes=\"(max-width: 1024px) 100vw, 1024px\" title=\"\"><\/figure>\n\n\n\n<figure class=\"wp-block-image size-large fc-auto\"><img decoding=\"async\" width=\"1024\" height=\"683\" src=\"https:\/\/www.camping-eleovic.com\/wp-content\/uploads\/2023\/08\/emplacement_vue_mer-1024x683-1.jpg\" alt=\"\" class=\"wp-image-434\" srcset=\"https:\/\/www.camping-eleovic.com\/wp-content\/uploads\/2023\/08\/emplacement_vue_mer-1024x683-1.jpg 1024w, https:\/\/www.camping-eleovic.com\/wp-content\/uploads\/2023\/08\/emplacement_vue_mer-1024x683-1-300x200.jpg 300w, https:\/\/www.camping-eleovic.com\/wp-content\/uploads\/2023\/08\/emplacement_vue_mer-1024x683-1-768x512.jpg 768w\" sizes=\"(max-width: 1024px) 100vw, 1024px\" title=\"\"><\/figure>\n\n\n\n<figure class=\"wp-block-image size-large fc-auto\"><img decoding=\"async\" width=\"1024\" height=\"683\" src=\"https:\/\/www.camping-eleovic.com\/wp-content\/uploads\/2023\/08\/emplacements_ombrage-1024x683-1.jpg\" alt=\"\" class=\"wp-image-430\" srcset=\"https:\/\/www.camping-eleovic.com\/wp-content\/uploads\/2023\/08\/emplacements_ombrage-1024x683-1.jpg 1024w, https:\/\/www.camping-eleovic.com\/wp-content\/uploads\/2023\/08\/emplacements_ombrage-1024x683-1-300x200.jpg 300w, https:\/\/www.camping-eleovic.com\/wp-content\/uploads\/2023\/08\/emplacements_ombrage-1024x683-1-768x512.jpg 768w\" sizes=\"(max-width: 1024px) 100vw, 1024px\" title=\"\"><\/figure>\n\n\n\n<figure class=\"wp-block-image size-large fc-auto\"><img decoding=\"async\" width=\"1024\" height=\"576\" src=\"https:\/\/www.camping-eleovic.com\/wp-content\/uploads\/2023\/08\/EMPL-C-CAR2-1024x576.jpg\" alt=\"\" class=\"wp-image-394\" srcset=\"https:\/\/www.camping-eleovic.com\/wp-content\/uploads\/2023\/08\/EMPL-C-CAR2-1024x576.jpg 1024w, https:\/\/www.camping-eleovic.com\/wp-content\/uploads\/2023\/08\/EMPL-C-CAR2-300x169.jpg 300w, https:\/\/www.camping-eleovic.com\/wp-content\/uploads\/2023\/08\/EMPL-C-CAR2-768x432.jpg 768w, https:\/\/www.camping-eleovic.com\/wp-content\/uploads\/2023\/08\/EMPL-C-CAR2-1536x864.jpg 1536w, https:\/\/www.camping-eleovic.com\/wp-content\/uploads\/2023\/08\/EMPL-C-CAR2.jpg 1920w\" sizes=\"(max-width: 1024px) 100vw, 1024px\" title=\"\"><\/figure>\n<\/figure>\n<\/div>\n\n\n\n<div class=\"is-layout-flow wp-block-column E-10__right\">\n<h2>Unser Campingplatz in der N\u00e4he von Nantes am Meer<\/h2>\n\n\n\n<p>Der <strong>Campingplatz \u00c9l\u00e9ovic<\/strong>, der sich<strong> 1 Stunde von Nantes entfernt befindet<\/strong>, zeichnet sich durch seine <strong>privilegierte Lage an der Atlantikk\u00fcste<\/strong> aus, mit Panoramablick auf den Atlantik. Die Umgebung ist erholsam und belebend zugleich und ideal f\u00fcr alle, die fernab der Hektik des Alltags neue Energie tanken m\u00f6chten. Auf den ger\u00e4umigen und gut gepflegten <strong>Stellpl\u00e4tzen des Campingplatzes<\/strong> k\u00f6nnen Sie diese au\u00dfergew\u00f6hnliche Aussicht in vollen Z\u00fcgen genie\u00dfen. Egal <strong>,<\/strong> ob Sie Ihr <strong>Zelt<\/strong> aufschlagen,<strong> Ihren Wohnwagen<\/strong> aufstellen <strong>oder in einem Wohnmobil \u00fcbernachten<\/strong> m\u00f6chten, Sie sind nur wenige Schritte vom Wasser entfernt und werden vom Rauschen der Wellen in den Schlaf gewiegt.<\/p>\n\n\n\n<p>F\u00fcr diejenigen, die modernen Komfort bevorzugen, bietet der Campingplatz \u00c9l\u00e9ovic eine <strong>Reihe von voll ausgestatteten Mobilheimen<\/strong>, die eine hochwertige Unterkunft f\u00fcr einen kompromisslosen Aufenthalt bieten. Jedes Mobilheim ist so konzipiert, dass es den Komfort der Urlauber maximiert. Es verf\u00fcgt \u00fcber moderne Annehmlichkeiten und eine eigene Terrasse, auf der Sie Ihre Mahlzeiten im Freien mit Blick auf das Meer genie\u00dfen k\u00f6nnen.<\/p>\n\n\n\n<div class=\"is-content-justification-left is-layout-flex wp-container-8 wp-block-buttons\">\n<div class=\"wp-block-button\"><a class=\"wp-block-button__link wp-element-button\" href=\"https:\/\/www.camping-eleovic.com\/de\/mobilheim-frankreich-atlantikkuste\/\"><span class=\"fc-icon\" style=\"width:30px; height:30px\"><svg xmlns=\"http:\/\/www.w3.org\/2000\/svg\" viewBox=\"0 0 640 512\"><!--! Font Awesome Pro 6.4.0 by @fontawesome - https:\/\/fontawesome.com License - https:\/\/fontawesome.com\/license (Commercial License) Copyright 2023 Fonticons, Inc. --><path d=\"M404.1 37.1c6.4-7.1 17.4-7.1 23.8 0L538.5 160H480c-6.2 0-11.8 3.6-14.5 9.1s-1.8 12.2 2.1 17L575.8 318.6c.1 .2 .2 .3 .2 .5c0 .5-.4 .9-.9 .9H496c-6.3 0-12.1 3.7-14.6 9.5s-1.4 12.6 2.8 17.2L606 480H414.4c-2.4 11.8-7.4 22.7-14.4 32H609.6c16.8 0 30.4-13.6 30.4-30.4c0-7.6-2.8-14.9-8-20.5L532.3 352h42.8c18.1 0 32.9-14.7 32.9-32.9c0-7.6-2.6-14.9-7.4-20.8L513.7 192h34.7c15.2 0 27.6-12.3 27.6-27.6c0-6.8-2.5-13.4-7.1-18.4L451.7 15.7c-19.1-21.2-52.3-21.2-71.4 0l-95.4 106 23.6 21.6L404.1 37.1zM32 284.2c0-9 3.8-17.5 10.4-23.6l128-117.3c12.2-11.2 31-11.2 43.2 0l128 117.3c6.6 6.1 10.4 14.6 10.4 23.6V448c0 17.7-14.3 32-32 32H64c-17.7 0-32-14.3-32-32V284.2zM0 448c0 35.3 28.7 64 64 64H320c35.3 0 64-28.7 64-64V284.2c0-17.9-7.5-35.1-20.8-47.2l-128-117.3c-24.5-22.4-62-22.4-86.5 0L20.8 237C7.5 249.1 0 266.2 0 284.2V448zM224 288v64H160V288h64zm-64-32c-17.7 0-32 14.3-32 32v64c0 17.7 14.3 32 32 32h64c17.7 0 32-14.3 32-32V288c0-17.7-14.3-32-32-32H160z\"\/><\/svg><\/span> Siehe Mobilheime<\/a><\/div>\n\n\n\n<div class=\"wp-block-button btn_resa fc-style-2\"><a class=\"wp-block-button__link wp-element-button\"><span class=\"fc-icon\" style=\"width:30px; height:30px\"><svg xmlns=\"http:\/\/www.w3.org\/2000\/svg\" viewBox=\"0 0 512 512\"><!--! Font Awesome Pro 6.4.0 by @fontawesome - https:\/\/fontawesome.com License - https:\/\/fontawesome.com\/license (Commercial License) Copyright 2023 Fonticons, Inc. --><path d=\"M384 208A176 176 0 1 0 32 208a176 176 0 1 0 352 0zM343.3 366C307 397.2 259.7 416 208 416C93.1 416 0 322.9 0 208S93.1 0 208 0S416 93.1 416 208c0 51.7-18.8 99-50 135.3L507.3 484.7c6.2 6.2 6.2 16.4 0 22.6s-16.4 6.2-22.6 0L343.3 366z\"\/><\/svg><\/span> Buchen<\/a><\/div>\n<\/div>\n<\/div>\n<\/div>\n\n\n\n<div class=\"is-layout-flex wp-container-16 wp-block-columns\">\n<div class=\"is-layout-flow wp-block-column deco--oiseaux\" style=\"flex-basis:40%\">\n<h2>Freizeit und Entspannung f\u00fcr die ganze Familie auf dem Campingplatz<\/h2>\n\n\n\n<p>Auf dem <strong>Campingplatz \u00c9l\u00e9ovic in der N\u00e4he von Nantes<\/strong> steht Langeweile nicht auf dem Programm. Es gibt zahlreiche Freizeiteinrichtungen, die f\u00fcr alle Altersgruppen geeignet sind. Das <a href=\"https:\/\/www.camping-eleovic.com\/de\/camping-mit-pool-frankreich\/\">Hallenbad <\/a>ist eines der Highlights des Campingplatzes und erm\u00f6glicht Badespa\u00df zu jeder Jahreszeit, auch wenn das Wetter launisch ist. Auf eine angenehme Temperatur beheizt, ist es perfekt, um sich nach einem Tag voller Besichtigungen zu entspannen oder den Tag mit einer Schwimmeinheit zu beginnen.<\/p>\n\n\n\n<p>Sportbegeisterte k\u00f6nnen von den zahlreichen vor Ort angebotenen Aktivit\u00e4ten profitieren, wie z.&nbsp;B. Beachvolleyball, Tischtennis oder Boule-Turniere, bei denen Urlauber und Bewohner in einer geselligen Atmosph\u00e4re zusammenkommen. Auch Kinder kommen nicht zu kurz, denn es gibt eigene Spielpl\u00e4tze und den ganzen Tag \u00fcber spezielle Animationen.<\/p>\n\n\n\n<p>Am Abend erwacht der Campingplatz mit Themenabenden, Live-Konzerten und anderen Veranstaltungen zum Leben, die alle Urlauber in einer gem\u00fctlichen Atmosph\u00e4re zusammenbringen. Dies ist die perfekte Gelegenheit, andere Familien zu treffen, Reisegeschichten auszutauschen und die lauen Sommern\u00e4chte am Meer zu genie\u00dfen.<\/p>\n\n\n\n<div class=\"is-layout-flex wp-block-buttons\">\n<div class=\"wp-block-button\"><a class=\"wp-block-button__link wp-element-button\" href=\"https:\/\/www.camping-eleovic.com\/de\/camping-mit-pool-frankreich\/\"><span class=\"fc-icon\" style=\"width:30px; height:30px\"><svg xmlns=\"http:\/\/www.w3.org\/2000\/svg\" viewBox=\"0 0 448 512\"><!--! Font Awesome Pro 6.4.0 by @fontawesome - https:\/\/fontawesome.com License - https:\/\/fontawesome.com\/license (Commercial License) Copyright 2023 Fonticons, Inc. --><path d=\"M28.7 348.7c-6.2 6.2-6.2 16.4 0 22.6s16.4 6.2 22.6 0l10-10C99 394.1 145.1 412.1 192 415.4V480H80c-8.8 0-16 7.2-16 16s7.2 16 16 16H336c8.8 0 16-7.2 16-16s-7.2-16-16-16H224V415.4c51.9-3.7 102.7-25.4 142.4-65c83.7-83.7 87.3-217.1 10.9-305.1l10-10c6.2-6.2 6.2-16.4 0-22.6s-16.4-6.2-22.6 0L343.8 33.6c-6.2 6.2-6.2 16.4 0 22.6c75 75 75 196.5 0 271.5s-196.5 75-271.5 0c-6.2-6.2-16.4-6.2-22.6 0L28.7 348.7zM80 192a128 128 0 1 1 256 0A128 128 0 1 1 80 192zm288 0A160 160 0 1 0 48 192a160 160 0 1 0 320 0z\"\/><\/svg><\/span> Pool ansehen<\/a><\/div>\n<\/div>\n<\/div>\n\n\n\n<div class=\"is-layout-flow wp-block-column\">\n<figure class=\"is-layout-flex wp-block-gallery-13 wp-block-gallery has-nested-images columns-2 is-cropped fc-auto\">\n<figure class=\"wp-block-image size-large fc-auto\"><img decoding=\"async\" width=\"1024\" height=\"473\" src=\"https:\/\/www.camping-eleovic.com\/wp-content\/uploads\/2024\/08\/espace-zen-piscine.jpg\" alt=\"\" class=\"wp-image-2030\" srcset=\"https:\/\/www.camping-eleovic.com\/wp-content\/uploads\/2024\/08\/espace-zen-piscine.jpg 1024w, https:\/\/www.camping-eleovic.com\/wp-content\/uploads\/2024\/08\/espace-zen-piscine-300x139.jpg 300w, https:\/\/www.camping-eleovic.com\/wp-content\/uploads\/2024\/08\/espace-zen-piscine-768x355.jpg 768w\" sizes=\"(max-width: 1024px) 100vw, 1024px\" title=\"\"><\/figure>\n\n\n\n<figure class=\"wp-block-image size-large fc-auto\"><img decoding=\"async\" width=\"1024\" height=\"683\" src=\"https:\/\/www.camping-eleovic.com\/wp-content\/uploads\/2023\/10\/aire-1024x683.jpg\" alt=\"\" class=\"wp-image-1404\" srcset=\"https:\/\/www.camping-eleovic.com\/wp-content\/uploads\/2023\/10\/aire-1024x683.jpg 1024w, https:\/\/www.camping-eleovic.com\/wp-content\/uploads\/2023\/10\/aire-300x200.jpg 300w, https:\/\/www.camping-eleovic.com\/wp-content\/uploads\/2023\/10\/aire-768x512.jpg 768w, https:\/\/www.camping-eleovic.com\/wp-content\/uploads\/2023\/10\/aire.jpg 1386w\" sizes=\"(max-width: 1024px) 100vw, 1024px\" title=\"\"><\/figure>\n\n\n\n<figure class=\"wp-block-image size-large fc-auto\"><img decoding=\"async\" width=\"1024\" height=\"700\" src=\"https:\/\/www.camping-eleovic.com\/wp-content\/uploads\/2023\/08\/piscine-couverte-1024x700-1.jpg\" alt=\"\" class=\"wp-image-452\" srcset=\"https:\/\/www.camping-eleovic.com\/wp-content\/uploads\/2023\/08\/piscine-couverte-1024x700-1.jpg 1024w, https:\/\/www.camping-eleovic.com\/wp-content\/uploads\/2023\/08\/piscine-couverte-1024x700-1-300x205.jpg 300w, https:\/\/www.camping-eleovic.com\/wp-content\/uploads\/2023\/08\/piscine-couverte-1024x700-1-768x525.jpg 768w\" sizes=\"(max-width: 1024px) 100vw, 1024px\" title=\"\"><\/figure>\n\n\n\n<figure class=\"wp-block-image size-large fc-auto\"><img decoding=\"async\" width=\"1024\" height=\"768\" src=\"https:\/\/www.camping-eleovic.com\/wp-content\/uploads\/2023\/08\/20230809_144346-1024x768.jpg\" alt=\"\" class=\"wp-image-308\" srcset=\"https:\/\/www.camping-eleovic.com\/wp-content\/uploads\/2023\/08\/20230809_144346-1024x768.jpg 1024w, https:\/\/www.camping-eleovic.com\/wp-content\/uploads\/2023\/08\/20230809_144346-300x225.jpg 300w, https:\/\/www.camping-eleovic.com\/wp-content\/uploads\/2023\/08\/20230809_144346-768x576.jpg 768w, https:\/\/www.camping-eleovic.com\/wp-content\/uploads\/2023\/08\/20230809_144346-1536x1152.jpg 1536w, https:\/\/www.camping-eleovic.com\/wp-content\/uploads\/2023\/08\/20230809_144346.jpg 2000w\" sizes=\"(max-width: 1024px) 100vw, 1024px\" title=\"\"><\/figure>\n<\/figure>\n<\/div>\n<\/div>\n\n\n\n<div class=\"is-layout-constrained wp-block-group alignfull deco--brush-bottom E-00 has-bleu-background-color has-background\">\n<h2 class=\"has-text-align-center\">Nantes: Eine Stadt f\u00fcr die ganze Familie<\/h2>\n\n\n\n<p class=\"has-text-align-center\">W\u00e4hrend Ihres Aufenthalts auf dem Campingplatz \u00c9l\u00e9ovic lohnt sich ein <strong>Besuch in Nantes<\/strong>. Die nur eine Autostunde entfernte <strong>Stadt Nantes ist reich an Geschichte und Kultur<\/strong> und bietet eine Vielzahl von Aktivit\u00e4ten f\u00fcr Besucher aller Altersgruppen. Beginnen Sie Ihre Erkundungstour mit dem <strong>Ch\u00e2teau des Ducs de Bretagne<\/strong>, einem Wahrzeichen der Stadt, in dem heute das Geschichtsmuseum von Nantes untergebracht ist. Die Mauern des Schlosses bieten einen atemberaubenden Blick auf die Stadt, w\u00e4hrend das Museum Sie in die faszinierende Geschichte der ehemaligen Hauptstadt des Herzogtums der Bretagne eintauchen l\u00e4sst.<\/p>\n\n\n\n<p class=\"has-text-align-center\">Schlendern Sie anschlie\u00dfend durch das <strong>Viertel Bouffay<\/strong>, das historische Herz von Nantes, wo Sie die gepflasterten Gassen und Fachwerkh\u00e4user in eine andere Zeit versetzen werden. Dieses Viertel ist auch der ideale Ort f\u00fcr eine Schlemmerpause in einer der vielen Cr\u00eaperien oder traditionellen Restaurants.<\/p>\n\n\n\n<p class=\"has-text-align-center\">F\u00fcr ein einzigartiges Kunsterlebnis begeben Sie sich zu den <strong>Machines de l&#8217;\u00cele<\/strong>, einer Attraktion, die Kunst, Fantasie und Technologie miteinander verbindet. Dieser Park auf den ehemaligen Industriebrachen der \u00cele de Nantes beherbergt riesige mechanische Kreaturen, darunter den ber\u00fchmten Elefanten, die Gro\u00df und Klein begeistern. Steigen Sie an Bord dieses 12 Meter hohen Kolosses f\u00fcr eine unvergessliche Fahrt \u00fcber das Gel\u00e4nde oder entdecken Sie das Carrousel des Mondes Marins, ein monumentales Karussell, das die Welt der Meere feiert.<\/p>\n\n\n\n<p class=\"has-text-align-center\">Kunst- und Kulturliebhaber sollten unbedingt das <strong>Mus\u00e9e d&#8217;Arts de Nantes<\/strong> besuchen, das eine umfangreiche Sammlung von der Renaissance bis zur zeitgen\u00f6ssischen Kunst besitzt. Das k\u00fcrzlich renovierte Museum bietet einen hellen und modernen Rahmen, in dem Sie die Werke alter Meister ebenso wie die zeitgen\u00f6ssischen K\u00fcnstler genie\u00dfen k\u00f6nnen.<\/p>\n\n\n\n<p class=\"has-text-align-center\">F\u00fcr diejenigen, die einen Ausflug in die Natur bevorzugen, ist ein Spaziergang entlang der <strong>Erdre<\/strong> oder der <strong>Loire<\/strong> ein Muss. Nantes wird von diesen beiden Wasserl\u00e4ufen durchzogen und bietet zahlreiche Wege und Parks, in denen es sich herrlich flanieren l\u00e4sst, sei es zu Fu\u00df, mit dem Fahrrad oder sogar mit dem Boot. Diese Spazierg\u00e4nge sind ideal, um ein anderes, ruhigeres und bukolischeres Gesicht der Stadt zu entdecken.<\/p>\n\n\n\n<figure class=\"is-layout-flex wp-block-gallery-17 wp-block-gallery has-nested-images columns-4 is-cropped fc-auto\">\n<figure class=\"wp-block-image size-large fc-auto\"><img decoding=\"async\" width=\"900\" height=\"600\" src=\"https:\/\/www.camping-eleovic.com\/wp-content\/uploads\/2024\/08\/ADO-machine-de-lile-nantes.jpg\" alt=\"Les machines de l&#039;ile Nantes\" class=\"wp-image-2075\" srcset=\"https:\/\/www.camping-eleovic.com\/wp-content\/uploads\/2024\/08\/ADO-machine-de-lile-nantes.jpg 900w, https:\/\/www.camping-eleovic.com\/wp-content\/uploads\/2024\/08\/ADO-machine-de-lile-nantes-300x200.jpg 300w, https:\/\/www.camping-eleovic.com\/wp-content\/uploads\/2024\/08\/ADO-machine-de-lile-nantes-768x512.jpg 768w\" sizes=\"(max-width: 900px) 100vw, 900px\" title=\"\"><\/figure>\n\n\n\n<figure class=\"wp-block-image size-large fc-auto\"><img decoding=\"async\" width=\"900\" height=\"538\" src=\"https:\/\/www.camping-eleovic.com\/wp-content\/uploads\/2024\/08\/ADO-erdre-nantes.jpg\" alt=\"tourismus nantes\" class=\"wp-image-2078\" srcset=\"https:\/\/www.camping-eleovic.com\/wp-content\/uploads\/2024\/08\/ADO-erdre-nantes.jpg 900w, https:\/\/www.camping-eleovic.com\/wp-content\/uploads\/2024\/08\/ADO-erdre-nantes-300x179.jpg 300w, https:\/\/www.camping-eleovic.com\/wp-content\/uploads\/2024\/08\/ADO-erdre-nantes-768x459.jpg 768w\" sizes=\"(max-width: 900px) 100vw, 900px\" title=\"\"><\/figure>\n\n\n\n<figure class=\"wp-block-image size-large fc-auto\"><img decoding=\"async\" width=\"900\" height=\"506\" src=\"https:\/\/www.camping-eleovic.com\/wp-content\/uploads\/2024\/08\/ADO-chateau-nantes.jpg\" alt=\"nantes mit den Kindern\" class=\"wp-image-2081\" srcset=\"https:\/\/www.camping-eleovic.com\/wp-content\/uploads\/2024\/08\/ADO-chateau-nantes.jpg 900w, https:\/\/www.camping-eleovic.com\/wp-content\/uploads\/2024\/08\/ADO-chateau-nantes-300x169.jpg 300w, https:\/\/www.camping-eleovic.com\/wp-content\/uploads\/2024\/08\/ADO-chateau-nantes-768x432.jpg 768w\" sizes=\"(max-width: 900px) 100vw, 900px\" title=\"\"><\/figure>\n\n\n\n<figure class=\"wp-block-image size-large fc-auto\"><img decoding=\"async\" width=\"900\" height=\"675\" src=\"https:\/\/www.camping-eleovic.com\/wp-content\/uploads\/2024\/08\/ADO-ile-de-nantes.jpg\" alt=\"nantes besuchen\" class=\"wp-image-2084\" srcset=\"https:\/\/www.camping-eleovic.com\/wp-content\/uploads\/2024\/08\/ADO-ile-de-nantes.jpg 900w, https:\/\/www.camping-eleovic.com\/wp-content\/uploads\/2024\/08\/ADO-ile-de-nantes-300x225.jpg 300w, https:\/\/www.camping-eleovic.com\/wp-content\/uploads\/2024\/08\/ADO-ile-de-nantes-768x576.jpg 768w\" sizes=\"(max-width: 900px) 100vw, 900px\" title=\"\"><\/figure>\n<\/figure>\n<\/div>\n\n\n\n<div class=\"is-layout-flex wp-container-23 wp-block-columns alignfull E-10 deco--brush-top has-beige-background-color has-background\">\n<div class=\"is-layout-flow wp-block-column deco--bamboo\">\n<figure class=\"wp-block-image size-full fc-auto\"><img decoding=\"async\" width=\"1024\" height=\"701\" src=\"https:\/\/www.camping-eleovic.com\/wp-content\/uploads\/2023\/08\/emplacement-camping-car-1024x701-1.jpg\" alt=\"\" class=\"wp-image-291\" srcset=\"https:\/\/www.camping-eleovic.com\/wp-content\/uploads\/2023\/08\/emplacement-camping-car-1024x701-1.jpg 1024w, https:\/\/www.camping-eleovic.com\/wp-content\/uploads\/2023\/08\/emplacement-camping-car-1024x701-1-300x205.jpg 300w, https:\/\/www.camping-eleovic.com\/wp-content\/uploads\/2023\/08\/emplacement-camping-car-1024x701-1-768x526.jpg 768w\" sizes=\"(max-width: 1024px) 100vw, 1024px\" title=\"\"><\/figure>\n<\/div>\n\n\n\n<div class=\"is-layout-flow wp-block-column E-10__right\">\n<h2>Der Komfort eines Aufenthalts auf dem Campingplatz \u00c9l\u00e9ovic in der N\u00e4he von Nantes<\/h2>\n\n\n\n<p>Nach einem <strong>ereignisreichen Tag in Nantes<\/strong> oder an der K\u00fcste ist die R\u00fcckkehr zum <strong>Campingplatz \u00c9l\u00e9ovic<\/strong> ein wahres Vergn\u00fcgen. Der Campingplatz bietet alle Annehmlichkeiten, die Sie brauchen, um Ihren Aufenthalt so angenehm wie m\u00f6glich zu gestalten. Neben den komfortablen Unterk\u00fcnften finden Sie hier auch praktische Dienstleistungen wie ein Lebensmittelgesch\u00e4ft, eine B\u00e4ckerei und eine Snackbar, damit Sie all Ihre W\u00fcnsche erf\u00fcllen k\u00f6nnen, ohne den Platz verlassen zu m\u00fcssen.<\/p>\n\n\n\n<p>Es ist ein Ort, an dem man sich in aller Ruhe erholen kann, im Einklang mit der Sch\u00f6nheit der franz\u00f6sischen Atlantikk\u00fcste.<\/p>\n\n\n\n<div class=\"is-content-justification-left is-layout-flex wp-container-21 wp-block-buttons\">\n<div class=\"wp-block-button\"><a class=\"wp-block-button__link wp-element-button\" href=\"https:\/\/www.camping-eleovic.com\/de\/mobilheim-frankreich-atlantikkuste\/\"><span class=\"fc-icon\" style=\"width:30px; height:30px\"><svg xmlns=\"http:\/\/www.w3.org\/2000\/svg\" viewBox=\"0 0 512 512\"><!--! Font Awesome Pro 6.4.0 by @fontawesome - https:\/\/fontawesome.com License - https:\/\/fontawesome.com\/license (Commercial License) Copyright 2023 Fonticons, Inc. --><path d=\"M384 208A176 176 0 1 0 32 208a176 176 0 1 0 352 0zM343.3 366C307 397.2 259.7 416 208 416C93.1 416 0 322.9 0 208S93.1 0 208 0S416 93.1 416 208c0 51.7-18.8 99-50 135.3L507.3 484.7c6.2 6.2 6.2 16.4 0 22.6s-16.4 6.2-22.6 0L343.3 366z\"\/><\/svg><\/span> Buchen<\/a><\/div>\n<\/div>\n<\/div>\n<\/div>\n","protected":false},"excerpt":{"rendered":"<p>Campingplatz in der N\u00e4he von Nantes: Entdecken Sie Camping \u00c9l\u00e9ovic in Frankreich F\u00fcr diejenigen, die die Freuden der K\u00fcste mit der N\u00e4he zu einer gro\u00dfen historischen Stadt verbinden m\u00f6chten, ist der Campingplatz \u00c9l\u00e9ovic in Pr\u00e9failles an der Atlantikk\u00fcste in Frankreich, genau das Richtige. Dieser 4-Sterne-Campingplatz in der N\u00e4he von Nantes (1 Autostunde, 62 km) bietet [&hellip;]<\/p>\n","protected":false},"author":1,"featured_media":0,"parent":0,"menu_order":0,"comment_status":"closed","ping_status":"closed","template":"","meta":[],"acf":[],"_links":{"self":[{"href":"https:\/\/www.camping-eleovic.com\/de\/wp-json\/wp\/v2\/pages\/2071"}],"collection":[{"href":"https:\/\/www.camping-eleovic.com\/de\/wp-json\/wp\/v2\/pages"}],"about":[{"href":"https:\/\/www.camping-eleovic.com\/de\/wp-json\/wp\/v2\/types\/page"}],"author":[{"embeddable":true,"href":"https:\/\/www.camping-eleovic.com\/de\/wp-json\/wp\/v2\/users\/1"}],"replies":[{"embeddable":true,"href":"https:\/\/www.camping-eleovic.com\/de\/wp-json\/wp\/v2\/comments?post=2071"}],"version-history":[{"count":5,"href":"https:\/\/www.camping-eleovic.com\/de\/wp-json\/wp\/v2\/pages\/2071\/revisions"}],"predecessor-version":[{"id":2777,"href":"https:\/\/www.camping-eleovic.com\/de\/wp-json\/wp\/v2\/pages\/2071\/revisions\/2777"}],"wp:attachment":[{"href":"https:\/\/www.camping-eleovic.com\/de\/wp-json\/wp\/v2\/media?parent=2071"}],"curies":[{"name":"wp","href":"https:\/\/api.w.org\/{rel}","templated":true}]}}