{"id":1140,"date":"2023-09-28T11:17:57","date_gmt":"2023-09-28T09:17:57","guid":{"rendered":"https:\/\/www.camping-eleovic.com\/stellplaetze-camping-4-etoiles-prefailles\/"},"modified":"2025-10-30T11:37:57","modified_gmt":"2025-10-30T10:37:57","slug":"stellplatze-camping-atlantikkuste","status":"publish","type":"page","link":"https:\/\/www.camping-eleovic.com\/de\/stellplatze-camping-atlantikkuste\/","title":{"rendered":"Vermietungen &#8211; Stellpl\u00e4tze"},"content":{"rendered":"\n<div class=\"wp-block-cover alignfull\"><span aria-hidden=\"true\" class=\"wp-block-cover__background has-background-dim\"><\/span><img decoding=\"async\" width=\"1600\" height=\"739\" class=\"wp-block-cover__image-background wp-image-1886\" alt=\"\" src=\"https:\/\/www.camping-eleovic.com\/wp-content\/uploads\/2024\/05\/IMG-20240519-WA0005.jpg\" data-object-fit=\"cover\" srcset=\"https:\/\/www.camping-eleovic.com\/wp-content\/uploads\/2024\/05\/IMG-20240519-WA0005.jpg 1600w, https:\/\/www.camping-eleovic.com\/wp-content\/uploads\/2024\/05\/IMG-20240519-WA0005-300x139.jpg 300w, https:\/\/www.camping-eleovic.com\/wp-content\/uploads\/2024\/05\/IMG-20240519-WA0005-1024x473.jpg 1024w, https:\/\/www.camping-eleovic.com\/wp-content\/uploads\/2024\/05\/IMG-20240519-WA0005-768x355.jpg 768w, https:\/\/www.camping-eleovic.com\/wp-content\/uploads\/2024\/05\/IMG-20240519-WA0005-1536x709.jpg 1536w\" sizes=\"(max-width: 1600px) 100vw, 1600px\" title=\"\"><div class=\"wp-block-cover__inner-container\">\n<p class=\"has-text-align-center\"><\/p>\n<\/div><\/div>\n\n\n\n<div class=\"is-layout-constrained wp-block-group\">  <div class=\"sc-searchbar wp-block-buttons\">\r\n    <div class=\"wp-block-button btn_resa show-mob\">\r\n      <a class=\"wp-block-button__link wp-element-button\"><span class=\"fc-icon\" style=\"width:30px; height:30px\"><svg xmlns=\"http:\/\/www.w3.org\/2000\/svg\" viewBox=\"0 0 512 512\"><!--! Font Awesome Pro 6.4.0 by @fontawesome - https:\/\/fontawesome.com License - https:\/\/fontawesome.com\/license (Commercial License) Copyright 2023 Fonticons, Inc. --><path d=\"M384 208A176 176 0 1 0 32 208a176 176 0 1 0 352 0zM343.3 366C307 397.2 259.7 416 208 416C93.1 416 0 322.9 0 208S93.1 0 208 0S416 93.1 416 208c0 51.7-18.8 99-50 135.3L507.3 484.7c6.2 6.2 6.2 16.4 0 22.6s-16.4 6.2-22.6 0L343.3 366z\"><\/path><\/svg><\/span> Buche deinen Aufenthalt<\/a>\r\n    <\/div>\r\n  <\/div>\r\n  \n<\/div>\n\n\n\n<div class=\"is-layout-constrained wp-block-group alignfull deco--brush-bottom E-00 has-bleu-background-color has-background\">\n<h1 class=\"has-text-align-center\">Campingpl\u00e4tze <span class=\"fc-span\">in der Loire-Atlantique in der N\u00e4he von Pornic<\/span>.<\/h1>\n\n\n\n<p class=\"has-text-align-center\">Der <a href=\"https:\/\/www.camping-eleovic.com\/de\/\">Campingplatz Eleovic in Pr\u00e9failles<\/a> bietet auch <strong>Stellpl\u00e4tze <\/strong> f\u00fcr <strong>Zelte, Wohnmobile und Wohnwagen<\/strong> im Departement Loire-Atlantique an, um Sie zufrieden zu stellen. Mit Blick auf den Atlantik sind unsere <strong>ger\u00e4umigen Stellpl\u00e4tze<\/strong> gut abgegrenzt, um Ihre Privatsph\u00e4re zu respektieren. F\u00fcr den Komfort aller sind <strong>Wasser und Strom<\/strong> auf allen unseren Stellpl\u00e4tzen inbegriffen. (keine Gruppenaufnahme)<\/p>\n\n\n\n<div class=\"is-content-justification-center is-layout-flex wp-container-2 wp-block-buttons\">\n<div class=\"wp-block-button btn_resa_empl fc-style-2\"><a class=\"wp-block-button__link wp-element-button\"><span class=\"fc-icon\" style=\"width:30px; height:30px\"><svg viewBox=\"0 0 576 512\" xmlns=\"http:\/\/www.w3.org\/2000\/svg\">\n<path d=\"M189.681 142.8C195.181 139 202.381 139 207.881 142.8L343.081 234.7C354.381 242.5 361.781 254.7 363.481 268.3L397.181 458C400.781 486.6 378.381 512 349.581 512H47.9806C19.1806 512 -3.21938 486.7 0.380618 458L34.0806 268.2C35.7806 254.6 43.1806 242.4 54.4806 234.6L189.681 142.8ZM72.6806 261C68.8806 263.6 66.4806 267.7 65.8806 272.2L32.1806 462C30.9806 471.5 38.4806 480 48.0806 480H182.781V186.5L72.6806 261ZM281.181 480L214.781 338.4V480H281.181ZM317.381 480H349.481C359.081 480 366.581 471.6 365.381 462L331.681 272.2C331.081 267.7 328.681 263.6 324.881 261L214.781 186.5V270L317.381 480Z\"\/>\n<path d=\"M339.881 37.1C346.281 30 357.281 30 363.681 37.1L474.281 160H415.781C409.581 160 403.981 163.6 401.281 169.1C398.581 174.6 399.481 181.3 403.381 186.1L511.581 318.6C511.681 318.8 511.781 318.9 511.781 319.1C511.781 319.6 511.381 320 510.881 320H431.781C425.481 320 419.681 323.7 417.181 329.5C414.681 335.3 415.781 342.1 419.981 346.7L541.781 480H429.181C426.781 491.8 421.781 502.7 414.781 512H545.381C562.181 512 575.781 498.4 575.781 481.6C575.781 474 572.981 466.7 567.781 461.1L468.081 352H510.881C528.981 352 543.781 337.3 543.781 319.1C543.781 311.5 541.181 304.2 536.381 298.3L449.481 192H484.181C499.381 192 511.781 179.7 511.781 164.4C511.781 157.6 509.281 151 504.681 146L387.481 15.7C368.381 -5.49994 335.181 -5.49994 316.081 15.7L227.161 114.5L254.5 131.5L339.881 37.1Z\"\/>\n<\/svg>\n<\/span>  Einen Platz buchen<\/a><\/div>\n\n\n\n<div class=\"wp-block-button fc-style-2\"><a class=\"wp-block-button__link wp-element-button\" href=\"https:\/\/www.camping-eleovic.com\/de\/mobilheim-frankreich-atlantikkuste\/\"><span class=\"fc-icon\" style=\"width:30px; height:30px\"><svg xmlns=\"http:\/\/www.w3.org\/2000\/svg\" viewBox=\"0 0 640 512\"><!--! Font Awesome Pro 6.4.0 by @fontawesome - https:\/\/fontawesome.com License - https:\/\/fontawesome.com\/license (Commercial License) Copyright 2023 Fonticons, Inc. --><path d=\"M404.1 37.1c6.4-7.1 17.4-7.1 23.8 0L538.5 160H480c-6.2 0-11.8 3.6-14.5 9.1s-1.8 12.2 2.1 17L575.8 318.6c.1 .2 .2 .3 .2 .5c0 .5-.4 .9-.9 .9H496c-6.3 0-12.1 3.7-14.6 9.5s-1.4 12.6 2.8 17.2L606 480H414.4c-2.4 11.8-7.4 22.7-14.4 32H609.6c16.8 0 30.4-13.6 30.4-30.4c0-7.6-2.8-14.9-8-20.5L532.3 352h42.8c18.1 0 32.9-14.7 32.9-32.9c0-7.6-2.6-14.9-7.4-20.8L513.7 192h34.7c15.2 0 27.6-12.3 27.6-27.6c0-6.8-2.5-13.4-7.1-18.4L451.7 15.7c-19.1-21.2-52.3-21.2-71.4 0l-95.4 106 23.6 21.6L404.1 37.1zM32 284.2c0-9 3.8-17.5 10.4-23.6l128-117.3c12.2-11.2 31-11.2 43.2 0l128 117.3c6.6 6.1 10.4 14.6 10.4 23.6V448c0 17.7-14.3 32-32 32H64c-17.7 0-32-14.3-32-32V284.2zM0 448c0 35.3 28.7 64 64 64H320c35.3 0 64-28.7 64-64V284.2c0-17.9-7.5-35.1-20.8-47.2l-128-117.3c-24.5-22.4-62-22.4-86.5 0L20.8 237C7.5 249.1 0 266.2 0 284.2V448zM224 288v64H160V288h64zm-64-32c-17.7 0-32 14.3-32 32v64c0 17.7 14.3 32 32 32h64c17.7 0 32-14.3 32-32V288c0-17.7-14.3-32-32-32H160z\"\/><\/svg><\/span>  Vermietungen<\/a><\/div>\n<\/div>\n\n\n\n<div class=\"is-layout-flex wp-container-7 wp-block-columns fc-diapo-mob\">\n<div class=\"is-layout-flow wp-block-column\">\n<figure class=\"wp-block-image size-full fc-auto\"><img decoding=\"async\" width=\"1024\" height=\"683\" src=\"https:\/\/www.camping-eleovic.com\/wp-content\/uploads\/2023\/08\/emplacement_vue_mer-1024x683-1.jpg\" alt=\"stellplatz zelt loire atlantique\" class=\"wp-image-434\" srcset=\"https:\/\/www.camping-eleovic.com\/wp-content\/uploads\/2023\/08\/emplacement_vue_mer-1024x683-1.jpg 1024w, https:\/\/www.camping-eleovic.com\/wp-content\/uploads\/2023\/08\/emplacement_vue_mer-1024x683-1-300x200.jpg 300w, https:\/\/www.camping-eleovic.com\/wp-content\/uploads\/2023\/08\/emplacement_vue_mer-1024x683-1-768x512.jpg 768w\" sizes=\"(max-width: 1024px) 100vw, 1024px\" title=\"\"><\/figure>\n\n\n\n<ul class=\"pictos\">\n<li><span class=\"fc-icon\" style=\"width:30px; height:30px\"><svg xmlns=\"http:\/\/www.w3.org\/2000\/svg\" viewBox=\"0 0 576 512\"><!--! Font Awesome Pro 6.4.0 by @fontawesome - https:\/\/fontawesome.com License - https:\/\/fontawesome.com\/license (Commercial License) Copyright 2023 Fonticons, Inc. --><path d=\"M133.8 106.8C150.3 118 171.1 128 192 128s41.6-9.9 58.2-21.2c9.8-6.7 18-14 25.9-21.9c6.6-6.5 17.2-6.5 23.7 0c7.9 7.9 16.2 15.2 26 21.9C342.3 118 363.1 128 384 128s41.6-9.9 58.2-21.2c9.8-6.7 18-14 25.9-21.9c6.6-6.5 17.2-6.5 23.7 0c7.9 7.9 16.2 15.2 26 21.9c12.8 8.7 28.1 16.6 44.1 19.8c7.7 1.5 14.1 7.8 14.1 15.7c0 9.8-8 17.9-17.7 16.2c-23.1-4-43.6-15-58.5-25.2c-7.9-5.4-14.7-10.8-19.8-15.3c-5.1 4.5-11.8 9.9-19.8 15.3C441.5 145.9 414.3 160 384 160s-57.6-14.1-76.2-26.8c-7.9-5.4-14.7-10.8-19.8-15.3c-5.1 4.5-11.8 9.9-19.8 15.3C249.5 145.9 222.3 160 192 160s-57.6-14.1-76.2-26.8c-7.9-5.4-14.6-10.8-19.8-15.3c-5.1 4.5-11.8 9.9-19.8 15.3c-14.9 10.2-35.4 21.2-58.5 25.2C8 160.1 0 152 0 142.2c0-7.9 6.4-14.1 14.1-15.7c15.9-3.1 31.3-11.1 44-19.8c9.8-6.7 18-14 25.9-21.9c6.6-6.5 17.2-6.6 23.8 0c7.9 7.9 16.2 15.2 25.9 21.9zm0 288C150.3 406 171.1 416 192 416s41.6-9.9 58.2-21.2c9.8-6.7 18-14 25.9-21.9c6.6-6.5 17.2-6.5 23.7 0c7.9 7.9 16.2 15.2 26 21.9C342.3 406 363.1 416 384 416s41.6-9.9 58.2-21.2c9.8-6.7 18-14 25.9-21.9c6.6-6.5 17.2-6.6 23.7 0c7.9 7.9 16.2 15.2 26 21.9c12.8 8.7 28.1 16.6 44.1 19.8c7.7 1.5 14.1 7.8 14.1 15.7c0 9.8-8 17.9-17.7 16.2c-23.1-4-43.6-15-58.5-25.2c-7.9-5.4-14.7-10.8-19.8-15.3c-5.1 4.5-11.8 9.9-19.8 15.3C441.5 433.9 414.3 448 384 448s-57.6-14.1-76.2-26.8c-7.9-5.4-14.7-10.8-19.8-15.3c-5.1 4.5-11.8 9.9-19.8 15.3C249.5 433.9 222.3 448 192 448s-57.6-14.1-76.2-26.8c-7.9-5.4-14.6-10.8-19.8-15.3c-5.1 4.5-11.8 9.9-19.8 15.3c-14.9 10.2-35.4 21.2-58.5 25.2C8 448.1 0 440 0 430.2c0-7.9 6.4-14.1 14.1-15.7c15.9-3.1 31.3-11.1 44-19.8c9.8-6.7 18-14 25.9-21.9c6.6-6.5 17.2-6.6 23.8 0c7.9 7.9 16.2 15.2 25.9 21.9zM192 272c20.9 0 41.6-9.9 58.2-21.2c9.8-6.7 18-14 25.9-21.9c6.6-6.5 17.2-6.5 23.7 0c7.9 7.9 16.2 15.2 26 21.9C342.3 262 363.1 272 384 272s41.6-9.9 58.2-21.2c9.8-6.7 18-14 25.9-21.9c6.6-6.5 17.2-6.5 23.7 0c7.9 7.9 16.2 15.2 26 21.9c12.8 8.7 28.1 16.6 44.1 19.8c7.7 1.5 14.1 7.8 14.1 15.7c0 9.8-8 17.9-17.7 16.2c-23.1-4-43.6-15-58.5-25.2c-7.9-5.4-14.7-10.8-19.8-15.3c-5.1 4.5-11.8 9.9-19.8 15.3C441.5 289.9 414.3 304 384 304s-57.6-14.1-76.2-26.8c-7.9-5.4-14.7-10.8-19.8-15.3c-5.1 4.5-11.8 9.9-19.8 15.3C249.5 289.9 222.3 304 192 304s-57.6-14.1-76.2-26.8c-7.9-5.4-14.6-10.8-19.8-15.3c-5.1 4.5-11.8 9.9-19.8 15.3c-14.9 10.2-35.4 21.2-58.5 25.2C8 304.1 0 296 0 286.2c0-7.9 6.4-14.1 14.1-15.7c15.9-3.1 31.3-11.1 44-19.8c9.8-6.7 18-14 25.9-21.9c6.6-6.5 17.2-6.6 23.8 0c7.9 7.9 16.2 15.2 25.9 21.9C150.3 262 171.1 272 192 272z\"\/><\/svg><\/span> Direkter Zugang zum Meer<\/li>\n<\/ul>\n<\/div>\n\n\n\n<div class=\"is-layout-flow wp-block-column\">\n<figure class=\"wp-block-image size-large fc-auto\"><img decoding=\"async\" width=\"1024\" height=\"473\" src=\"https:\/\/www.camping-eleovic.com\/wp-content\/uploads\/2024\/05\/IMG-20240519-WA0004-1024x473.jpg\" alt=\"\" class=\"wp-image-1890\" srcset=\"https:\/\/www.camping-eleovic.com\/wp-content\/uploads\/2024\/05\/IMG-20240519-WA0004-1024x473.jpg 1024w, https:\/\/www.camping-eleovic.com\/wp-content\/uploads\/2024\/05\/IMG-20240519-WA0004-300x139.jpg 300w, https:\/\/www.camping-eleovic.com\/wp-content\/uploads\/2024\/05\/IMG-20240519-WA0004-768x355.jpg 768w, https:\/\/www.camping-eleovic.com\/wp-content\/uploads\/2024\/05\/IMG-20240519-WA0004-1536x709.jpg 1536w, https:\/\/www.camping-eleovic.com\/wp-content\/uploads\/2024\/05\/IMG-20240519-WA0004.jpg 1600w\" sizes=\"(max-width: 1024px) 100vw, 1024px\" title=\"\"><\/figure>\n\n\n\n<ul class=\"pictos\">\n<li><span class=\"fc-icon\" style=\"width:30px; height:30px\"><svg xmlns=\"http:\/\/www.w3.org\/2000\/svg\" viewBox=\"0 0 512 512\"><!--! Font Awesome Pro 6.4.0 by @fontawesome - https:\/\/fontawesome.com License - https:\/\/fontawesome.com\/license (Commercial License) Copyright 2023 Fonticons, Inc. --><path d=\"M336 32c-8.8 0-16 7.2-16 16s7.2 16 16 16h89.4L256 233.4 86.6 64H176c8.8 0 16-7.2 16-16s-7.2-16-16-16H48c-8.8 0-16 7.2-16 16V176c0 8.8 7.2 16 16 16s16-7.2 16-16V86.6L233.4 256 64 425.4V336c0-8.8-7.2-16-16-16s-16 7.2-16 16V464c0 8.8 7.2 16 16 16H176c8.8 0 16-7.2 16-16s-7.2-16-16-16H86.6L256 278.6 425.4 448H336c-8.8 0-16 7.2-16 16s7.2 16 16 16H464c8.8 0 16-7.2 16-16V336c0-8.8-7.2-16-16-16s-16 7.2-16 16v89.4L278.6 256 448 86.6V176c0 8.8 7.2 16 16 16s16-7.2 16-16V48c0-8.8-7.2-16-16-16H336z\"\/><\/svg><\/span>  Abgegrenzte Pl\u00e4tze<\/li>\n<\/ul>\n<\/div>\n\n\n\n<div class=\"is-layout-flow wp-block-column\">\n<figure class=\"wp-block-image size-full fc-auto\"><img decoding=\"async\" width=\"1024\" height=\"701\" src=\"https:\/\/www.camping-eleovic.com\/wp-content\/uploads\/2023\/08\/emplacement-camping-car-1024x701-1.jpg\" alt=\"stellplatz wohnmobil loire atlantique\" class=\"wp-image-289\" srcset=\"https:\/\/www.camping-eleovic.com\/wp-content\/uploads\/2023\/08\/emplacement-camping-car-1024x701-1.jpg 1024w, https:\/\/www.camping-eleovic.com\/wp-content\/uploads\/2023\/08\/emplacement-camping-car-1024x701-1-300x205.jpg 300w, https:\/\/www.camping-eleovic.com\/wp-content\/uploads\/2023\/08\/emplacement-camping-car-1024x701-1-768x526.jpg 768w\" sizes=\"(max-width: 1024px) 100vw, 1024px\" title=\"\"><\/figure>\n\n\n\n<ul class=\"pictos\">\n<li><span class=\"fc-icon\" style=\"width:30px; height:30px\"><svg xmlns=\"http:\/\/www.w3.org\/2000\/svg\" viewBox=\"0 0 448 512\"><!--! Font Awesome Pro 6.4.0 by @fontawesome - https:\/\/fontawesome.com License - https:\/\/fontawesome.com\/license (Commercial License) Copyright 2023 Fonticons, Inc. --><path d=\"M306.8 6.3C311.4 2.2 317.3 0 323.4 0c17.2 0 29.2 17.1 23.4 33.3L278.7 224H389c14.9 0 27 12.1 27 27c0 7.8-3.3 15.1-9.1 20.3L141.1 505.8c-4.5 4-10.4 6.2-16.5 6.2c-17.2 0-29.2-17.1-23.5-33.3L169.3 288H57.8C43.6 288 32 276.4 32 262.2c0-7.4 3.2-14.4 8.7-19.3L306.8 6.3zm.5 42.4L74.1 256H192c5.2 0 10.1 2.5 13.1 6.8s3.7 9.7 2 14.6L140.6 463.6 375.8 256H256c-5.2 0-10.1-2.5-13.1-6.8s-3.7-9.7-2-14.6l66.4-186z\"\/><\/svg><\/span>  Strom 10A inbegriffen<\/li>\n<\/ul>\n<\/div>\n\n\n\n<div class=\"is-layout-flow wp-block-column\">\n<figure class=\"wp-block-image size-large fc-auto\"><img decoding=\"async\" width=\"1024\" height=\"576\" src=\"https:\/\/www.camping-eleovic.com\/wp-content\/uploads\/2023\/10\/20180519_191738-1024x576.jpg\" alt=\"\" class=\"wp-image-1407\" srcset=\"https:\/\/www.camping-eleovic.com\/wp-content\/uploads\/2023\/10\/20180519_191738-1024x576.jpg 1024w, https:\/\/www.camping-eleovic.com\/wp-content\/uploads\/2023\/10\/20180519_191738-300x169.jpg 300w, https:\/\/www.camping-eleovic.com\/wp-content\/uploads\/2023\/10\/20180519_191738-768x432.jpg 768w, https:\/\/www.camping-eleovic.com\/wp-content\/uploads\/2023\/10\/20180519_191738-1536x864.jpg 1536w, https:\/\/www.camping-eleovic.com\/wp-content\/uploads\/2023\/10\/20180519_191738-2048x1152.jpg 2048w\" sizes=\"(max-width: 1024px) 100vw, 1024px\" title=\"\"><\/figure>\n\n\n\n<ul class=\"pictos\">\n<li><span class=\"fc-icon\" style=\"width:30px; height:30px\"><svg xmlns=\"http:\/\/www.w3.org\/2000\/svg\" viewBox=\"0 0 512 512\"><!--! Font Awesome Pro 6.4.0 by @fontawesome - https:\/\/fontawesome.com License - https:\/\/fontawesome.com\/license (Commercial License) Copyright 2023 Fonticons, Inc. --><path d=\"M176 32a24 24 0 1 1 0 48 24 24 0 1 1 0-48zm0 80A56 56 0 1 0 176 0a56 56 0 1 0 0 112zm-32.4 96c-2-8.6-10.5-14-19.1-12.1C53.2 212.1 0 275.8 0 352c0 88.4 71.6 160 160 160c69.7 0 128.9-44.5 150.9-106.7c2.9-8.3-1.4-17.5-9.8-20.4s-17.5 1.4-20.4 9.8C263.1 444.4 215.7 480 160 480C89.3 480 32 422.7 32 352c0-60.9 42.5-111.9 99.5-124.8c8.6-2 14-10.5 12.1-19.1zm56-51.6c-2-8.6-10.5-14-19.1-12.1s-14 10.5-12.1 19.1l34.3 151.1c5 21.9 24.4 37.4 46.8 37.4H358.1l59.6 119.2c1.9 3.8 5.2 6.7 9.3 8s8.4 1 12.2-.9l64-32c7.9-4 11.1-13.6 7.2-21.5s-13.6-11.1-21.5-7.2l-49.7 24.8L386.7 337.7c-5.4-10.8-16.5-17.7-28.6-17.7H249.5c-7.5 0-13.9-5.2-15.6-12.5L215 224H352c8.8 0 16-7.2 16-16s-7.2-16-16-16H207.7l-8.1-35.5z\"\/><\/svg><\/span>  Zug\u00e4nglich f\u00fcr PMR<\/li>\n<\/ul>\n<\/div>\n<\/div>\n<\/div>\n\n\n\n<div class=\"is-layout-flex wp-container-14 wp-block-columns\">\n<div class=\"is-layout-flow wp-block-column\">\n<h2>W\u00e4hlen Sie eine <span class=\"fc-span\">Lage mit Meerblick (3 Reihen) oder Standard<\/span><\/h2>\n\n\n\n<ul class=\"pictos\">\n<li><span class=\"fc-icon\" style=\"width:30px; height:30px\"><svg xmlns=\"http:\/\/www.w3.org\/2000\/svg\" viewBox=\"0 0 576 512\"><!--! Font Awesome Pro 6.4.2 by @fontawesome - https:\/\/fontawesome.com License - https:\/\/fontawesome.com\/license (Commercial License) Copyright 2023 Fonticons, Inc. --><path d=\"M278.9 2.8c5.5-3.8 12.7-3.8 18.2 0L517.3 154.7c11.3 7.8 18.7 20 20.4 33.6L571.4 458c3.6 28.6-18.8 54-47.6 54H52.2C23.4 512 1 486.7 4.6 458L38.3 188.2c1.7-13.6 9.1-25.8 20.4-33.6L278.9 2.8zM76.9 181c-3.8 2.6-6.2 6.7-6.8 11.2L36.4 462c-1.2 9.5 6.3 18 15.9 18H272V46.5L76.9 181zM405.4 480L304 288.4V480H405.4zm36.2 0h82.1c9.6 0 17.1-8.4 15.9-18L505.9 192.2c-.6-4.5-3-8.6-6.8-11.2L304 46.5V220L441.6 480z\"\/><\/svg><\/span>  Zelt<\/li>\n\n\n\n<li><span class=\"fc-icon\" style=\"width:30px; height:30px\"><svg xmlns=\"http:\/\/www.w3.org\/2000\/svg\" viewBox=\"0 0 640 512\"><!--! Font Awesome Pro 6.4.0 by @fontawesome - https:\/\/fontawesome.com License - https:\/\/fontawesome.com\/license (Commercial License) Copyright 2023 Fonticons, Inc. --><path d=\"M80 64c-26.5 0-48 21.5-48 48V336c0 26.5 21.5 48 48 48h21.5c13.2-37.3 48.7-64 90.5-64s77.4 26.7 90.5 64H544V192c0-70.7-57.3-128-128-128H80zM96 416H80c-44.2 0-80-35.8-80-80V112C0 67.8 35.8 32 80 32H416c88.4 0 160 71.6 160 160V384l48 0c8.8 0 16 7.2 16 16s-7.2 16-16 16l-48 0H544 288c0 53-43 96-96 96s-96-43-96-96zM256 160H128v64H256V160zM128 128H256c17.7 0 32 14.3 32 32v64c0 17.7-14.3 32-32 32H128c-17.7 0-32-14.3-32-32V160c0-17.7 14.3-32 32-32zm224 32v64h64V160H352zm-32 0c0-17.7 14.3-32 32-32h64c17.7 0 32 14.3 32 32v64c0 17.7-14.3 32-32 32H352c-17.7 0-32-14.3-32-32V160zM256 416a64 64 0 1 0 -128 0 64 64 0 1 0 128 0z\"\/><\/svg><\/span>  Wohnwagen<\/li>\n\n\n\n<li><span class=\"fc-icon\" style=\"width:30px; height:30px\"><svg xmlns=\"http:\/\/www.w3.org\/2000\/svg\" viewBox=\"0 0 640 512\"><!--! Font Awesome Pro 6.4.0 by @fontawesome - https:\/\/fontawesome.com License - https:\/\/fontawesome.com\/license (Commercial License) Copyright 2023 Fonticons, Inc. --><path d=\"M224 24c0-13.3 10.7-24 24-24H360c13.3 0 24 10.7 24 24v8H496c61.9 0 112 50.1 112 112v8c0 22.1-17.9 40-40 40H549.6L628 254.7c7.6 6.1 12 15.3 12 25V384c0 17.7-14.3 32-32 32H574.4c1 5.2 1.6 10.5 1.6 16c0 44.2-35.8 80-80 80s-80-35.8-80-80c0-5.5 .6-10.8 1.6-16H400 254.4c1 5.2 1.6 10.5 1.6 16c0 44.2-35.8 80-80 80s-80-35.8-80-80c0-7.7 1.1-15.2 3.1-22.2L18.7 329.4C6.7 317.4 0 301.1 0 284.1V96C0 60.7 28.7 32 64 32H224V24zM64 64C46.3 64 32 78.3 32 96V284.1c0 8.5 3.4 16.6 9.4 22.6l73.6 73.6C129.6 363 151.5 352 176 352c26.2 0 49.4 12.6 64 32H384V176c0-8.8 7.2-16 16-16H568c4.4 0 8-3.6 8-8v-8c0-44.2-35.8-80-80-80H384 352V32H256V64H224 64zM176 384a48 48 0 1 0 0 96 48 48 0 1 0 0-96zm320 0a48 48 0 1 0 0 96 48 48 0 1 0 0-96zm-64 0c14.6-19.4 37.8-32 64-32s49.4 12.6 64 32h48V288H416v96h16zM416 192v64H578.4l-80-64H416zM128 224H288V160H128v64zM96 152c0-13.3 10.7-24 24-24H296c13.3 0 24 10.7 24 24v80c0 13.3-10.7 24-24 24H120c-13.3 0-24-10.7-24-24V152z\"\/><\/svg><\/span>  Wohnmobil<\/li>\n<\/ul>\n\n\n\n<p>Ideal gelegen mit einem herrlichen Blick auf den Ozean, <strong>unsere Stellpl\u00e4tze MER<\/strong> (f\u00fcr Zelte, Wohnwagen oder Wohnmobil befinden sich auf den 3 ersten Reihen) befinden sich in einer Anzahl von 27 und sind ausgestattet mit einem Picknicktisch und Stromanschluss (10 A, Anschluss nicht vorhanden). Sie k\u00f6nnen den ganzen Tag \u00fcber den <strong>Blick auf den Atlantik<\/strong> genie\u00dfen, den Sonnenaufgang und -untergang beobachten und die Schiffe am Horizont sehen. (keine Gruppenaufnahme)<\/p>\n\n\n\n<p>Die <strong>Stellpl\u00e4tze STANDARD<\/strong> (f\u00fcr Zelte, Wohnwagen oder Wohnmobile) sind abgegrenzt durch Hecken oder Z\u00e4une und sind ausgestattet mit Strom (10 A, Anschluss nicht vorhanden). Es gibt insgesamt 20 Stellpl\u00e4tze.  <\/p>\n\n\n\n<p>Auf dem Campingplatz El\u00e9ovic finden Sie <strong>halbschattige oder sonnige Campingpl\u00e4tze<\/strong>. Die Ankunft erfolgt ab 15:00 Uhr und die Abreise um 11:00 Uhr.<\/p>\n\n\n\n<h2 id=\"sanitaire\"><span class=\"fc-span\">Stellplatz mit Sanit\u00e4ranlagen privat<\/span> auf Campingplatz in Loire-Atlantique<\/h2>\n\n\n\n<ul>\n<li>Meerblick<\/li>\n\n\n\n<li>K\u00fchlschrank<\/li>\n\n\n\n<li>Waschbecken, Badezimmer mit Dusche und WC<\/li>\n<\/ul>\n\n\n\n<p><strong><em>NEUHEIT:<\/em><\/strong> <\/p>\n\n\n\n<p>Unser Campingplatz bietet Ihnen auch die M\u00f6glichkeit, die Atlantikk\u00fcste zu genie\u00dfen, indem Sie sich auf einem <strong>Stellplatz mit eigenem Sanit\u00e4rbereich<\/strong> und K\u00fchlschrank niederlassen.<\/p>\n\n\n\n<p><a href=\"https:\/\/reservation.secureholiday.net\/fr\/583\/search\/product-view\/137240?_gl=1%2a3b5r7j%2a_ga%2aNjM4NTM1ODQuMTcxODAyODg2OQ..%2a_ga_66LS1EZ8BY%2aMTczMDc5NTgwMS4xMzguMS4xNzMwNzk3MDMwLjMyLjAuMA..&amp;filterStatus=hideFilters&amp;travelers=2%40\" data-type=\"URL\" data-id=\"https:\/\/reservation.secureholiday.net\/fr\/583\/search\/product-view\/137240?_gl=1%2a3b5r7j%2a_ga%2aNjM4NTM1ODQuMTcxODAyODg2OQ..%2a_ga_66LS1EZ8BY%2aMTczMDc5NTgwMS4xMzguMS4xNzMwNzk3MDMwLjMyLjAuMA..&amp;filterStatus=hideFilters&amp;travelers=2%40\" target=\"_blank\" rel=\"noreferrer noopener\">Stellpl\u00e4tze mit Meerblick (2. Reihe 3. Reihe) mit EIGENEM SANIT\u00c4RBEREICH (+ K\u00fchlschrank)<\/a>, Sie k\u00f6nnen alle Ihre Mahlzeiten mit Blick auf das Meer einnehmen, den Sonnenaufgang und -untergang sowie die Boote am Horizont bewundern&#8230; <br>Diese <strong>Stellpl\u00e4tze mit eigenem Sanit\u00e4rbereich<\/strong> sind sonnig, liegen erh\u00f6ht in der 2. Reihe, sind durch Hecken oder Z\u00e4une abgegrenzt und mit Stromanschluss (10 A, Anschluss nicht im Lieferumfang enthalten) ausgestattet. Mit einer Fl\u00e4che von 80 bis 110 m\u00b2 bieten sie Platz f\u00fcr Zelte, Wohnwagen oder Wohnmobile. <\/p>\n\n\n\n<p> <a href=\"https:\/\/www.camping-eleovic.com\/wp-content\/uploads\/2023\/08\/LOCATION-ZOE-ELECTRIQUE-1.pdf\" data-type=\"URL\" data-id=\"https:\/\/www.camping-eleovic.com\/wp-content\/uploads\/2023\/08\/LOCATION-ZOE-ELECTRIQUE-1.pdf\" target=\"_blank\" rel=\"noreferrer noopener\">Vermietung von Elektroautos ab 50\u2009\u20ac\/Tag (inklusive Aufladen) f\u00fcr 100 km.<\/a> Es wird empfohlen, telefonisch zu reservieren.<\/p>\n\n\n\n<div class=\"is-layout-flex wp-block-buttons\">\n<div class=\"wp-block-button\"><a class=\"wp-block-button__link wp-element-button\" href=\"https:\/\/www.camping-eleovic.com\/de\/foto-galerie-camping-atlantikkuste\/?galerie=emplacements\"><span class=\"fc-icon\" style=\"width:30px; height:30px\"><svg xmlns=\"http:\/\/www.w3.org\/2000\/svg\" viewBox=\"0 0 512 512\"><!--! Font Awesome Pro 6.4.0 by @fontawesome - https:\/\/fontawesome.com License - https:\/\/fontawesome.com\/license (Commercial License) Copyright 2023 Fonticons, Inc. --><path d=\"M64 64C46.3 64 32 78.3 32 96V329.4l67.7-67.7c15.6-15.6 40.9-15.6 56.6 0L224 329.4 355.7 197.7c15.6-15.6 40.9-15.6 56.6 0L480 265.4V96c0-17.7-14.3-32-32-32H64zM32 374.6V416c0 17.7 14.3 32 32 32h41.4l96-96-67.7-67.7c-3.1-3.1-8.2-3.1-11.3 0L32 374.6zM389.7 220.3c-3.1-3.1-8.2-3.1-11.3 0L150.6 448H448c17.7 0 32-14.3 32-32V310.6l-90.3-90.3zM0 96C0 60.7 28.7 32 64 32H448c35.3 0 64 28.7 64 64V416c0 35.3-28.7 64-64 64H64c-35.3 0-64-28.7-64-64V96zm160 48a16 16 0 1 0 -32 0 16 16 0 1 0 32 0zm-64 0a48 48 0 1 1 96 0 48 48 0 1 1 -96 0z\"\/><\/svg><\/span>  Mediengalerie<\/a><\/div>\n<\/div>\n<\/div>\n\n\n\n<div class=\"is-layout-flow wp-block-column is-vertically-aligned-center\">\n<figure class=\"is-layout-flex wp-block-gallery-11 wp-block-gallery has-nested-images columns-2 is-cropped fc-auto\">\n<figure class=\"wp-block-image size-full fc-auto\"><img decoding=\"async\" width=\"1920\" height=\"1080\" src=\"https:\/\/www.camping-eleovic.com\/wp-content\/uploads\/2023\/08\/EMPL-C-CAR2.jpg\" alt=\"\" class=\"wp-image-394\" srcset=\"https:\/\/www.camping-eleovic.com\/wp-content\/uploads\/2023\/08\/EMPL-C-CAR2.jpg 1920w, https:\/\/www.camping-eleovic.com\/wp-content\/uploads\/2023\/08\/EMPL-C-CAR2-300x169.jpg 300w, https:\/\/www.camping-eleovic.com\/wp-content\/uploads\/2023\/08\/EMPL-C-CAR2-1024x576.jpg 1024w, https:\/\/www.camping-eleovic.com\/wp-content\/uploads\/2023\/08\/EMPL-C-CAR2-768x432.jpg 768w, https:\/\/www.camping-eleovic.com\/wp-content\/uploads\/2023\/08\/EMPL-C-CAR2-1536x864.jpg 1536w\" sizes=\"(max-width: 1920px) 100vw, 1920px\" title=\"\"><\/figure>\n\n\n\n<figure class=\"wp-block-image size-full fc-auto\"><img decoding=\"async\" width=\"2560\" height=\"1707\" src=\"https:\/\/www.camping-eleovic.com\/wp-content\/uploads\/2025\/01\/Eleovic-51-scaled.jpg\" alt=\"\" class=\"wp-image-2241\" srcset=\"https:\/\/www.camping-eleovic.com\/wp-content\/uploads\/2025\/01\/Eleovic-51-scaled.jpg 2560w, https:\/\/www.camping-eleovic.com\/wp-content\/uploads\/2025\/01\/Eleovic-51-300x200.jpg 300w, https:\/\/www.camping-eleovic.com\/wp-content\/uploads\/2025\/01\/Eleovic-51-1024x683.jpg 1024w, https:\/\/www.camping-eleovic.com\/wp-content\/uploads\/2025\/01\/Eleovic-51-768x512.jpg 768w, https:\/\/www.camping-eleovic.com\/wp-content\/uploads\/2025\/01\/Eleovic-51-1536x1024.jpg 1536w, https:\/\/www.camping-eleovic.com\/wp-content\/uploads\/2025\/01\/Eleovic-51-2048x1365.jpg 2048w\" sizes=\"(max-width: 2560px) 100vw, 2560px\" title=\"\"><\/figure>\n\n\n\n<figure class=\"wp-block-image size-full fc-auto\"><img decoding=\"async\" width=\"800\" height=\"600\" src=\"https:\/\/www.camping-eleovic.com\/wp-content\/uploads\/2025\/07\/emplacement-sanitaire-prive.png\" alt=\"Campingplatz mit privaten Sanit\u00e4ranlagen auf dem Gel\u00e4nde Loire Atlantique\" class=\"wp-image-2522\" srcset=\"https:\/\/www.camping-eleovic.com\/wp-content\/uploads\/2025\/07\/emplacement-sanitaire-prive.png 800w, https:\/\/www.camping-eleovic.com\/wp-content\/uploads\/2025\/07\/emplacement-sanitaire-prive-300x225.png 300w, https:\/\/www.camping-eleovic.com\/wp-content\/uploads\/2025\/07\/emplacement-sanitaire-prive-768x576.png 768w\" sizes=\"(max-width: 800px) 100vw, 800px\" title=\"\"><figcaption class=\"wp-element-caption\">Standort mit Sanit\u00e4ranlagen privat<\/figcaption><\/figure>\n<\/figure>\n<\/div>\n<\/div>\n\n\n\n<div class=\"is-layout-flex wp-container-20 wp-block-columns alignfull E-10 deco--brush-top has-beige-background-color has-background\">\n<div class=\"is-layout-flow wp-block-column deco--bamboo\">\n<figure class=\"is-layout-flex wp-block-gallery-15 wp-block-gallery has-nested-images columns-default is-cropped fc-diapo-mob fc-full\">\n<figure class=\"wp-block-image size-large fc-auto\"><img decoding=\"async\" width=\"1024\" height=\"473\" src=\"https:\/\/www.camping-eleovic.com\/wp-content\/uploads\/2024\/05\/IMG-20240519-WA0005-1-1024x473.jpg\" alt=\"\" class=\"wp-image-1894\" srcset=\"https:\/\/www.camping-eleovic.com\/wp-content\/uploads\/2024\/05\/IMG-20240519-WA0005-1-1024x473.jpg 1024w, https:\/\/www.camping-eleovic.com\/wp-content\/uploads\/2024\/05\/IMG-20240519-WA0005-1-300x139.jpg 300w, https:\/\/www.camping-eleovic.com\/wp-content\/uploads\/2024\/05\/IMG-20240519-WA0005-1-768x355.jpg 768w, https:\/\/www.camping-eleovic.com\/wp-content\/uploads\/2024\/05\/IMG-20240519-WA0005-1-1536x709.jpg 1536w, https:\/\/www.camping-eleovic.com\/wp-content\/uploads\/2024\/05\/IMG-20240519-WA0005-1.jpg 1600w\" sizes=\"(max-width: 1024px) 100vw, 1024px\" title=\"\"><\/figure>\n<\/figure>\n<\/div>\n\n\n\n<div class=\"is-layout-flow wp-block-column E-10__right\">\n<h2>Die <span class=\"fc-span\">St\u00e4rken der Standorte<\/span> an der Atlantikk\u00fcste<\/h2>\n\n\n\n<ul>\n<li>Fl\u00e4che von 80 bis 110 m\u00b2<\/li>\n\n\n\n<li>Durch Hecken abgegrenzte Pl\u00e4tze<\/li>\n\n\n\n<li>Ideal gelegene Stellpl\u00e4tze direkt am Meer<\/li>\n\n\n\n<li>Sanit\u00e4ranlagen in der N\u00e4he<\/li>\n<\/ul>\n\n\n\n<p>Alle die <strong>Stellpl\u00e4tze des Campingplatzes in der Loire-Atlantique sind abgegrenzt durch Hecken<\/strong> oder Barrieren abgegrenzt und sind mit Stromanschluss ausgestattet. Ihre <strong>Fl\u00e4che von 80 bis 110 m\u00b2<\/strong> bietet Platz f\u00fcr <strong>Zelte, Wohnwagen oder Wohnmobile<\/strong>. (keine Gruppenaufnahme)<\/p>\n\n\n\n<p>Die Sanit\u00e4rbl\u00f6cke sind mit WCs, Waschkabinen, Duschkabinen, einer Babyecke und Sanit\u00e4ranlagen f\u00fcr Personen mit eingeschr\u00e4nkter Mobilit\u00e4t ausgestattet. Nach einem erfolgreichen Fischfang zu Fu\u00df k\u00f6nnen Sie sogar Beh\u00e4lter finden, um die Meeresfr\u00fcchte zu reinigen.<\/p>\n\n\n\n<p>Der Wasch-\/Sp\u00fclbereich ist mit zug\u00e4nglichen Waschbecken mit Warmwasser, Waschmaschinen, W\u00e4schetrocknern, B\u00fcgelbrett und B\u00fcgeleisen sowie einer Gefriertruhe ausgestattet, die zum K\u00fchlen Ihrer Eisw\u00fcrfel vorgesehen ist.<\/p>\n\n\n\n<p>Die Sanit\u00e4ranlagen werden mehrmals t\u00e4glich gereinigt und desinfiziert, um Ihnen den bestm\u00f6glichen Komfort zu bieten.<\/p>\n\n\n\n<p>Diese Campingpl\u00e4tze werden neben den <a href=\"https:\/\/www.camping-eleovic.com\/de\/mobilheim-frankreich-atlantikkuste\/\">Mobilheimen<\/a> angeboten und <strong>bieten<\/strong> Ihnen ein authentisches <strong>Campingerlebnis in der Region Loire-Atlantique<\/strong>.<\/p>\n\n\n\n<div class=\"is-content-justification-left is-layout-flex wp-container-18 wp-block-buttons\">\n<div class=\"wp-block-button fc-style-3\"><a class=\"wp-block-button__link wp-element-button\" href=\"https:\/\/www.camping-eleovic.com\/de\/mobilheim-frankreich-atlantikkuste\/\"><span class=\"fc-icon\" style=\"width:30px; height:30px\"><svg xmlns=\"http:\/\/www.w3.org\/2000\/svg\" viewBox=\"0 0 512 512\"><!--! Font Awesome Pro 6.4.0 by @fontawesome - https:\/\/fontawesome.com License - https:\/\/fontawesome.com\/license (Commercial License) Copyright 2023 Fonticons, Inc. --><path d=\"M384 208A176 176 0 1 0 32 208a176 176 0 1 0 352 0zM343.3 366C307 397.2 259.7 416 208 416C93.1 416 0 322.9 0 208S93.1 0 208 0S416 93.1 416 208c0 51.7-18.8 99-50 135.3L507.3 484.7c6.2 6.2 6.2 16.4 0 22.6s-16.4 6.2-22.6 0L343.3 366z\"\/><\/svg><\/span>  Einen Platz buchen<\/a><\/div>\n<\/div>\n<\/div>\n<\/div>\n\n\n\n<div class=\"is-layout-flex wp-container-26 wp-block-columns\">\n<div class=\"is-layout-flow wp-block-column\">\n<h2>Aktivit\u00e4ten von Ihrem <span class=\"fc-span\">Stellplatz f\u00fcr Zelt, Wohnwagen oder Wohnmobil aus<\/span><\/h2>\n\n\n\n<p>Nur wenige Schritte von Ihrem <strong>Standort an der Atlantikk\u00fcste<\/strong> entfernt wartet eine F\u00fclle von Aktivit\u00e4ten auf Gro\u00df und Klein, die f\u00fcr unvergessliche Momente sorgen werden.<\/p>\n\n\n\n<p>Nat\u00fcrlich steht Ihnen zur totalen Entspannung unser beheiztes <a href=\"https:\/\/www.camping-eleovic.com\/de\/camping-mit-pool-frankreich\/\">Hallenbad <\/a> zur Verf\u00fcgung, in dem Sie mit der ganzen Familie schwimmen k\u00f6nnen, Wassergymnastikkurse besuchen k\u00f6nnen, egal bei welchem Wetter.<\/p>\n\n\n\n<p>F\u00fcr die J\u00fcngsten gibt es einen sicheren Spielplatz, der stundenlanges Spielen und Lachen verspricht, w\u00e4hrend Sie sich in unserem Fitnessbereich im Freien austoben k\u00f6nnen. Sportbegeisterte finden ihr Gl\u00fcck auf unserem Multisportplatz, wo Basketball, Handball und Fu\u00dfball auf sie warten, oder sie k\u00f6nnen sich bei einer Partie Tischtennis oder P\u00e9tanque auf unseren angelegten Pl\u00e4tzen messen.<\/p>\n\n\n\n<p>Um die <a href=\"https:\/\/www.camping-eleovic.com\/de\/pays-de-la-loire-sehenswurdigkeiten\/\">Loire-Atlantique und ihre Umgebung<\/a> zu erkunden, ist das Mieten eines Fahrrads eine ideale Option, um die Sch\u00e4tze der Region zu entdecken. Nur einen Steinwurf vom Campingplatz entfernt k\u00f6nnen Wassersportbegeisterte auf den glitzernden Gew\u00e4ssern der Atlantikk\u00fcste segeln, Kajak fahren oder windsurfen. Die feinen Sandstr\u00e4nde laden unter der strahlenden <strong>Sonne der Region Loire-Atlantique<\/strong> zum Entspannen und Baden ein.<\/p>\n\n\n\n<p>Und f\u00fcr Kulturinteressierte bietet die charmante Stadt Pornic zwischen ihrer mittelalterlichen Burg, den malerischen Gassen und dem lebhaften Hafen eine Reihe von Besichtigungsm\u00f6glichkeiten und kulturellen Aktivit\u00e4ten.<\/p>\n\n\n\n<p>Was auch immer Sie sich w\u00fcnschen, auf dem Campingplatz Eleovic und in seiner Umgebung gibt es viele M\u00f6glichkeiten f\u00fcr einen Urlaub voller Entdeckungen und Erlebnisse.<\/p>\n\n\n\n<div class=\"is-layout-flex wp-block-buttons\">\n<div class=\"wp-block-button fc-style-1\"><a class=\"wp-block-button__link wp-element-button\" href=\"https:\/\/www.camping-eleovic.com\/de\/familien-camping-frankreich-atlantik\/\"><span class=\"fc-icon\" style=\"width:30px; height:30px\"><svg xmlns=\"http:\/\/www.w3.org\/2000\/svg\" viewBox=\"0 0 512 512\"><!--! Font Awesome Pro 6.4.0 by @fontawesome - https:\/\/fontawesome.com License - https:\/\/fontawesome.com\/license (Commercial License) Copyright 2023 Fonticons, Inc. --><path d=\"M299.3 475.8c.1-.8 .2-1.7 .4-2.6l21.7-85.8c1.5-5.9 1.4-12.4-2.2-17.3l-3.9-5.3c-6.6-9.1-18.5-12.2-29.8-12.2H226.4c-11.3 0-23.1 3.1-29.8 12.2l-3.9 5.3c-3.6 4.9-3.7 11.4-2.2 17.3l21.7 85.8c.2 .9 .4 1.7 .4 2.6c14 2.7 28.5 4.2 43.3 4.2s29.3-1.4 43.3-4.2zm35.3-10c38.3-14.3 71.6-38.8 96.6-70.2l-72.5-4.8c-1.4-.1-2.8 .3-4 1.2s-2 2.1-2.3 3.4l-17.8 70.5zM451.7 365.1c13.9-24.9 23.2-52.7 26.7-82.3c-.8-.3-1.5-.7-2.3-1.2l-74.9-47.1c-5.1-3.2-11.3-5.1-17.1-3.3l-6.3 2c-10.7 3.5-17.3 13.8-20.8 24.5L338.8 314c-3.5 10.7-4.2 22.9 2.4 32l3.9 5.3c3.6 4.9 9.7 7 15.8 7.4l88.3 5.9c.9 .1 1.7 .2 2.6 .4zm28.1-119c-1.8-41.9-15.1-80.7-36.9-113.6l-27 67.5c-.5 1.3-.6 2.7-.2 4.1l0 .1 0 .1c.5 1.3 1.3 2.4 2.5 3.2l61.5 38.7zM420.2 103.6c-19.7-21.2-43.4-38.6-70-50.9c-.6 .6-1.2 1.3-1.9 1.8l-68 56.6c-4.7 3.9-8.4 9.2-8.4 15.3l0 6.6c0 11.2 7.8 20.7 16.9 27.3l47.9 34.8c9.1 6.6 20.5 11.1 31.2 7.6l6.3-2c5.8-1.9 9.7-7.1 11.9-12.7l32.9-82.1c.3-.8 .7-1.6 1.1-2.3zM315.7 40.1c-19-5.3-39.1-8.1-59.7-8.1s-40.7 2.8-59.7 8.1l55.8 46.5c1.1 .9 2.5 1.4 3.9 1.4s2.8-.5 3.9-1.4l55.8-46.5zm-154 12.7c-26.6 12.3-50.3 29.7-70 50.9c.4 .7 .8 1.5 1.1 2.3L125.8 188c2.3 5.6 6.2 10.8 11.9 12.7l6.3 2c10.7 3.5 22.1-1 31.2-7.6l47.9-34.8c9.1-6.6 16.9-16.1 16.9-27.3l0-6.6c0-6.1-3.7-11.4-8.4-15.3l-68-56.6c-.7-.6-1.3-1.2-1.9-1.8zM69.1 132.5C47.4 165.3 34 204.2 32.2 246.1l61.5-38.7c1.2-.7 2.1-1.9 2.5-3.2l0-.1 0-.1c.4-1.3 .4-2.8-.2-4.1l-27-67.4zM33.6 282.8c3.5 29.6 12.8 57.4 26.7 82.3c.8-.2 1.7-.3 2.6-.4l88.3-5.9c6.1-.4 12.2-2.5 15.8-7.4l3.9-5.3c6.6-9.1 5.9-21.4 2.4-32l-18.3-56.3c-3.5-10.7-10.1-21.1-20.8-24.5l-6.3-2c-5.8-1.9-12 0-17.1 3.3L35.9 281.6c-.7 .5-1.5 .9-2.3 1.2zM80.8 395.6c25 31.4 58.3 55.9 96.6 70.2l-17.8-70.5c-.3-1.4-1.2-2.6-2.3-3.4s-2.6-1.2-4-1.2l-72.5 4.8zM0 256a256 256 0 1 1 512 0A256 256 0 1 1 0 256zm241.9-69.8L194 221c-8.4 6.1-11.9 16.9-8.7 26.8l18.3 56.3c3.2 9.9 12.4 16.6 22.8 16.6h59.2c10.4 0 19.6-6.7 22.8-16.6l18.3-56.3c3.2-9.9-.3-20.7-8.7-26.8l-47.9-34.8c-8.4-6.1-19.8-6.1-28.2 0z\"\/><\/svg><\/span>  Aktivit\u00e4ten ansehen<\/a><\/div>\n<\/div>\n<\/div>\n\n\n\n<div class=\"is-layout-flow wp-block-column\">\n<figure class=\"is-layout-flex wp-block-gallery-23 wp-block-gallery has-nested-images columns-1 is-cropped fc-diapo fc-auto\">\n<figure class=\"wp-block-image size-full fc-auto\"><img decoding=\"async\" width=\"650\" height=\"433\" src=\"https:\/\/www.camping-eleovic.com\/wp-content\/uploads\/2023\/10\/planche-a-voile-plaine-sur-mer.jpg\" alt=\"wassersportliche aktivit\u00e4ten loire atlantique\" class=\"wp-image-1432\" srcset=\"https:\/\/www.camping-eleovic.com\/wp-content\/uploads\/2023\/10\/planche-a-voile-plaine-sur-mer.jpg 650w, https:\/\/www.camping-eleovic.com\/wp-content\/uploads\/2023\/10\/planche-a-voile-plaine-sur-mer-300x200.jpg 300w\" sizes=\"(max-width: 650px) 100vw, 650px\" title=\"\"><\/figure>\n\n\n\n<figure class=\"wp-block-image size-large fc-auto\"><img decoding=\"async\" width=\"1024\" height=\"768\" src=\"https:\/\/www.camping-eleovic.com\/wp-content\/uploads\/2023\/09\/20230809_144346-1024x768.jpg\" alt=\"aktivit\u00e4ten des campingplatzes an der atlantikk\u00fcste\" class=\"wp-image-866\" srcset=\"https:\/\/www.camping-eleovic.com\/wp-content\/uploads\/2023\/09\/20230809_144346-1024x768.jpg 1024w, https:\/\/www.camping-eleovic.com\/wp-content\/uploads\/2023\/09\/20230809_144346-300x225.jpg 300w, https:\/\/www.camping-eleovic.com\/wp-content\/uploads\/2023\/09\/20230809_144346-768x576.jpg 768w, https:\/\/www.camping-eleovic.com\/wp-content\/uploads\/2023\/09\/20230809_144346-1536x1152.jpg 1536w, https:\/\/www.camping-eleovic.com\/wp-content\/uploads\/2023\/09\/20230809_144346.jpg 2000w\" sizes=\"(max-width: 1024px) 100vw, 1024px\" title=\"\"><\/figure>\n\n\n\n<figure class=\"wp-block-image size-full fc-auto\"><img decoding=\"async\" width=\"2560\" height=\"1183\" src=\"https:\/\/www.camping-eleovic.com\/wp-content\/uploads\/2023\/09\/20230721_0928161-scaled.jpg\" alt=\"campingplatz mit schwimmbad in loire atlantique\" class=\"wp-image-863\" srcset=\"https:\/\/www.camping-eleovic.com\/wp-content\/uploads\/2023\/09\/20230721_0928161-scaled.jpg 2560w, https:\/\/www.camping-eleovic.com\/wp-content\/uploads\/2023\/09\/20230721_0928161-300x139.jpg 300w, https:\/\/www.camping-eleovic.com\/wp-content\/uploads\/2023\/09\/20230721_0928161-1024x473.jpg 1024w, https:\/\/www.camping-eleovic.com\/wp-content\/uploads\/2023\/09\/20230721_0928161-768x355.jpg 768w, https:\/\/www.camping-eleovic.com\/wp-content\/uploads\/2023\/09\/20230721_0928161-1536x710.jpg 1536w, https:\/\/www.camping-eleovic.com\/wp-content\/uploads\/2023\/09\/20230721_0928161-2048x946.jpg 2048w\" sizes=\"(max-width: 2560px) 100vw, 2560px\" title=\"\"><\/figure>\n<\/figure>\n<\/div>\n<\/div>\n","protected":false},"excerpt":{"rendered":"<p>Campingpl\u00e4tze in der Loire-Atlantique in der N\u00e4he von Pornic. Der Campingplatz Eleovic in Pr\u00e9failles bietet auch Stellpl\u00e4tze f\u00fcr Zelte, Wohnmobile und Wohnwagen im Departement Loire-Atlantique an, um Sie zufrieden zu stellen. Mit Blick auf den Atlantik sind unsere ger\u00e4umigen Stellpl\u00e4tze gut abgegrenzt, um Ihre Privatsph\u00e4re zu respektieren. F\u00fcr den Komfort aller sind Wasser und Strom [&hellip;]<\/p>\n","protected":false},"author":1,"featured_media":0,"parent":0,"menu_order":0,"comment_status":"closed","ping_status":"closed","template":"","meta":[],"acf":[],"_links":{"self":[{"href":"https:\/\/www.camping-eleovic.com\/de\/wp-json\/wp\/v2\/pages\/1140"}],"collection":[{"href":"https:\/\/www.camping-eleovic.com\/de\/wp-json\/wp\/v2\/pages"}],"about":[{"href":"https:\/\/www.camping-eleovic.com\/de\/wp-json\/wp\/v2\/types\/page"}],"author":[{"embeddable":true,"href":"https:\/\/www.camping-eleovic.com\/de\/wp-json\/wp\/v2\/users\/1"}],"replies":[{"embeddable":true,"href":"https:\/\/www.camping-eleovic.com\/de\/wp-json\/wp\/v2\/comments?post=1140"}],"version-history":[{"count":6,"href":"https:\/\/www.camping-eleovic.com\/de\/wp-json\/wp\/v2\/pages\/1140\/revisions"}],"predecessor-version":[{"id":2831,"href":"https:\/\/www.camping-eleovic.com\/de\/wp-json\/wp\/v2\/pages\/1140\/revisions\/2831"}],"wp:attachment":[{"href":"https:\/\/www.camping-eleovic.com\/de\/wp-json\/wp\/v2\/media?parent=1140"}],"curies":[{"name":"wp","href":"https:\/\/api.w.org\/{rel}","templated":true}]}}