{"id":1120,"date":"2023-09-28T11:11:27","date_gmt":"2023-09-28T09:11:27","guid":{"rendered":"https:\/\/www.camping-eleovic.com\/camping-loire-atlantique-mit-offenem-schwimmbad\/"},"modified":"2025-10-30T11:42:37","modified_gmt":"2025-10-30T10:42:37","slug":"camping-mit-pool-frankreich","status":"publish","type":"page","link":"https:\/\/www.camping-eleovic.com\/de\/camping-mit-pool-frankreich\/","title":{"rendered":"Wasserraum"},"content":{"rendered":"\n<div class=\"wp-block-cover alignfull is-light\"><span aria-hidden=\"true\" class=\"wp-block-cover__background has-background-dim\"><\/span><img decoding=\"async\" width=\"2000\" height=\"924\" class=\"wp-block-cover__image-background wp-image-299\" alt=\"Campingplatz mit Hallenbad an der Atlantikk\u00fcste\" src=\"https:\/\/www.camping-eleovic.com\/wp-content\/uploads\/2023\/08\/20230809_145715.jpg\" data-object-fit=\"cover\" srcset=\"https:\/\/www.camping-eleovic.com\/wp-content\/uploads\/2023\/08\/20230809_145715.jpg 2000w, https:\/\/www.camping-eleovic.com\/wp-content\/uploads\/2023\/08\/20230809_145715-300x139.jpg 300w, https:\/\/www.camping-eleovic.com\/wp-content\/uploads\/2023\/08\/20230809_145715-1024x473.jpg 1024w, https:\/\/www.camping-eleovic.com\/wp-content\/uploads\/2023\/08\/20230809_145715-768x355.jpg 768w, https:\/\/www.camping-eleovic.com\/wp-content\/uploads\/2023\/08\/20230809_145715-1536x710.jpg 1536w\" sizes=\"(max-width: 2000px) 100vw, 2000px\" title=\"\"><div class=\"wp-block-cover__inner-container\">\n<p class=\"has-text-align-center\"><\/p>\n<\/div><\/div>\n\n\n\n<div class=\"is-layout-constrained wp-block-group\">  <div class=\"sc-searchbar wp-block-buttons\">\r\n    <div class=\"wp-block-button btn_resa show-mob\">\r\n      <a class=\"wp-block-button__link wp-element-button\"><span class=\"fc-icon\" style=\"width:30px; height:30px\"><svg xmlns=\"http:\/\/www.w3.org\/2000\/svg\" viewBox=\"0 0 512 512\"><!--! Font Awesome Pro 6.4.0 by @fontawesome - https:\/\/fontawesome.com License - https:\/\/fontawesome.com\/license (Commercial License) Copyright 2023 Fonticons, Inc. --><path d=\"M384 208A176 176 0 1 0 32 208a176 176 0 1 0 352 0zM343.3 366C307 397.2 259.7 416 208 416C93.1 416 0 322.9 0 208S93.1 0 208 0S416 93.1 416 208c0 51.7-18.8 99-50 135.3L507.3 484.7c6.2 6.2 6.2 16.4 0 22.6s-16.4 6.2-22.6 0L343.3 366z\"><\/path><\/svg><\/span> Buche deinen Aufenthalt<\/a>\r\n    <\/div>\r\n  <\/div>\r\n  \n<\/div>\n\n\n\n<div class=\"is-layout-flex wp-container-8 wp-block-columns E-10 deco--brush-top reverse-mob\">\n<div class=\"is-layout-flow wp-block-column is-vertically-aligned-top\">\n<div class=\"is-layout-constrained wp-block-group\">\n<figure class=\"wp-block-image size-full fc-full\"><img decoding=\"async\" width=\"2560\" height=\"1183\" src=\"https:\/\/www.camping-eleovic.com\/wp-content\/uploads\/2023\/09\/20230721_0928161-scaled.jpg\" alt=\"\" class=\"wp-image-865\" srcset=\"https:\/\/www.camping-eleovic.com\/wp-content\/uploads\/2023\/09\/20230721_0928161-scaled.jpg 2560w, https:\/\/www.camping-eleovic.com\/wp-content\/uploads\/2023\/09\/20230721_0928161-300x139.jpg 300w, https:\/\/www.camping-eleovic.com\/wp-content\/uploads\/2023\/09\/20230721_0928161-1024x473.jpg 1024w, https:\/\/www.camping-eleovic.com\/wp-content\/uploads\/2023\/09\/20230721_0928161-768x355.jpg 768w, https:\/\/www.camping-eleovic.com\/wp-content\/uploads\/2023\/09\/20230721_0928161-1536x710.jpg 1536w, https:\/\/www.camping-eleovic.com\/wp-content\/uploads\/2023\/09\/20230721_0928161-2048x946.jpg 2048w\" sizes=\"(max-width: 2560px) 100vw, 2560px\" title=\"\"><\/figure>\n<\/div>\n\n\n\n<figure class=\"is-layout-flex wp-block-gallery-3 wp-block-gallery has-nested-images columns-default fc-auto\">\n<figure class=\"wp-block-image size-large fc-auto\"><img decoding=\"async\" width=\"1024\" height=\"473\" src=\"https:\/\/www.camping-eleovic.com\/wp-content\/uploads\/2025\/06\/20230710_161033-1024x473.jpg\" alt=\"\" class=\"wp-image-2501\" srcset=\"https:\/\/www.camping-eleovic.com\/wp-content\/uploads\/2025\/06\/20230710_161033-1024x473.jpg 1024w, https:\/\/www.camping-eleovic.com\/wp-content\/uploads\/2025\/06\/20230710_161033-300x139.jpg 300w, https:\/\/www.camping-eleovic.com\/wp-content\/uploads\/2025\/06\/20230710_161033-768x355.jpg 768w, https:\/\/www.camping-eleovic.com\/wp-content\/uploads\/2025\/06\/20230710_161033-1536x710.jpg 1536w, https:\/\/www.camping-eleovic.com\/wp-content\/uploads\/2025\/06\/20230710_161033-2048x946.jpg 2048w\" sizes=\"(max-width: 1024px) 100vw, 1024px\" title=\"\"><\/figure>\n<\/figure>\n\n\n\n<figure class=\"wp-block-image size-large fc-auto\"><img decoding=\"async\" width=\"1024\" height=\"473\" src=\"https:\/\/www.camping-eleovic.com\/wp-content\/uploads\/2025\/10\/20230610_173649-1-1024x473.jpg\" alt=\"\" class=\"wp-image-2798\" srcset=\"https:\/\/www.camping-eleovic.com\/wp-content\/uploads\/2025\/10\/20230610_173649-1-1024x473.jpg 1024w, https:\/\/www.camping-eleovic.com\/wp-content\/uploads\/2025\/10\/20230610_173649-1-300x139.jpg 300w, https:\/\/www.camping-eleovic.com\/wp-content\/uploads\/2025\/10\/20230610_173649-1-768x355.jpg 768w, https:\/\/www.camping-eleovic.com\/wp-content\/uploads\/2025\/10\/20230610_173649-1-1536x710.jpg 1536w, https:\/\/www.camping-eleovic.com\/wp-content\/uploads\/2025\/10\/20230610_173649-1-2048x946.jpg 2048w\" sizes=\"(max-width: 1024px) 100vw, 1024px\" title=\"\"><\/figure>\n<\/div>\n\n\n\n<div class=\"is-layout-flow wp-block-column deco--bamboo-zen\">\n<h1>Campingplatz mit Hallenbad an der franz\u00f6sischen Atlantikk\u00fcste<\/h1>\n\n\n\n<p>In einer wundersch\u00f6nen nat\u00fcrlichen Umgebung und einer entspannten Atmosph\u00e4re bietet der <a href=\"https:\/\/www.camping-eleovic.com\/de\/\">Campingplatz Eleovic der an der Atlantikk\u00fcste in Frankreich<\/a> in der N\u00e4he von Pornic liegt, einen Wasserbereich, der t\u00e4glich von 10 bis 19 Uhr ge\u00f6ffnet ist, mit :<\/p>\n\n\n\n<ul>\n<li>Das beheizte becken ist von anfang April bis ende September ge\u00f6ffnet.<\/li>\n\n\n\n<li>Das 18m x 8m gro\u00dfe beheiztes Hallenbad,<\/li>\n\n\n\n<li>Das Indoor-Planschbecken,<\/li>\n\n\n\n<li>Das spielerische Au\u00dfenbecken f\u00fcr die Kleinen,<\/li>\n\n\n\n<li>Balneo-Becken mit D\u00fcsen, Bank und B\u00e4nke<\/li>\n\n\n\n<li>Das Solarium und seine Liegest\u00fchle.<\/li>\n<\/ul>\n\n\n\n<p>Nutzen Sie neben dem <strong>Pool<\/strong> auch unseren Zen-Bereich, der der Entspannung gewidmet ist, um nach einem Tag voller Besichtigungen an der <strong>Atlantikk\u00fcste <\/strong>neue Energie zu tanken! Dieser Zen-Bereich ist mit einem <strong>35 m\u00b2 gro\u00dfen Becken mit D\u00fcsen<\/strong>, <strong>Wasserf\u00e4llen<\/strong>, <strong>Hydromassageb\u00e4nken<\/strong> und <strong>Aquabikes<\/strong> f\u00fcr die sportlichsten G\u00e4ste ausgestattet. Wir haben diesen Wasserbereich f\u00fcr Erwachsene ab 18 Jahren reserviert, um Ihnen ein optimales Entspannungserlebnis zu bieten. Lockern Sie Ihre Muskeln nach einer Wanderung oder entspannen Sie sich einfach in diesem Raum der Ruhe.<\/p>\n\n\n\n<div class=\"wp-block-fc-gut-lire-plus fc-mob\"><label class=\"has-text-align-left\"><input type=\"checkbox\">Mehr lesen<\/label>\n<p class=\"h3\">Im Detail<\/p>\n\n\n\n<p>Eleovic hat ein \u00fcberdachtes und auf<strong> beheiztes Schwimmbad<\/strong>, das t\u00e4glich von 10:00 bis 19:00 Uhr ge\u00f6ffnet ist. Die Tiefe variiert zwischen 80 cm und 140 cm f\u00fcr das gro\u00dfe Bad.<\/p>\n\n\n\n<p>Nur das Tragen von Badehosen ist erlaubt. Badeshorts und -r\u00f6cke sind beim Baden verboten.<\/p>\n\n\n\n<p>Besucher haben keinen Zugang zum Pool.<\/p>\n<\/div>\n\n\n\n<div class=\"is-layout-flex wp-block-buttons\">\n<div class=\"wp-block-button\"><a class=\"wp-block-button__link wp-element-button\" href=\"https:\/\/www.camping-eleovic.com\/de\/foto-galerie-camping-atlantikkuste\/?galerie=piscine\"><span class=\"fc-icon\" style=\"width:30px; height:30px\"><svg xmlns=\"http:\/\/www.w3.org\/2000\/svg\" viewBox=\"0 0 512 512\"><!--! Font Awesome Pro 6.4.0 by @fontawesome - https:\/\/fontawesome.com License - https:\/\/fontawesome.com\/license (Commercial License) Copyright 2023 Fonticons, Inc. --><path d=\"M64 64C46.3 64 32 78.3 32 96V329.4l67.7-67.7c15.6-15.6 40.9-15.6 56.6 0L224 329.4 355.7 197.7c15.6-15.6 40.9-15.6 56.6 0L480 265.4V96c0-17.7-14.3-32-32-32H64zM32 374.6V416c0 17.7 14.3 32 32 32h41.4l96-96-67.7-67.7c-3.1-3.1-8.2-3.1-11.3 0L32 374.6zM389.7 220.3c-3.1-3.1-8.2-3.1-11.3 0L150.6 448H448c17.7 0 32-14.3 32-32V310.6l-90.3-90.3zM0 96C0 60.7 28.7 32 64 32H448c35.3 0 64 28.7 64 64V416c0 35.3-28.7 64-64 64H64c-35.3 0-64-28.7-64-64V96zm160 48a16 16 0 1 0 -32 0 16 16 0 1 0 32 0zm-64 0a48 48 0 1 1 96 0 48 48 0 1 1 -96 0z\"\/><\/svg><\/span>  Mediengalerie<\/a><\/div>\n<\/div>\n<\/div>\n<\/div>\n\n\n\n<div class=\"is-layout-flex wp-container-13 wp-block-columns alignfull E-10 deco--brush-top has-beige-background-color has-background\">\n<div class=\"is-layout-flow wp-block-column\" style=\"flex-basis:40%\">\n<h2>Entspannen Sie sich im Zen-Becken<\/h2>\n\n\n\n<ul class=\"pictos pictos--2 col-2\">\n<li><span class=\"fc-icon\" style=\"width:30px; height:30px\"><svg xmlns=\"http:\/\/www.w3.org\/2000\/svg\" viewBox=\"0 0 512 512\"><!--! Font Awesome Pro 6.4.2 by @fontawesome - https:\/\/fontawesome.com License - https:\/\/fontawesome.com\/license (Commercial License) Copyright 2023 Fonticons, Inc. --><path d=\"M240 0c-8.8 0-16 7.2-16 16c0 35.3 17.7 68.3 47.1 87.9l16.1 10.7C307.7 128.4 320 151.4 320 176c0 8.8 7.2 16 16 16s16-7.2 16-16c0-35.3-17.7-68.3-47.1-87.9L288.8 77.3C268.3 63.6 256 40.6 256 16c0-8.8-7.2-16-16-16zM32 336V320 288H272c.5 0 1 0 1.6-.1c1.3 0 2.5 .1 3.8 .1H448c17.7 0 32 14.3 32 32V448c0 17.7-14.3 32-32 32H64c-17.7 0-32-14.3-32-32V336zm170.7-80H32c0-35.3 28.7-64 64-64c13.8 0 27.3 4.5 38.4 12.8L202.7 256zM0 272v48 16V448c0 35.3 28.7 64 64 64H448c35.3 0 64-28.7 64-64V320c0-35.3-28.7-64-64-64H277.3c-13.8 0-27.3-4.5-38.4-12.8l-85.3-64C137 166.7 116.8 160 96 160c-53 0-96 43-96 96v16zM384 16c0-8.8-7.2-16-16-16s-16 7.2-16 16c0 35.3 17.7 68.3 47.1 87.9l16.1 10.7C435.7 128.4 448 151.4 448 176c0 8.8 7.2 16 16 16s16-7.2 16-16c0-35.3-17.7-68.3-47.1-87.9L416.8 77.3C396.3 63.6 384 40.6 384 16zM112 336c-8.8 0-16 7.2-16 16v80c0 8.8 7.2 16 16 16s16-7.2 16-16V352c0-8.8-7.2-16-16-16zm96 0c-8.8 0-16 7.2-16 16v80c0 8.8 7.2 16 16 16s16-7.2 16-16V352c0-8.8-7.2-16-16-16zm96 0c-8.8 0-16 7.2-16 16v80c0 8.8 7.2 16 16 16s16-7.2 16-16V352c0-8.8-7.2-16-16-16zm96 0c-8.8 0-16 7.2-16 16v80c0 8.8 7.2 16 16 16s16-7.2 16-16V352c0-8.8-7.2-16-16-16zM32 64a32 32 0 1 1 64 0A32 32 0 1 1 32 64zm96 0A64 64 0 1 0 0 64a64 64 0 1 0 128 0z\"\/><\/svg><\/span>  Massaged\u00fcsen<\/li>\n\n\n\n<li><span class=\"fc-icon\" style=\"width:30px; height:30px\"><svg xmlns=\"http:\/\/www.w3.org\/2000\/svg\" viewBox=\"0 0 576 512\"><!--! Font Awesome Pro 6.4.0 by @fontawesome - https:\/\/fontawesome.com License - https:\/\/fontawesome.com\/license (Commercial License) Copyright 2023 Fonticons, Inc. --><path d=\"M471.6 99.4c46.8 45.1 72.2 109 68.3 174.7l-86.3-31.4c15.2-43.2 21.6-89 18.9-134.8c-.2-2.9-.5-5.7-.9-8.5zM402.8 54.3c21.7 10.1 36.3 31.4 37.7 55.6c2.5 41.4-3.3 82.8-17 121.9l-167.6-61c14.6-38.8 36.9-74.2 65.3-104.3c17.5-18.5 44.1-25.2 68.2-17.3c1.1 .4 2.2 .8 3.3 1.2c3.4 1.2 6.7 2.5 10 3.9zm-3.1-35.4c-109.8-38-228.4 3.2-292.6 94c-11.1 15.7-2.8 36.8 15.3 43.4l92.4 33.6 0 0L245 200.9l167.6 61 30.1 10.9 0 0 89.1 32.4c18.1 6.6 38-4.2 39.6-23.4c9-108.1-52-213.2-155.6-256.9c-2.4-1.1-4.9-2.1-7.4-3l-5.9-2.1c-.9-.3-1.8-.6-2.7-.9zM305.9 37c-2.7 2.3-5.4 4.8-7.9 7.5c-31.5 33.3-56 72.5-72.2 115.4l-89.6-32.6C176.5 73 239.2 40.1 305.9 37zM16 480c-8.8 0-16 7.2-16 16s7.2 16 16 16H560c8.8 0 16-7.2 16-16s-7.2-16-16-16H253.4l77.8-213.7-30.1-10.9L219.4 480H16z\"\/><\/svg><\/span>  Liegest\u00fchle<\/li>\n\n\n\n<li><span class=\"fc-icon\" style=\"width:30px; height:30px\"><svg width=\"512\" height=\"512\" viewBox=\"0 0 512 512\" xmlns=\"http:\/\/www.w3.org\/2000\/svg\">\n<g clip-path=\"url(#clip0_694_61)\">\n<path d=\"M221.196 342H151.564L157.16 224.76L126.583 194.183L118.8 357.237C118.365 366.363 125.646 374 134.782 374H236.626C245.237 374 252.304 367.185 252.616 358.579L253.957 321.557L223.057 290.657L223.053 290.754C223.051 290.81 223.049 290.867 223.046 290.923L221.196 342Z\"\/>\n<path d=\"M274.434 374C265.884 374 258.871 367.284 258.454 358.791C258.447 358.657 258.442 358.522 258.439 358.386L257.638 325.238L306.4 374H274.434Z\"\/>\n<path fill-rule=\"evenodd\" clip-rule=\"evenodd\" d=\"M86.7 109.3C52.6 148.6 32 199.9 32 256C32 379.7 132.3 480 256 480C312.1 480 363.4 459.4 402.7 425.3L86.7 109.3ZM437.019 437.019C389.01 485.029 323.895 512 256 512C188.105 512 122.99 485.029 74.9807 437.019C26.9714 389.01 0 323.895 0 256C0 188.105 26.9714 122.99 74.9807 74.9807C122.99 26.9714 188.105 0 256 0C323.895 0 389.01 26.9714 437.019 74.9807C485.029 122.99 512 188.105 512 256C512 323.895 485.029 389.01 437.019 437.019ZM352.226 170L360.227 337.627L192.6 170H352.226ZM256 32C199.9 32 148.6 52.6 109.3 86.7L160.6 138H367.48C376.02 138 383.055 144.707 383.462 153.237L393.2 357.237C393.383 361.072 392.203 364.643 390.096 367.496L425.3 402.7C459.4 363.4 480 312.1 480 256C480 132.3 379.7 32 256 32Z\"\/>\n<\/g>\n<defs>\n<clipPath id=\"clip0_694_61\">\n<rect width=\"512\" height=\"512\" fill=\"white\"\/>\n<\/clipPath>\n<\/defs>\n<\/svg>\n<\/span>  Badeshorts<br>verboten<\/li>\n\n\n\n<li><span class=\"fc-icon\" style=\"width:30px; height:30px\"><svg xmlns=\"http:\/\/www.w3.org\/2000\/svg\" viewBox=\"0 0 576 512\"><!--! Font Awesome Pro 6.4.0 by @fontawesome - https:\/\/fontawesome.com License - https:\/\/fontawesome.com\/license (Commercial License) Copyright 2023 Fonticons, Inc. --><path d=\"M133.8 106.8C150.3 118 171.1 128 192 128s41.6-9.9 58.2-21.2c9.8-6.7 18-14 25.9-21.9c6.6-6.5 17.2-6.5 23.7 0c7.9 7.9 16.2 15.2 26 21.9C342.3 118 363.1 128 384 128s41.6-9.9 58.2-21.2c9.8-6.7 18-14 25.9-21.9c6.6-6.5 17.2-6.5 23.7 0c7.9 7.9 16.2 15.2 26 21.9c12.8 8.7 28.1 16.6 44.1 19.8c7.7 1.5 14.1 7.8 14.1 15.7c0 9.8-8 17.9-17.7 16.2c-23.1-4-43.6-15-58.5-25.2c-7.9-5.4-14.7-10.8-19.8-15.3c-5.1 4.5-11.8 9.9-19.8 15.3C441.5 145.9 414.3 160 384 160s-57.6-14.1-76.2-26.8c-7.9-5.4-14.7-10.8-19.8-15.3c-5.1 4.5-11.8 9.9-19.8 15.3C249.5 145.9 222.3 160 192 160s-57.6-14.1-76.2-26.8c-7.9-5.4-14.6-10.8-19.8-15.3c-5.1 4.5-11.8 9.9-19.8 15.3c-14.9 10.2-35.4 21.2-58.5 25.2C8 160.1 0 152 0 142.2c0-7.9 6.4-14.1 14.1-15.7c15.9-3.1 31.3-11.1 44-19.8c9.8-6.7 18-14 25.9-21.9c6.6-6.5 17.2-6.6 23.8 0c7.9 7.9 16.2 15.2 25.9 21.9zm0 288C150.3 406 171.1 416 192 416s41.6-9.9 58.2-21.2c9.8-6.7 18-14 25.9-21.9c6.6-6.5 17.2-6.5 23.7 0c7.9 7.9 16.2 15.2 26 21.9C342.3 406 363.1 416 384 416s41.6-9.9 58.2-21.2c9.8-6.7 18-14 25.9-21.9c6.6-6.5 17.2-6.6 23.7 0c7.9 7.9 16.2 15.2 26 21.9c12.8 8.7 28.1 16.6 44.1 19.8c7.7 1.5 14.1 7.8 14.1 15.7c0 9.8-8 17.9-17.7 16.2c-23.1-4-43.6-15-58.5-25.2c-7.9-5.4-14.7-10.8-19.8-15.3c-5.1 4.5-11.8 9.9-19.8 15.3C441.5 433.9 414.3 448 384 448s-57.6-14.1-76.2-26.8c-7.9-5.4-14.7-10.8-19.8-15.3c-5.1 4.5-11.8 9.9-19.8 15.3C249.5 433.9 222.3 448 192 448s-57.6-14.1-76.2-26.8c-7.9-5.4-14.6-10.8-19.8-15.3c-5.1 4.5-11.8 9.9-19.8 15.3c-14.9 10.2-35.4 21.2-58.5 25.2C8 448.1 0 440 0 430.2c0-7.9 6.4-14.1 14.1-15.7c15.9-3.1 31.3-11.1 44-19.8c9.8-6.7 18-14 25.9-21.9c6.6-6.5 17.2-6.6 23.8 0c7.9 7.9 16.2 15.2 25.9 21.9zM192 272c20.9 0 41.6-9.9 58.2-21.2c9.8-6.7 18-14 25.9-21.9c6.6-6.5 17.2-6.5 23.7 0c7.9 7.9 16.2 15.2 26 21.9C342.3 262 363.1 272 384 272s41.6-9.9 58.2-21.2c9.8-6.7 18-14 25.9-21.9c6.6-6.5 17.2-6.5 23.7 0c7.9 7.9 16.2 15.2 26 21.9c12.8 8.7 28.1 16.6 44.1 19.8c7.7 1.5 14.1 7.8 14.1 15.7c0 9.8-8 17.9-17.7 16.2c-23.1-4-43.6-15-58.5-25.2c-7.9-5.4-14.7-10.8-19.8-15.3c-5.1 4.5-11.8 9.9-19.8 15.3C441.5 289.9 414.3 304 384 304s-57.6-14.1-76.2-26.8c-7.9-5.4-14.7-10.8-19.8-15.3c-5.1 4.5-11.8 9.9-19.8 15.3C249.5 289.9 222.3 304 192 304s-57.6-14.1-76.2-26.8c-7.9-5.4-14.6-10.8-19.8-15.3c-5.1 4.5-11.8 9.9-19.8 15.3c-14.9 10.2-35.4 21.2-58.5 25.2C8 304.1 0 296 0 286.2c0-7.9 6.4-14.1 14.1-15.7c15.9-3.1 31.3-11.1 44-19.8c9.8-6.7 18-14 25.9-21.9c6.6-6.5 17.2-6.6 23.8 0c7.9 7.9 16.2 15.2 25.9 21.9C150.3 262 171.1 272 192 272z\"\/><\/svg><\/span>  Planschbecken<\/li>\n<\/ul>\n\n\n\n<h2>Campingplatz mit Schwimmbad in der N\u00e4he von Pornic<\/h2>\n\n\n\n<p>NEU: Entdecken Sie das brandneue <strong>BASSIN ZEN<\/strong>, einen 35m\u00b2 gro\u00dfen Bereich nur <strong>f\u00fcr Erwachsene<\/strong>, der Ihnen mit seinen Sitzb\u00e4nken und Hydromassaged\u00fcsen pure Entspannung bietet. Wir haben diesen Wasserbereich f\u00fcr Personen ab 18 Jahren reserviert, um Ihnen ein optimales Entspannungserlebnis zu bieten. Lockern Sie Ihre Muskeln nach einer Wanderung oder entspannen Sie sich einfach in diesem Raum der Ruhe.<\/p>\n\n\n\n<div class=\"wp-block-fc-gut-lire-plus fc-desk\"><label class=\"has-text-align-left\"><input type=\"checkbox\">Mehr lesen<\/label>\n<p>Im Sommer werden Aktivit\u00e4ten und Animationen im Schwimmbad angeboten, kostenlose Aqua-Fitness-Sitzungen am Vormittag oder Wasserspiele f\u00fcr Gro\u00df und Klein am Nachmittag.<\/p>\n\n\n\n<p>Z\u00f6gern Sie nicht l\u00e4nger und tauchen Sie in unser <strong>beheiztes Hallenbad<\/strong> ein, genie\u00dfen Sie die Animationen f\u00fcr alle Altersgruppen und ein ungest\u00f6rtes Badevergn\u00fcgen.  <\/p>\n\n\n\n<p>Genie\u00dfen Sie unseren Campingplatz Eleovic im Departement Loire-Atlantique und sein <strong>Hallenbad<\/strong>, das die ganze Saison bezeiht ist.<\/p>\n<\/div>\n<\/div>\n\n\n\n<div class=\"is-layout-flow wp-block-column is-vertically-aligned-center E-10__right\">\n<figure class=\"is-layout-flex wp-block-gallery-10 wp-block-gallery has-nested-images columns-2 is-cropped fc-auto\">\n<figure class=\"wp-block-image size-large fc-auto\"><img decoding=\"async\" width=\"1024\" height=\"473\" src=\"https:\/\/www.camping-eleovic.com\/wp-content\/uploads\/2025\/01\/20230610_173649-1024x473.jpg\" alt=\"\" class=\"wp-image-2281\" srcset=\"https:\/\/www.camping-eleovic.com\/wp-content\/uploads\/2025\/01\/20230610_173649-1024x473.jpg 1024w, https:\/\/www.camping-eleovic.com\/wp-content\/uploads\/2025\/01\/20230610_173649-300x139.jpg 300w, https:\/\/www.camping-eleovic.com\/wp-content\/uploads\/2025\/01\/20230610_173649-768x355.jpg 768w, https:\/\/www.camping-eleovic.com\/wp-content\/uploads\/2025\/01\/20230610_173649-1536x710.jpg 1536w, https:\/\/www.camping-eleovic.com\/wp-content\/uploads\/2025\/01\/20230610_173649-2048x946.jpg 2048w\" sizes=\"(max-width: 1024px) 100vw, 1024px\" title=\"\"><\/figure>\n<\/figure>\n<\/div>\n<\/div>\n\n\n\n<div class=\"is-layout-flex wp-container-18 wp-block-columns E-05\">\n<div class=\"is-layout-flow wp-block-column hide-mob\">\n<figure class=\"wp-block-image size-large fc-auto\"><img decoding=\"async\" width=\"1024\" height=\"473\" src=\"https:\/\/www.camping-eleovic.com\/wp-content\/uploads\/2023\/08\/20230809_145715-1024x473.jpg\" alt=\"\" class=\"wp-image-299\" srcset=\"https:\/\/www.camping-eleovic.com\/wp-content\/uploads\/2023\/08\/20230809_145715-1024x473.jpg 1024w, https:\/\/www.camping-eleovic.com\/wp-content\/uploads\/2023\/08\/20230809_145715-300x139.jpg 300w, https:\/\/www.camping-eleovic.com\/wp-content\/uploads\/2023\/08\/20230809_145715-768x355.jpg 768w, https:\/\/www.camping-eleovic.com\/wp-content\/uploads\/2023\/08\/20230809_145715-1536x710.jpg 1536w, https:\/\/www.camping-eleovic.com\/wp-content\/uploads\/2023\/08\/20230809_145715.jpg 2000w\" sizes=\"(max-width: 1024px) 100vw, 1024px\" title=\"\"><\/figure>\n<\/div>\n\n\n\n<div class=\"is-layout-flow wp-block-column\">\n<h2 class=\"has-text-align-center\">Campingplatz Loire-Atlantique am Meer mit Schwimmbad<\/h2>\n\n\n\n<p class=\"has-text-align-center\">Von Ihrem <a href=\"https:\/\/www.camping-eleovic.com\/de\/mobilheim-frankreich-atlantikkuste\/\">Mobilheim an der Atlantikk\u00fcste<\/a> oder Ihrem <a href=\"https:\/\/www.camping-eleovic.com\/de\/stellplatze-camping-atlantikkuste\/\">Stellplatz <\/a>erreichen Sie den <strong>Wasserpark des Campingplatzes<\/strong>. Das beheizte Hallenbad ist eine gute M\u00f6glichkeit, bei jedem Wetter die frische Luft zu genie\u00dfen. Dank des<strong> flexiblen Dachs<\/strong> k\u00f6nnen Sie den beheizten Pool zu jeder Jahreszeit und bei jedem Wetter genie\u00dfen und dabei den Blick auf die Natur genie\u00dfen.<\/p>\n\n\n\n<p class=\"has-text-align-center\">Das Spielbecken im Freien wird die Kinder mit einem Spielbereich im Wasser begeistern, w\u00e4hrend die Eltern sich auf den Liegest\u00fchlen sonnen k\u00f6nnen. Unser <strong>Campingplatz liegt im Departement Loire Atlantique am Meer<\/strong> und verf\u00fcgt \u00fcber einen <strong>Swimmingpool<\/strong>, der Gro\u00df <strong>und<\/strong> Klein begeistert.<\/p>\n\n\n\n<div class=\"is-content-justification-center is-layout-flex wp-container-15 wp-block-buttons\">\n<div class=\"wp-block-button btn_resa fc-style-2\"><a class=\"wp-block-button__link wp-element-button\"><span class=\"fc-icon\" style=\"width:30px; height:30px\"><svg xmlns=\"http:\/\/www.w3.org\/2000\/svg\" viewBox=\"0 0 512 512\"><!--! Font Awesome Pro 6.4.0 by @fontawesome - https:\/\/fontawesome.com License - https:\/\/fontawesome.com\/license (Commercial License) Copyright 2023 Fonticons, Inc. --><path d=\"M384 208A176 176 0 1 0 32 208a176 176 0 1 0 352 0zM343.3 366C307 397.2 259.7 416 208 416C93.1 416 0 322.9 0 208S93.1 0 208 0S416 93.1 416 208c0 51.7-18.8 99-50 135.3L507.3 484.7c6.2 6.2 6.2 16.4 0 22.6s-16.4 6.2-22.6 0L343.3 366z\"\/><\/svg><\/span>  Buchen<\/a><\/div>\n<\/div>\n<\/div>\n\n\n\n<div class=\"is-layout-flow wp-block-column\">\n<figure class=\"wp-block-image size-large fc-auto\"><img decoding=\"async\" width=\"1024\" height=\"474\" src=\"https:\/\/www.camping-eleovic.com\/wp-content\/uploads\/2023\/08\/20230721_092816-1-1024x474.jpg\" alt=\"\" class=\"wp-image-447\" srcset=\"https:\/\/www.camping-eleovic.com\/wp-content\/uploads\/2023\/08\/20230721_092816-1-1024x474.jpg 1024w, https:\/\/www.camping-eleovic.com\/wp-content\/uploads\/2023\/08\/20230721_092816-1-300x139.jpg 300w, https:\/\/www.camping-eleovic.com\/wp-content\/uploads\/2023\/08\/20230721_092816-1-768x355.jpg 768w, https:\/\/www.camping-eleovic.com\/wp-content\/uploads\/2023\/08\/20230721_092816-1-1536x710.jpg 1536w, https:\/\/www.camping-eleovic.com\/wp-content\/uploads\/2023\/08\/20230721_092816-1.jpg 1920w\" sizes=\"(max-width: 1024px) 100vw, 1024px\" title=\"\"><\/figure>\n<\/div>\n<\/div>\n","protected":false},"excerpt":{"rendered":"<p>Campingplatz mit Hallenbad an der franz\u00f6sischen Atlantikk\u00fcste In einer wundersch\u00f6nen nat\u00fcrlichen Umgebung und einer entspannten Atmosph\u00e4re bietet der Campingplatz Eleovic der an der Atlantikk\u00fcste in Frankreich in der N\u00e4he von Pornic liegt, einen Wasserbereich, der t\u00e4glich von 10 bis 19 Uhr ge\u00f6ffnet ist, mit : Nutzen Sie neben dem Pool auch unseren Zen-Bereich, der der [&hellip;]<\/p>\n","protected":false},"author":1,"featured_media":0,"parent":0,"menu_order":0,"comment_status":"closed","ping_status":"closed","template":"","meta":[],"acf":[],"_links":{"self":[{"href":"https:\/\/www.camping-eleovic.com\/de\/wp-json\/wp\/v2\/pages\/1120"}],"collection":[{"href":"https:\/\/www.camping-eleovic.com\/de\/wp-json\/wp\/v2\/pages"}],"about":[{"href":"https:\/\/www.camping-eleovic.com\/de\/wp-json\/wp\/v2\/types\/page"}],"author":[{"embeddable":true,"href":"https:\/\/www.camping-eleovic.com\/de\/wp-json\/wp\/v2\/users\/1"}],"replies":[{"embeddable":true,"href":"https:\/\/www.camping-eleovic.com\/de\/wp-json\/wp\/v2\/comments?post=1120"}],"version-history":[{"count":6,"href":"https:\/\/www.camping-eleovic.com\/de\/wp-json\/wp\/v2\/pages\/1120\/revisions"}],"predecessor-version":[{"id":2833,"href":"https:\/\/www.camping-eleovic.com\/de\/wp-json\/wp\/v2\/pages\/1120\/revisions\/2833"}],"wp:attachment":[{"href":"https:\/\/www.camping-eleovic.com\/de\/wp-json\/wp\/v2\/media?parent=1120"}],"curies":[{"name":"wp","href":"https:\/\/api.w.org\/{rel}","templated":true}]}}